{"id":63195,"date":"2022-07-27T13:04:25","date_gmt":"2022-07-27T11:04:25","guid":{"rendered":"https:\/\/www.dynseo.com\/studi-clinici\/"},"modified":"2026-02-18T17:24:59","modified_gmt":"2026-02-18T16:24:59","slug":"studi-clinici","status":"publish","type":"page","link":"https:\/\/www.dynseo.com\/it\/studi-clinici\/","title":{"rendered":"Studi clinici"},"content":{"rendered":"<p>[et_pb_section fb_built=&#8221;1&#8243; prev_background_color=&#8221;#ffffff&#8221; next_background_color=&#8221;#ffffff&#8221; _builder_version=&#8221;4.27.4&#8243; background_color=&#8221;#c8f1e9&#8243; background_image=&#8221;https:\/\/www.dynseo.com\/wp-content\/uploads\/2025\/04\/Etudes-cliniques.png&#8221; background_size=&#8221;custom&#8221; background_image_width=&#8221;48%&#8221; background_position=&#8221;bottom_right&#8221; background_horizontal_offset=&#8221;-1%&#8221; custom_padding=&#8221;0px||0px||false|false&#8221; top_divider_style=&#8221;none&#8221; bottom_divider_style=&#8221;curve&#8221; background_last_edited=&#8221;on|phone&#8221; use_background_color_gradient_tablet=&#8221;off&#8221; use_background_color_gradient_phone=&#8221;off&#8221; background_image_tablet=&#8221;https:\/\/www.dynseo.com\/wp-content\/uploads\/2022\/07\/coach-sofia-roberto-giochidimemoria-anziani-adulti-tablet-telefono-funzioncognitive-versionetelefono.png&#8221; background_image_phone=&#8221;https:\/\/www.dynseo.com\/wp-content\/uploads\/2022\/07\/roberto-sofia-giocchidimemoria-tablet-smartphones-alzheimers-anziani-dynseo-NEW.png&#8221; background_enable_image_tablet=&#8221;off&#8221; background_enable_image_phone=&#8221;off&#8221; background_size_tablet=&#8221;contain&#8221; background_size_phone=&#8221;contain&#8221; border_radii=&#8221;off|||80px|80px&#8221; locked=&#8221;off&#8221; global_colors_info=&#8221;{}&#8221;][et_pb_row _builder_version=&#8221;4.27.4&#8243; global_colors_info=&#8221;{}&#8221;][et_pb_column type=&#8221;4_4&#8243; _builder_version=&#8221;4.16&#8243; global_colors_info=&#8221;{}&#8221;][et_pb_text _builder_version=&#8221;4.27.4&#8243; text_font=&#8221;Poppins|500|||||||&#8221; text_text_color=&#8221;#000000&#8243; text_font_size=&#8221;37px&#8221; header_font=&#8221;Montserrat||||||||&#8221; header_text_align=&#8221;left&#8221; header_text_color=&#8221;#000000&#8243; header_font_size=&#8221;43px&#8221; header_line_height=&#8221;1.1em&#8221; header_2_font=&#8221;Poppins||||||||&#8221; header_2_font_size=&#8221;37px&#8221; header_3_font=&#8221;Poppins||||||||&#8221; text_orientation=&#8221;center&#8221; max_width_tablet=&#8221;98%&#8221; max_width_phone=&#8221;98%&#8221; max_width_last_edited=&#8221;on|desktop&#8221; module_alignment=&#8221;center&#8221; custom_margin=&#8221;|||3px|false|false&#8221; custom_padding=&#8221;106px|||20px|false|false&#8221; animation_style=&#8221;flip&#8221; header_font_size_tablet=&#8221;&#8221; header_font_size_phone=&#8221;25px&#8221; header_font_size_last_edited=&#8221;on|desktop&#8221; global_colors_info=&#8221;{}&#8221;]<\/p>\n<h2 style=\"text-align: left;\">STUDI <span style=\"color: #5e5edf;\"><strong>CLINICI<\/strong><\/span><\/h2>\n<p>[\/et_pb_text][\/et_pb_column][\/et_pb_row][et_pb_row use_custom_gutter=&#8221;on&#8221; gutter_width=&#8221;2&#8243; make_equal=&#8221;on&#8221; _builder_version=&#8221;4.27.4&#8243; width=&#8221;100%&#8221; width_tablet=&#8221;72%&#8221; width_phone=&#8221;90%&#8221; width_last_edited=&#8221;on|phone&#8221; max_width=&#8221;1465px&#8221; max_width_tablet=&#8221;90%&#8221; max_width_phone=&#8221;90%&#8221; max_width_last_edited=&#8221;off|desktop&#8221; module_alignment=&#8221;center&#8221; custom_margin=&#8221;||30px|140px|false|false&#8221; custom_padding=&#8221;36px||30px|40px|false|false&#8221; animation_style=&#8221;slide&#8221; global_colors_info=&#8221;{}&#8221;][et_pb_column type=&#8221;4_4&#8243; admin_label=&#8221;Column&#8221; _builder_version=&#8221;4.25.1&#8243; custom_padding=&#8221;|||0px|false|false&#8221; global_colors_info=&#8221;{}&#8221;][et_pb_blurb title=&#8221;Programmes \u00e9valu\u00e9s scientifiquement&#8221; image=&#8221;https:\/\/www.dynseo.com\/wp-content\/uploads\/2025\/02\/Design-sans-titre-2-1.png&#8221; alt=&#8221;Design sans titre (2)&#8221; icon_placement=&#8221;left&#8221; image_icon_width=&#8221;24px&#8221; content_max_width=&#8221;100%&#8221; image_icon_width_tablet=&#8221;24px&#8221; image_icon_width_phone=&#8221;18px&#8221; image_icon_width_last_edited=&#8221;on|phone&#8221; admin_label=&#8221;Blurb&#8221; _builder_version=&#8221;4.27.4&#8243; header_font=&#8221;Montserrat|600|||||||&#8221; header_text_color=&#8221;#000000&#8243; header_font_size=&#8221;18px&#8221; header_line_height=&#8221;1.4em&#8221; body_font=&#8221;Montserrat||||||||&#8221; body_font_size=&#8221;15px&#8221; width=&#8221;41%&#8221; custom_margin=&#8221;||||false|false&#8221; custom_margin_tablet=&#8221;0px||8px||false|false&#8221; custom_margin_phone=&#8221;-22px||||false|false&#8221; custom_margin_last_edited=&#8221;on|tablet&#8221; custom_padding=&#8221;5px||8px||false|false&#8221; animation=&#8221;off&#8221; header_font_size_tablet=&#8221;18px&#8221; header_font_size_phone=&#8221;18px&#8221; header_font_size_last_edited=&#8221;on|desktop&#8221; image_max_width=&#8221;24px&#8221; global_colors_info=&#8221;{}&#8221;]<\/p>\n<p class=\"p1\">Studi condotti in ambito clinico e universitario<\/p>\n<p>[\/et_pb_blurb][et_pb_blurb title=&#8221;Programmes adapt\u00e9s&#8221; image=&#8221;https:\/\/www.dynseo.com\/wp-content\/uploads\/2025\/02\/Design-sans-titre-2-1.png&#8221; alt=&#8221;Design sans titre (2)&#8221; icon_placement=&#8221;left&#8221; image_icon_width=&#8221;24px&#8221; content_max_width=&#8221;100%&#8221; image_icon_width_tablet=&#8221;24px&#8221; image_icon_width_phone=&#8221;18px&#8221; image_icon_width_last_edited=&#8221;on|phone&#8221; _builder_version=&#8221;4.27.4&#8243; header_font=&#8221;Montserrat|600|||||||&#8221; header_text_color=&#8221;#000000&#8243; header_font_size=&#8221;18px&#8221; header_line_height=&#8221;1.4em&#8221; body_font=&#8221;Montserrat||||||||&#8221; body_font_size=&#8221;15px&#8221; width=&#8221;100%&#8221; custom_margin=&#8221;||||false|false&#8221; custom_margin_tablet=&#8221;0px||8px||false|false&#8221; custom_margin_phone=&#8221;-22px||||false|false&#8221; custom_margin_last_edited=&#8221;on|tablet&#8221; custom_padding=&#8221;5px||8px||false|false&#8221; animation=&#8221;off&#8221; header_font_size_tablet=&#8221;18px&#8221; header_font_size_phone=&#8221;18px&#8221; header_font_size_last_edited=&#8221;on|desktop&#8221; image_max_width=&#8221;24px&#8221; global_colors_info=&#8221;{}&#8221;]<\/p>\n<p>Autismo, ADHD, DSA, Alzheimer, Parkinson, Post-ICTUS, Post-Cancro, &#8230;<\/p>\n<p>[\/et_pb_blurb][et_pb_blurb title=&#8221;R\u00e9sultats mesur\u00e9s et publi\u00e9s&#8221; image=&#8221;https:\/\/www.dynseo.com\/wp-content\/uploads\/2025\/02\/Design-sans-titre-2-1.png&#8221; alt=&#8221;Design sans titre (2)&#8221; icon_placement=&#8221;left&#8221; image_icon_width=&#8221;24px&#8221; content_max_width=&#8221;100%&#8221; image_icon_width_tablet=&#8221;24px&#8221; image_icon_width_phone=&#8221;18px&#8221; image_icon_width_last_edited=&#8221;on|phone&#8221; _builder_version=&#8221;4.27.4&#8243; header_font=&#8221;Montserrat|600|||||||&#8221; header_text_color=&#8221;#000000&#8243; header_font_size=&#8221;18px&#8221; header_line_height=&#8221;1.4em&#8221; body_font=&#8221;Montserrat||||||||&#8221; body_font_size=&#8221;15px&#8221; width=&#8221;57%&#8221; custom_margin=&#8221;||||false|false&#8221; custom_margin_tablet=&#8221;0px||8px||false|false&#8221; custom_margin_phone=&#8221;-22px||||false|false&#8221; custom_margin_last_edited=&#8221;on|tablet&#8221; custom_padding=&#8221;5px||8px||false|false&#8221; animation=&#8221;off&#8221; header_font_size_tablet=&#8221;18px&#8221; header_font_size_phone=&#8221;18px&#8221; header_font_size_last_edited=&#8221;on|desktop&#8221; image_max_width=&#8221;24px&#8221; global_colors_info=&#8221;{}&#8221;]<\/p>\n<p class=\"p1\">Numerose pubblicazioni in neuroscienze e scienze cognitive<\/p>\n<p>[\/et_pb_blurb][\/et_pb_column][\/et_pb_row][et_pb_row _builder_version=&#8221;4.27.4&#8243; _module_preset=&#8221;default&#8221; module_alignment_tablet=&#8221;center&#8221; module_alignment_phone=&#8221;center&#8221; module_alignment_last_edited=&#8221;on|tablet&#8221; global_colors_info=&#8221;{}&#8221;][et_pb_column type=&#8221;4_4&#8243; admin_label=&#8221;Column&#8221; _builder_version=&#8221;4.16&#8243; _module_preset=&#8221;default&#8221; global_colors_info=&#8221;{}&#8221;][et_pb_button button_url=&#8221;https:\/\/www.dynseo.com\/contact\/&#8221; button_text=&#8221;NOUS CONTACTER&#8221; button_alignment=&#8221;left&#8221; button_alignment_tablet=&#8221;left&#8221; button_alignment_phone=&#8221;center&#8221; button_alignment_last_edited=&#8221;on|phone&#8221; disabled_on=&#8221;off|off|off&#8221; _builder_version=&#8221;4.27.4&#8243; _module_preset=&#8221;41a01f35-d386-4c5c-b961-d3a8a3fcff48&#8243; custom_button=&#8221;on&#8221; button_text_size=&#8221;15px&#8221; button_text_color=&#8221;#FFFFFF&#8221; button_bg_color=&#8221;#5e5ed7&#8243; button_bg_color_gradient_direction=&#8221;90deg&#8221; button_bg_color_gradient_stops=&#8221;#f7828e 0%|#fcb6ab 100%&#8221; button_bg_color_gradient_start=&#8221;#f7828e&#8221; button_bg_color_gradient_end=&#8221;#fcb6ab&#8221; button_border_width=&#8221;0px&#8221; button_border_color=&#8221;rgba(0,0,0,0)&#8221; button_border_radius=&#8221;18px&#8221; button_letter_spacing=&#8221;1px&#8221; button_font=&#8221;Montserrat|700||on|||||&#8221; button_use_icon=&#8221;off&#8221; background_layout=&#8221;dark&#8221; custom_margin=&#8221;3px||||false|false&#8221; custom_margin_tablet=&#8221;-10px|||&#8221; custom_margin_phone=&#8221;-20px||||false|false&#8221; custom_margin_last_edited=&#8221;on|phone&#8221; custom_padding=&#8221;10px|20px|10px|20px|true|true&#8221; custom_padding_tablet=&#8221;10px|20px|10px|20px|true|true&#8221; custom_padding_phone=&#8221;10px|20px|10px|20px|true|true&#8221; custom_padding_last_edited=&#8221;on|phone&#8221; animation_style=&#8221;zoom&#8221; animation_intensity_zoom=&#8221;8%&#8221; button_text_size_tablet=&#8221;12px&#8221; button_text_size_phone=&#8221;10px&#8221; button_text_size_last_edited=&#8221;on|tablet&#8221; button_border_radius_tablet=&#8221;12px&#8221; button_border_radius_phone=&#8221;10px&#8221; button_border_radius_last_edited=&#8221;on|tablet&#8221; custom_css_free_form=&#8221;<\/p>\n<p class=%22texte-couleur%22>Ce texte sera affich\u00e9 en #5e5ed7.<\/p>\n<p>||&#8221; box_shadow_style=&#8221;preset6&#8243; box_shadow_blur=&#8221;14px&#8221; box_shadow_color=&#8221;#5e5ed7&#8243; button_text_color_hover=&#8221;#7a69e6&#8243; button_letter_spacing_hover=&#8221;8px&#8221; locked=&#8221;off&#8221; global_colors_info=&#8221;{}&#8221; button_text_size__hover_enabled=&#8221;off&#8221; button_one_text_size__hover_enabled=&#8221;off&#8221; button_two_text_size__hover_enabled=&#8221;off&#8221; button_text_color__hover_enabled=&#8221;on&#8221; button_text_color__hover=&#8221;#7a69e6&#8243; button_one_text_color__hover_enabled=&#8221;off&#8221; button_two_text_color__hover_enabled=&#8221;off&#8221; button_border_width__hover_enabled=&#8221;off&#8221; button_one_border_width__hover_enabled=&#8221;off&#8221; button_two_border_width__hover_enabled=&#8221;off&#8221; button_border_color__hover_enabled=&#8221;off&#8221; button_one_border_color__hover_enabled=&#8221;off&#8221; button_two_border_color__hover_enabled=&#8221;off&#8221; button_border_radius__hover_enabled=&#8221;off&#8221; button_one_border_radius__hover_enabled=&#8221;off&#8221; button_two_border_radius__hover_enabled=&#8221;off&#8221; button_letter_spacing__hover_enabled=&#8221;on&#8221; button_letter_spacing__hover=&#8221;8px&#8221; button_one_letter_spacing__hover_enabled=&#8221;off&#8221; button_two_letter_spacing__hover_enabled=&#8221;off&#8221; button_bg_color__hover_enabled=&#8221;off&#8221; button_one_bg_color__hover_enabled=&#8221;off&#8221; button_two_bg_color__hover_enabled=&#8221;off&#8221;][\/et_pb_button][\/et_pb_column][\/et_pb_row][et_pb_row column_structure=&#8221;1_2,1_2&#8243; make_equal=&#8221;on&#8221; _builder_version=&#8221;4.27.4&#8243; _module_preset=&#8221;default&#8221; width=&#8221;41%&#8221; width_tablet=&#8221;100%&#8221; width_phone=&#8221;100%&#8221; width_last_edited=&#8221;on|phone&#8221; max_width_tablet=&#8221;&#8221; max_width_phone=&#8221;&#8221; max_width_last_edited=&#8221;on|tablet&#8221; module_alignment=&#8221;center&#8221; custom_padding=&#8221;1px|||||&#8221; module_alignment_tablet=&#8221;center&#8221; module_alignment_phone=&#8221;center&#8221; module_alignment_last_edited=&#8221;on|tablet&#8221; global_colors_info=&#8221;{}&#8221;][et_pb_column type=&#8221;1_2&#8243; _builder_version=&#8221;4.27.4&#8243; _module_preset=&#8221;default&#8221; global_colors_info=&#8221;{}&#8221;][et_pb_image src=&#8221;https:\/\/www.dynseo.com\/wp-content\/uploads\/2024\/05\/playstore-fr-new.png&#8221; alt=&#8221;playstore-fr-new&#8221; title_text=&#8221;playstore-fr-new&#8221; url=&#8221;https:\/\/play.google.com\/store\/apps\/developer?id=DYNSEO+APPS&#038;hl=fr&#8221; align=&#8221;center&#8221; align_tablet=&#8221;center&#8221; align_phone=&#8221;center&#8221; align_last_edited=&#8221;on|phone&#8221; _builder_version=&#8221;4.27.4&#8243; _module_preset=&#8221;default&#8221; global_colors_info=&#8221;{}&#8221;][\/et_pb_image][\/et_pb_column][et_pb_column type=&#8221;1_2&#8243; _builder_version=&#8221;4.27.4&#8243; _module_preset=&#8221;default&#8221; global_colors_info=&#8221;{}&#8221;][et_pb_image src=&#8221;https:\/\/www.dynseo.com\/wp-content\/uploads\/2024\/05\/telecharger_appstore.png&#8221; alt=&#8221;telecharger_appstore&#8221; title_text=&#8221;telecharger_appstore&#8221; url=&#8221;https:\/\/apps.apple.com\/fr\/developer\/dynseo\/id1000639418&#8243; align=&#8221;center&#8221; align_tablet=&#8221;center&#8221; align_phone=&#8221;center&#8221; align_last_edited=&#8221;on|tablet&#8221; _builder_version=&#8221;4.27.4&#8243; _module_preset=&#8221;default&#8221; global_colors_info=&#8221;{}&#8221;][\/et_pb_image][\/et_pb_column][\/et_pb_row][\/et_pb_section][et_pb_section fb_built=&#8221;1&#8243; _builder_version=&#8221;4.18.0&#8243; background_enable_color=&#8221;off&#8221; custom_padding=&#8221;||0px|||&#8221; global_colors_info=&#8221;{}&#8221;][et_pb_row use_custom_gutter=&#8221;on&#8221; gutter_width=&#8221;2&#8243; make_equal=&#8221;on&#8221; _builder_version=&#8221;4.17.4&#8243; width=&#8221;75%&#8221; max_width=&#8221;1190px&#8221; module_alignment=&#8221;center&#8221; custom_margin=&#8221;|4px|20px|auto|false|false&#8221; custom_padding=&#8221;3px|0px||||&#8221; locked=&#8221;off&#8221; global_colors_info=&#8221;{}&#8221;][et_pb_column type=&#8221;4_4&#8243; _builder_version=&#8221;4.16&#8243; global_colors_info=&#8221;{}&#8221;][et_pb_text _builder_version=&#8221;4.17.4&#8243; _module_preset=&#8221;default&#8221; global_colors_info=&#8221;{}&#8221;]<\/p>\n<h2 style=\"text-align: center; color: #526fa1; font-weight: bold;\"><strong><span style=\"color: #000000; font-family: Montserrat;\">I NOSTRI STUDI SCIENTIFICI<\/span><\/strong><\/h2>\n<p>[\/et_pb_text][\/et_pb_column][\/et_pb_row][et_pb_row column_structure=&#8221;1_2,1_2&#8243; use_custom_gutter=&#8221;on&#8221; gutter_width=&#8221;2&#8243; make_equal=&#8221;on&#8221; _builder_version=&#8221;4.17.1&#8243; width=&#8221;100%&#8221; max_width=&#8221;1190px&#8221; module_alignment=&#8221;center&#8221; custom_margin=&#8221;16px|4px|20px|auto|false|false&#8221; custom_padding=&#8221;|0px||||&#8221; locked=&#8221;off&#8221; global_colors_info=&#8221;{}&#8221;][et_pb_column type=&#8221;1_2&#8243; _builder_version=&#8221;4.16&#8243; global_colors_info=&#8221;{}&#8221;][et_pb_text _builder_version=&#8221;4.17.1&#8243; text_font=&#8221;Montserrat||||&#8221; text_text_color=&#8221;#747d88&#8243; text_font_size=&#8221;16px&#8221; header_2_font=&#8221;Montserrat|700|||||||&#8221; header_2_text_color=&#8221;#000000&#8243; header_2_font_size=&#8221;25px&#8221; text_orientation=&#8221;justified&#8221; custom_margin=&#8221;|||&#8221; custom_padding=&#8221;|||20px|false|false&#8221; animation_style=&#8221;flip&#8221; animation_intensity_flip=&#8221;20%&#8221; global_colors_info=&#8221;{}&#8221;]<\/p>\n<h2 style=\"text-align: center;\">UNO STUDIO SCIENTIFICO<\/h2>\n<p>&nbsp;<\/p>\n<p>Uno studio scientifico &#8220;Adoption and Use of a Mobile Health Application in Older Adults for Cognitive Stimulation&#8221; &#8211; Studio realizzato da Mobin YASINI e Guillaume MARCHAND &#8211; sull&#8217;adozione e l&#8217;utilizzo dei programmi di <a href=\"https:\/\/www.dynseo.com\/it\/servizi-di-residenza-per-stimolazione-cognitiva\/\" title=\"Stimulation Cognitive r\u00e9sidence Services\">stimolazione cognitiva<\/a> di DYNSEO tra gli anziani realizzato su una durata di 6 mesi accanto a 15 anziani dai 79 agli 88 anni ha dimostrato i seguenti elementi:<\/p>\n<ul>\n<li>Un\u2019<strong>adozione completa degli anziani<\/strong> ai programmi di DYNSEO con pi\u00f9 di 78.000 minuti di giochi nel periodo.<\/li>\n<li>Un <strong>tempo d\u2019utilizzo in aumento<\/strong> con 38 minuti al giorno per anziano alla fine dello studio<\/li>\n<li>Un <strong>livello di difficolt\u00e0 in progressione<\/strong><\/li>\n<li>Un <strong>tasso di successo globale in progresso<\/strong> che raggiunge il 70,84% dopo 6 mesi<\/li>\n<li>Un\u2019<strong>evoluzione del benessere<\/strong><\/li>\n<\/ul>\n<p>[\/et_pb_text][et_pb_button button_url=&#8221;https:\/\/www.dynseo.com\/wp-content\/uploads\/2018\/10\/Etudes-DMD-StimArt.pdf&#8221; button_text=&#8221;EN SAVOIR PLUS&#8221; button_alignment=&#8221;center&#8221; _builder_version=&#8221;4.18.0&#8243; custom_button=&#8221;on&#8221; button_text_color=&#8221;#526FA1&#8243; button_bg_color=&#8221;#ffffff&#8221; button_border_width=&#8221;4px&#8221; button_border_color=&#8221;#526FA1&#8243; button_border_radius=&#8221;100px&#8221; button_font=&#8221;Montserrat|on||on|&#8221; button_icon=&#8221;&#x45;||divi||400&#8243; animation_style=&#8221;fade&#8221; button_letter_spacing_hover=&#8221;5.5px&#8221; global_colors_info=&#8221;{}&#8221; button_text_size__hover_enabled=&#8221;off&#8221; button_one_text_size__hover_enabled=&#8221;off&#8221; button_two_text_size__hover_enabled=&#8221;off&#8221; button_text_color__hover_enabled=&#8221;off&#8221; button_one_text_color__hover_enabled=&#8221;off&#8221; button_two_text_color__hover_enabled=&#8221;off&#8221; button_border_width__hover_enabled=&#8221;off&#8221; button_one_border_width__hover_enabled=&#8221;off&#8221; button_two_border_width__hover_enabled=&#8221;off&#8221; button_border_color__hover_enabled=&#8221;off&#8221; button_one_border_color__hover_enabled=&#8221;off&#8221; button_two_border_color__hover_enabled=&#8221;off&#8221; button_border_radius__hover_enabled=&#8221;off&#8221; button_one_border_radius__hover_enabled=&#8221;off&#8221; button_two_border_radius__hover_enabled=&#8221;off&#8221; button_letter_spacing__hover_enabled=&#8221;on&#8221; button_letter_spacing__hover=&#8221;5.5px&#8221; button_one_letter_spacing__hover_enabled=&#8221;off&#8221; button_two_letter_spacing__hover_enabled=&#8221;off&#8221; button_bg_color__hover_enabled=&#8221;off&#8221; button_one_bg_color__hover_enabled=&#8221;off&#8221; button_two_bg_color__hover_enabled=&#8221;off&#8221;][\/et_pb_button][\/et_pb_column][et_pb_column type=&#8221;1_2&#8243; _builder_version=&#8221;4.16&#8243; global_colors_info=&#8221;{}&#8221;][et_pb_image src=&#8221;https:\/\/www.dynseo.com\/wp-content\/uploads\/2018\/10\/12345.png&#8221; title_text=&#8221;\u00e9tude clinique Stim&#8217;Art&#8221; _builder_version=&#8221;4.16&#8243; global_colors_info=&#8221;{}&#8221;][\/et_pb_image][\/et_pb_column][\/et_pb_row][et_pb_row column_structure=&#8221;1_2,1_2&#8243; disabled_on=&#8221;on|on|on&#8221; _builder_version=&#8221;4.18.0&#8243; _module_preset=&#8221;default&#8221; disabled=&#8221;on&#8221; global_colors_info=&#8221;{}&#8221;][et_pb_column type=&#8221;1_2&#8243; _builder_version=&#8221;4.18.0&#8243; _module_preset=&#8221;default&#8221; global_colors_info=&#8221;{}&#8221;][\/et_pb_column][et_pb_column type=&#8221;1_2&#8243; _builder_version=&#8221;4.18.0&#8243; _module_preset=&#8221;default&#8221; global_colors_info=&#8221;{}&#8221;][et_pb_text _builder_version=&#8221;4.18.0&#8243; _module_preset=&#8221;default&#8221; text_font=&#8221;Montserrat||||||||&#8221; global_colors_info=&#8221;{}&#8221;]<\/p>\n<p><strong><span class=\"JsGRdQ\">STUDIO SULL&#8217;EFFETTO DI UNA PAUSA SPORTIVA IMPOSTA DURANTE L&#8217;USO DI SUPPORTI DIGITALI<\/span><\/strong><\/p>\n<p><span style=\"font-weight: 400;\">Lo &#8220;Studio sull&#8217;effetto di una pausa sportiva imposta durante l&#8217;uso di supporti digitali sul comportamento dei bambini&#8221;, realizzato in collaborazione con l&#8217;IME PEP 18 su una durata di 3 mesi con 2 bambini di 6 e 11 anni affetti rispettivamente da una disabilit\u00e0 intellettuale e da un ritardo intellettivo con ipotonia generalizzata ha dimostrato i seguenti elementi:<\/span><\/p>\n<ul>\n<li style=\"font-weight: 400;\" aria-level=\"1\"><span style=\"font-weight: 400;\">i bambini richiedono meno l&#8217;intervento del professionista dopo una pausa sportiva<\/span><\/li>\n<li style=\"font-weight: 400;\" aria-level=\"1\"><span style=\"font-weight: 400;\">i bambini hanno un tono muscolare meno equilibrato dopo un&#8217;attivit\u00e0 senza pausa sportiva, mentre questo rimane pi\u00f9 stabile dopo un&#8217;attivit\u00e0 con pausa<\/span><\/li>\n<li style=\"font-weight: 400;\" aria-level=\"1\"><span style=\"font-weight: 400;\">i bambini, nel contesto con una pausa sportiva, mostrano una migliore reazione alla frustrazione dopo la pausa stessa<\/span><\/li>\n<\/ul>\n<p><span style=\"font-weight: 400;\">Visti i risultati incoraggianti, DYNSEO sta organizzando una seconda fase di studio integrando altri IME, SESSAD, scuole&#8230; Vuoi unirti allo studio?<\/span><\/p>\n<p>[\/et_pb_text][\/et_pb_column][\/et_pb_row][et_pb_row column_structure=&#8221;1_2,1_2&#8243; disabled_on=&#8221;on|on|on&#8221; _builder_version=&#8221;4.18.0&#8243; _module_preset=&#8221;default&#8221; disabled=&#8221;on&#8221; global_colors_info=&#8221;{}&#8221;][et_pb_column type=&#8221;1_2&#8243; _builder_version=&#8221;4.18.0&#8243; _module_preset=&#8221;default&#8221; global_colors_info=&#8221;{}&#8221;][et_pb_button button_text=&#8221;EN SAVOIR PLUS&#8221; button_alignment=&#8221;right&#8221; _builder_version=&#8221;4.18.0&#8243; _module_preset=&#8221;default&#8221; custom_button=&#8221;on&#8221; button_text_color=&#8221;#526fa1&#8243; button_border_width=&#8221;4px&#8221; button_border_color=&#8221;#526fa1&#8243; button_border_radius=&#8221;100px&#8221; button_font=&#8221;Montserrat|700|||||||&#8221; custom_margin=&#8221;|-220px|||false|false&#8221; global_colors_info=&#8221;{}&#8221;][\/et_pb_button][\/et_pb_column][et_pb_column type=&#8221;1_2&#8243; _builder_version=&#8221;4.18.0&#8243; _module_preset=&#8221;default&#8221; global_colors_info=&#8221;{}&#8221;][et_pb_button button_text=&#8221;REJOIGNEZ-NOUS&#8221; button_alignment=&#8221;right&#8221; _builder_version=&#8221;4.18.0&#8243; _module_preset=&#8221;default&#8221; custom_button=&#8221;on&#8221; button_text_color=&#8221;#526fa1&#8243; button_border_width=&#8221;4px&#8221; button_border_color=&#8221;#526fa1&#8243; button_border_radius=&#8221;100px&#8221; button_font=&#8221;Montserrat|700|||||||&#8221; global_colors_info=&#8221;{}&#8221;][\/et_pb_button][\/et_pb_column][\/et_pb_row][et_pb_row use_custom_gutter=&#8221;on&#8221; gutter_width=&#8221;2&#8243; make_equal=&#8221;on&#8221; disabled_on=&#8221;on|on|on&#8221; _builder_version=&#8221;4.18.0&#8243; width=&#8221;75%&#8221; max_width=&#8221;1190px&#8221; module_alignment=&#8221;center&#8221; custom_margin=&#8221;|4px|20px|auto|false|false&#8221; custom_padding=&#8221;3px|0px||||&#8221; disabled=&#8221;on&#8221; locked=&#8221;off&#8221; global_colors_info=&#8221;{}&#8221;][et_pb_column type=&#8221;4_4&#8243; _builder_version=&#8221;4.16&#8243; global_colors_info=&#8221;{}&#8221;][et_pb_text _builder_version=&#8221;4.17.4&#8243; _module_preset=&#8221;default&#8221; global_colors_info=&#8221;{}&#8221;]<\/p>\n<h2 style=\"text-align: center; color: #526fa1; font-weight: bold;\"><strong><span style=\"color: #000000; font-family: Montserrat;\">ALCUNI ESEMPI DI STUDI<\/span><\/strong><\/h2>\n<p>[\/et_pb_text][\/et_pb_column][\/et_pb_row][et_pb_row disabled_on=&#8221;on|on|on&#8221; _builder_version=&#8221;4.18.0&#8243; background_size=&#8221;initial&#8221; background_position=&#8221;top_left&#8221; background_repeat=&#8221;repeat&#8221; disabled=&#8221;on&#8221; global_colors_info=&#8221;{}&#8221;][et_pb_column type=&#8221;4_4&#8243; _builder_version=&#8221;4.16&#8243; custom_padding=&#8221;|||&#8221; global_colors_info=&#8221;{}&#8221; custom_padding__hover=&#8221;|||&#8221;][et_pb_text _builder_version=&#8221;4.18.0&#8243; _module_preset=&#8221;default&#8221; global_colors_info=&#8221;{}&#8221;]<\/p>\n<h2 style=\"text-align: left;\"><span style=\"color: #000000; font-family: Montserrat; font-weight: normal;\"><strong>Studio sull\u2019impatto dei tablet touchscreen sulle <a href=\"https:\/\/www.dynseo.com\/it\/impatto-del-cancro-ai-polmoni-sulle-funzioni-cognitive-e-strategie-di-riabilitazione-3\/\" title=\"Impact du cancer du poumon sur les fonctions cognitives et strat\u00e9gies de r\u00e9adaptation\">funzioni cognitive<\/a> degli anziani (Chan MY, et al.)<\/strong><\/span><\/h2>\n<p><span style=\"color: #000000; font-family: Montserrat; font-weight: normal;\"> <\/span><\/p>\n<p style=\"text-align: justify;\"><span style=\"font-family: Montserrat; font-weight: normal;\">Questo studio \u00e8 stato condotto su 54 persone di et\u00e0 compresa tra 60 e 90 anni.<\/span><\/p>\n<p style=\"text-align: justify;\"><span style=\"font-family: Montserrat; font-weight: normal;\">I laboratori erano di 15 ore alla settimana per 3 mesi. Diciotto partecipanti hanno ricevuto una formazione approfondita su iPad, cos\u00ec come sulle sue applicazioni software. Questo gruppo iPad \u00e8 stato confrontato con altri due gruppi: un gruppo placebo che si dedicava a compiti passivi che richiedevano poche nuove conoscenze, e un gruppo definito sociale, che aveva interazioni sociali regolari, ma non acquisizione di competenze attive. Tutti i partecipanti hanno realizzato all&#8217;inizio e alla fine dello studio la stessa batteria di <a href=\"https:\/\/www.dynseo.com\/tous-les-produits-pro\/tests-cognitifs\/\" title=\"E-tests\">test cognitivi<\/a>.<\/span><\/p>\n<p style=\"text-align: justify;\"><span style=\"font-family: Montserrat; font-weight: normal;\">I risultati hanno mostrato, sul gruppo iPad, grazie a un allenamento intensivo, benefici sulla memoria episodica.<\/span><\/p>\n<p>[\/et_pb_text][\/et_pb_column][\/et_pb_row][et_pb_row disabled_on=&#8221;on|on|on&#8221; _builder_version=&#8221;4.18.0&#8243; _module_preset=&#8221;default&#8221; disabled=&#8221;on&#8221; global_colors_info=&#8221;{}&#8221;][et_pb_column type=&#8221;4_4&#8243; _builder_version=&#8221;4.18.0&#8243; _module_preset=&#8221;default&#8221; global_colors_info=&#8221;{}&#8221;][et_pb_text _builder_version=&#8221;4.18.0&#8243; _module_preset=&#8221;default&#8221; global_colors_info=&#8221;{}&#8221;]<\/p>\n<h2 style=\"text-align: left;\"><span style=\"color: #000000; font-family: Montserrat; font-weight: normal;\"><strong>Utilizzo di un programma di allenamento cognitivo a scopo preventivo (G\u00fcnter et al., 2003)<\/strong><\/span><\/h2>\n<p style=\"text-align: justify;\"><span style=\"font-family: Montserrat; font-weight: normal;\">L&#8217;oggetto di questo studio riguardava un allenamento informatizzato su 19 persone rispondenti ai criteri di MCI (Mild Cognitive Impairment o Deficit Cognitivo Lieve). Il programma di allenamento durava 14 settimane e i suoi effetti erano misurati immediatamente al termine dell&#8217;ultima sessione e 5 mesi dopo. I risultati dello studio mostrano un effetto positivo dell&#8217;allenamento su misure di memoria episodica e su misure di memoria di lavoro. Inoltre, l&#8217;effetto positivo \u00e8 mantenuto durante il follow-up 5 mesi dopo. G\u00fcnter et al. (2003) suggeriscono che un programma di allenamento cognitivo informatizzato potrebbe essere utilizzato da una popolazione anziana a scopo preventivo.<\/span><\/p>\n<p>[\/et_pb_text][\/et_pb_column][\/et_pb_row][et_pb_row disabled_on=&#8221;on|on|on&#8221; _builder_version=&#8221;4.18.0&#8243; _module_preset=&#8221;default&#8221; disabled=&#8221;on&#8221; global_colors_info=&#8221;{}&#8221;][et_pb_column type=&#8221;4_4&#8243; _builder_version=&#8221;4.18.0&#8243; _module_preset=&#8221;default&#8221; global_colors_info=&#8221;{}&#8221;][et_pb_text _builder_version=&#8221;4.18.0&#8243; _module_preset=&#8221;default&#8221; global_colors_info=&#8221;{}&#8221;]<\/p>\n<h2><span style=\"color: #000000; font-family: Montserrat; font-weight: normal;\"><strong>Riduzione da 7 a 14 anni sugli effetti dell&#8217;invecchiamento cognitivo, Studio Active (Advanced Cognitive Training for Independent and Vital Elderly, Indiana University, 2006)<\/strong><\/span><\/h2>\n<p style=\"text-align: justify;\"><span style=\"font-family: Montserrat; font-weight: normal;\">Lo studio ha reclutato 2832 persone anziane dai 65 ai 94 anni senza <a href=\"https:\/\/www.dynseo.com\/avancees-dans-le-traitement-des-troubles-cognitifs-post-cancer\/\" title=\"Avanc\u00e9es dans le traitement des troubles cognitifs post-cancer\">disturbi cognitivi<\/a>. I partecipanti beneficiavano per 5 o 6 settimane di un allenamento cognitivo sulla memoria episodica, il ragionamento induttivo o l&#8217;attenzione visiva. Il tipo di allenamento ricevuto era determinato casualmente. I risultati dello studio indicano che ciascuno dei tre tipi di allenamento \u00e8 associato a un miglioramento delle prestazioni nei test che misurano la funzione allenata, ma non sui test che misurano le funzioni non allenate (Ball et al, 2002). Gli autori riportano che il miglioramento delle prestazioni corrisponde a una riduzione da 7 a 14 anni degli effetti dell&#8217;invecchiamento e una molto migliore autonomia nei compiti della vita quotidiana. Il follow-up a lungo termine indica quindi che questo tipo di intervento cognitivo pu\u00f2 ridurre il declino cognitivo associato all&#8217;invecchiamento e ritardare il declino funzionale.<\/span><\/p>\n<p>[\/et_pb_text][\/et_pb_column][\/et_pb_row][et_pb_row disabled_on=&#8221;on|on|on&#8221; _builder_version=&#8221;4.18.0&#8243; _module_preset=&#8221;default&#8221; disabled=&#8221;on&#8221; global_colors_info=&#8221;{}&#8221;][et_pb_column type=&#8221;4_4&#8243; _builder_version=&#8221;4.17.4&#8243; _module_preset=&#8221;default&#8221; global_colors_info=&#8221;{}&#8221;][et_pb_text _builder_version=&#8221;4.17.4&#8243; _module_preset=&#8221;default&#8221; global_colors_info=&#8221;{}&#8221;]<\/p>\n<h2 style=\"text-align: left;\"><span style=\"color: #000000; font-family: Montserrat; font-weight: normal;\"><strong>Uno studio israelo-americano sull&#8217;allenamento cognitivo e i disturbi del sonno <\/strong><\/span><\/h2>\n<p style=\"text-align: justify;\"><span style=\"font-family: Montserrat; font-weight: normal;\">Questo studio condotto su 51 soggetti anziani affetti da insonnia cronica ha mostrato che un allenamento cerebrale regolare di due mesi potrebbe migliorare sensibilmente la qualit\u00e0 del sonno di queste persone.<\/span><\/p>\n<p style=\"text-align: justify;\"><span style=\"font-family: Montserrat; font-weight: normal;\">Infatti, questi lavori hanno mostrato, nel gruppo che ha seguito il programma di allenamento cerebrale, un miglioramento sensibile delle <a href=\"https:\/\/www.dynseo.com\/it\/limpatto-delle-attivita-creative-sullo-sviluppo-delle-funzioni-cognitive-delle-persone-trisomiche\/\" title=\"L\u2019impact des activit\u00e9s cr\u00e9atives sur le d\u00e9veloppement des fonctions cognitives des personnes trisomiques\">funzioni cognitive<\/a>, rispetto al gruppo di controllo, in particolare a livello di concentrazione e memoria.<\/span><\/p>\n<p style=\"text-align: justify;\"><span style=\"font-family: Montserrat; font-weight: normal;\">Il confronto di tutti i parametri del sonno e delle <a href=\"https:\/\/www.dynseo.com\/it\/migliora-le-tue-funzioni-cognitive-con-lallenamento-cerebrale\/\" title=\"Am\u00e9liorer vos fonctions cognitives avec l\u2019entra\u00eenement c\u00e9r\u00e9bral\">funzioni cognitive<\/a> tra il gruppo di controllo e il gruppo di partecipanti ha inoltre confermato che l&#8217;allenamento cerebrale regolare era effettivamente all&#8217;origine di un miglioramento della qualit\u00e0 del sonno che si \u00e8 tradotto sia in un aumento della durata totale del sonno che in una riduzione dei risvegli notturni.<\/span><\/p>\n<p style=\"text-align: justify;\"><span style=\"font-family: Montserrat; font-weight: normal;\">Secondo questo studio, l&#8217;allenamento cerebrale potrebbe migliorare il sonno riducendo gli effetti neurobiologici dell&#8217;invecchiamento, migliorando la plasticit\u00e0 cerebrale.<\/span><\/p>\n<p>[\/et_pb_text][\/et_pb_column][\/et_pb_row][\/et_pb_section][et_pb_section fb_built=&#8221;1&#8243; disabled_on=&#8221;off|off|off&#8221; _builder_version=&#8221;4.18.0&#8243; _module_preset=&#8221;default&#8221; background_enable_color=&#8221;off&#8221; hover_enabled=&#8221;0&#8243; global_colors_info=&#8221;{}&#8221; sticky_enabled=&#8221;0&#8243;][et_pb_row use_custom_gutter=&#8221;on&#8221; _builder_version=&#8221;4.17.6&#8243; _module_preset=&#8221;default&#8221; width=&#8221;84%&#8221; min_height=&#8221;87.2px&#8221; custom_padding=&#8221;||63px|||&#8221; border_color_all=&#8221;RGBA(255,255,255,0)&#8221; border_style_all=&#8221;none&#8221; global_colors_info=&#8221;{}&#8221;][et_pb_column type=&#8221;4_4&#8243; _builder_version=&#8221;4.17.6&#8243; _module_preset=&#8221;default&#8221; global_colors_info=&#8221;{}&#8221;][et_pb_text _builder_version=&#8221;4.17.6&#8243; _module_preset=&#8221;default&#8221; global_colors_info=&#8221;{}&#8221;]<\/p>\n<h2 style=\"text-align: center; color: #526fa1; font-weight: bold;\"><strong><span style=\"color: #000000; font-family: Montserrat;\">DOCUMENTAZIONE SCIENTIFICA<\/span><\/strong><\/h2>\n<p>[\/et_pb_text][\/et_pb_column][\/et_pb_row][et_pb_row column_structure=&#8221;1_4,1_4,1_4,1_4&#8243; _builder_version=&#8221;4.17.6&#8243; _module_preset=&#8221;default&#8221; custom_padding=&#8221;6px||0px|||&#8221; global_colors_info=&#8221;{}&#8221;][et_pb_column type=&#8221;1_4&#8243; _builder_version=&#8221;4.17.6&#8243; _module_preset=&#8221;default&#8221; global_colors_info=&#8221;{}&#8221;][et_pb_text content_tablet=&#8221;<\/p>\n<h3 style=%22text-align: left;%22><span style=%22text-decoration: underline;%22><strong>Titre<\/strong><\/span><\/h3>\n<p>&#8221; content_phone=&#8221;<\/p>\n<h4 style=%22text-align: center;%22><span style=%22text-decoration: underline;%22><strong>Titre<\/strong><\/span><\/h4>\n<p>&#8221; content_last_edited=&#8221;on|phone&#8221; _builder_version=&#8221;4.17.6&#8243; _module_preset=&#8221;default&#8221; width=&#8221;184%&#8221; max_width=&#8221;100%&#8221; min_height=&#8221;54.2px&#8221; custom_margin=&#8221;0px|256px|||false|false&#8221; custom_margin_tablet=&#8221;0px|256px|||false|false&#8221; custom_margin_phone=&#8221;-45px|0px|||false|false&#8221; custom_margin_last_edited=&#8221;on|phone&#8221; custom_padding=&#8221;||12px|0px||&#8221; custom_padding_tablet=&#8221;|0px|12px|0px||&#8221; custom_padding_phone=&#8221;30px|0px|1px|0px|false|false&#8221; custom_padding_last_edited=&#8221;on|phone&#8221; module_alignment_tablet=&#8221;right&#8221; module_alignment_phone=&#8221;right&#8221; module_alignment_last_edited=&#8221;on|phone&#8221; global_colors_info=&#8221;{}&#8221;]<\/p>\n<h5 style=\"text-align: left;\"><span style=\"text-decoration: underline;\"><strong>Titolo<\/strong><\/span><\/h5>\n<p>[\/et_pb_text][\/et_pb_column][et_pb_column type=&#8221;1_4&#8243; _builder_version=&#8221;4.17.6&#8243; _module_preset=&#8221;default&#8221; global_colors_info=&#8221;{}&#8221;][et_pb_text content_tablet=&#8221;<\/p>\n<h6><span style=%22text-decoration: underline;%22><strong>Auteur(s)<\/strong><\/span><\/h6>\n<p>&#8221; content_phone=&#8221;<\/p>\n<h6 style=%22text-align: center;%22><span style=%22text-decoration: underline;%22><strong>Auteur(s)<\/strong><\/span><\/h6>\n<p>&#8221; content_last_edited=&#8221;on|phone&#8221; _builder_version=&#8221;4.17.6&#8243; _module_preset=&#8221;default&#8221; width=&#8221;120%&#8221; width_tablet=&#8221;100%&#8221; width_phone=&#8221;100%&#8221; width_last_edited=&#8221;on|tablet&#8221; custom_margin=&#8221;|||160px|false|false&#8221; custom_margin_tablet=&#8221;|||160px|false|false&#8221; custom_margin_phone=&#8221;|||0px|false|false&#8221; custom_margin_last_edited=&#8221;on|phone&#8221; custom_padding=&#8221;|26px||||&#8221; custom_padding_tablet=&#8221;|26px||||&#8221; custom_padding_phone=&#8221;|0px|||false|false&#8221; custom_padding_last_edited=&#8221;on|phone&#8221; global_colors_info=&#8221;{}&#8221; width__hover_enabled=&#8221;off|desktop&#8221;]<\/p>\n<h6><span style=\"text-decoration: underline;\"><strong>Autore(i)<\/strong><\/span><\/h6>\n<p>[\/et_pb_text][\/et_pb_column][et_pb_column type=&#8221;1_4&#8243; _builder_version=&#8221;4.17.6&#8243; _module_preset=&#8221;default&#8221; global_colors_info=&#8221;{}&#8221;][et_pb_text content_tablet=&#8221;<\/p>\n<h6><span style=%22text-decoration: underline;%22><strong>Ann\u00e9e de publication<\/strong><\/span><\/h6>\n<p>&#8221; content_phone=&#8221;<\/p>\n<h6 style=%22text-align: center;%22><span style=%22text-decoration: underline;%22><strong>Ann\u00e9e de publication<\/strong><\/span><\/h6>\n<p>&#8221; content_last_edited=&#8221;on|phone&#8221; _builder_version=&#8221;4.17.6&#8243; _module_preset=&#8221;default&#8221; custom_margin=&#8221;|||140px|false|false&#8221; custom_margin_tablet=&#8221;|||0px|false|false&#8221; custom_margin_phone=&#8221;|||0px|false|false&#8221; custom_margin_last_edited=&#8221;on|tablet&#8221; global_colors_info=&#8221;{}&#8221;]<\/p>\n<h6><span style=\"text-decoration: underline;\"><strong>Anno di pubblicazione<\/strong><\/span><\/h6>\n<p>[\/et_pb_text][\/et_pb_column][et_pb_column type=&#8221;1_4&#8243; _builder_version=&#8221;4.17.6&#8243; _module_preset=&#8221;default&#8221; global_colors_info=&#8221;{}&#8221;][et_pb_text content_tablet=&#8221;<\/p>\n<h6><span style=%22text-decoration: underline;%22><strong>Lien vers la ressource<\/strong><\/span><\/h6>\n<p>&#8221; content_phone=&#8221;<\/p>\n<h6 style=%22text-align: center;%22><span style=%22text-decoration: underline;%22><strong>Lien vers la ressource<\/strong><\/span><\/h6>\n<p>&#8221; content_last_edited=&#8221;on|phone&#8221; _builder_version=&#8221;4.17.6&#8243; _module_preset=&#8221;default&#8221; custom_margin=&#8221;||||false|false&#8221; custom_margin_tablet=&#8221;|||160px|false|false&#8221; custom_margin_phone=&#8221;|||0px|false|false&#8221; custom_margin_last_edited=&#8221;on|tablet&#8221; global_colors_info=&#8221;{}&#8221;]<\/p>\n<h6><span style=\"text-decoration: underline;\"><strong>Link alla risorsa<\/strong><\/span><\/h6>\n<p>[\/et_pb_text][\/et_pb_column][\/et_pb_row][et_pb_row _builder_version=&#8221;4.17.6&#8243; _module_preset=&#8221;default&#8221; custom_padding=&#8221;5px|||||&#8221; global_colors_info=&#8221;{}&#8221;][et_pb_column type=&#8221;4_4&#8243; _builder_version=&#8221;4.17.6&#8243; _module_preset=&#8221;default&#8221; global_colors_info=&#8221;{}&#8221;][et_pb_code _builder_version=&#8221;4.17.6&#8243; _module_preset=&#8221;default&#8221; min_height=&#8221;0px&#8221; global_colors_info=&#8221;{}&#8221;]<\/p>\n<hr>\n<p>[\/et_pb_code][\/et_pb_column][\/et_pb_row][et_pb_row column_structure=&#8221;1_4,1_4,1_4,1_4&#8243; _builder_version=&#8221;4.17.6&#8243; _module_preset=&#8221;default&#8221; custom_padding=&#8221;6px||0px|||&#8221; global_colors_info=&#8221;{}&#8221;][et_pb_column type=&#8221;1_4&#8243; _builder_version=&#8221;4.17.6&#8243; _module_preset=&#8221;default&#8221; global_colors_info=&#8221;{}&#8221;][et_pb_text content_tablet=&#8221;<\/p>\n<p style=%22text-align: left;%22><strong>Autism Spectrum Disorders: A Meta-Analysis of Executive Function<\/strong><\/p>\n<p>&#8221; content_phone=&#8221;<\/p>\n<p style=%22text-align: center;%22><strong>Autism Spectrum Disorders: A Meta-Analysis of Executive Function<\/strong><\/p>\n<p>&#8221; content_last_edited=&#8221;on|phone&#8221; _builder_version=&#8221;4.27.0&#8243; _module_preset=&#8221;default&#8221; width=&#8221;180%&#8221; width_tablet=&#8221;100%&#8221; width_phone=&#8221;100%&#8221; width_last_edited=&#8221;on|tablet&#8221; min_height=&#8221;54.2px&#8221; custom_margin=&#8221;0px||||false|false&#8221; custom_padding=&#8221;|22px|12px|0px||&#8221; global_colors_info=&#8221;{}&#8221;]<\/p>\n<p class=\"heading-title\"><strong>Valutazione di un Nuovo Mobile Exergame in un Ambiente Scolastico<\/strong><\/p>\n<p>[\/et_pb_text][\/et_pb_column][et_pb_column type=&#8221;1_4&#8243; _builder_version=&#8221;4.17.6&#8243; _module_preset=&#8221;default&#8221; global_colors_info=&#8221;{}&#8221;][et_pb_text content_tablet=&#8221;<\/p>\n<p>Cidrim, Luciana, et Francisco<\/p>\n<p>&#8221; content_phone=&#8221;<\/p>\n<p style=%22text-align: center;%22>Cidrim, Luciana, et Francisco<\/p>\n<p>&#8221; content_last_edited=&#8221;on|phone&#8221; _builder_version=&#8221;4.27.0&#8243; _module_preset=&#8221;default&#8221; width=&#8221;120%&#8221; width_tablet=&#8221;100%&#8221; width_phone=&#8221;100%&#8221; width_last_edited=&#8221;on|tablet&#8221; custom_margin=&#8221;|||160px|false|false&#8221; custom_margin_tablet=&#8221;|||160px|false|false&#8221; custom_margin_phone=&#8221;|||0px|false|false&#8221; custom_margin_last_edited=&#8221;on|phone&#8221; global_colors_info=&#8221;{}&#8221;]<\/p>\n<p>Garde A, Umedaly A, Abulnaga SM, Junker A, Chanoine JP, Johnson M, Ansermino JM, Dumont GA.<\/p>\n<p>[\/et_pb_text][\/et_pb_column][et_pb_column type=&#8221;1_4&#8243; _builder_version=&#8221;4.17.6&#8243; _module_preset=&#8221;default&#8221; global_colors_info=&#8221;{}&#8221;][et_pb_text content_tablet=&#8221;<\/p>\n<p><strong>2017<\/strong><\/p>\n<p>&#8221; content_phone=&#8221;<\/p>\n<p style=%22text-align: center;%22><strong>2017<\/strong><\/p>\n<p>&#8221; content_last_edited=&#8221;on|phone&#8221; _builder_version=&#8221;4.27.0&#8243; _module_preset=&#8221;default&#8221; width=&#8221;120%&#8221; width_tablet=&#8221;100%&#8221; width_phone=&#8221;100%&#8221; width_last_edited=&#8221;on|phone&#8221; custom_margin=&#8221;|||160px|false|false&#8221; custom_margin_tablet=&#8221;|||0px|false|false&#8221; custom_margin_phone=&#8221;|||0px|false|false&#8221; custom_margin_last_edited=&#8221;on|tablet&#8221; global_colors_info=&#8221;{}&#8221;]<\/p>\n<p><strong>2016<\/strong><\/p>\n<p>[\/et_pb_text][\/et_pb_column][et_pb_column type=&#8221;1_4&#8243; _builder_version=&#8221;4.17.6&#8243; _module_preset=&#8221;default&#8221; global_colors_info=&#8221;{}&#8221;][et_pb_text content_tablet=&#8221;<\/p>\n<p><strong><em>Revista CEFAC<\/em><\/strong><strong> 19<\/strong><\/p>\n<p>Consulter<\/p>\n<p>&#8221; content_phone=&#8221;<\/p>\n<p style=%22text-align: center;%22><strong><em>Revista CEFAC<\/em><\/strong><strong> 19<\/strong><\/p>\n<p style=%22text-align: center;%22>Consulter<\/p>\n<p>&#8221; content_last_edited=&#8221;on|phone&#8221; _builder_version=&#8221;4.27.0&#8243; _module_preset=&#8221;default&#8221; custom_margin_tablet=&#8221;|||160px|false|false&#8221; custom_margin_phone=&#8221;|||0px|false|false&#8221; custom_margin_last_edited=&#8221;on|tablet&#8221; global_colors_info=&#8221;{}&#8221;]<\/p>\n<p><em><strong>Cyberpsychol Behav Soc Netw.<\/strong><\/em><\/p>\n<p><a href=\"https:\/\/pubmed.ncbi.nlm.nih.gov\/26882222\/\">Consultare<\/a><\/p>\n<p>[\/et_pb_text][\/et_pb_column][\/et_pb_row][et_pb_row _builder_version=&#8221;4.17.6&#8243; _module_preset=&#8221;default&#8221; custom_padding=&#8221;5px|||||&#8221; global_colors_info=&#8221;{}&#8221;][et_pb_column type=&#8221;4_4&#8243; _builder_version=&#8221;4.17.6&#8243; _module_preset=&#8221;default&#8221; global_colors_info=&#8221;{}&#8221;][et_pb_code _builder_version=&#8221;4.17.6&#8243; _module_preset=&#8221;default&#8221; min_height=&#8221;0px&#8221; global_colors_info=&#8221;{}&#8221;]<\/p>\n<hr>\n<p>[\/et_pb_code][\/et_pb_column][\/et_pb_row][et_pb_row column_structure=&#8221;1_4,1_4,1_4,1_4&#8243; _builder_version=&#8221;4.17.6&#8243; _module_preset=&#8221;default&#8221; custom_padding=&#8221;6px||0px|||&#8221; global_colors_info=&#8221;{}&#8221;][et_pb_column type=&#8221;1_4&#8243; _builder_version=&#8221;4.17.6&#8243; _module_preset=&#8221;default&#8221; global_colors_info=&#8221;{}&#8221;][et_pb_text content_tablet=&#8221;<\/p>\n<p style=%22text-align: left;%22><strong>Autism Spectrum Disorders: A Meta-Analysis of Executive Function<\/strong><\/p>\n<p>&#8221; content_phone=&#8221;<\/p>\n<p style=%22text-align: center;%22><strong>Autism Spectrum Disorders: A Meta-Analysis of Executive Function<\/strong><\/p>\n<p>&#8221; content_last_edited=&#8221;on|phone&#8221; _builder_version=&#8221;4.17.6&#8243; _module_preset=&#8221;default&#8221; width=&#8221;180%&#8221; width_tablet=&#8221;100%&#8221; width_phone=&#8221;100%&#8221; width_last_edited=&#8221;on|tablet&#8221; min_height=&#8221;54.2px&#8221; custom_margin=&#8221;0px||||false|false&#8221; custom_padding=&#8221;|22px|12px|0px||&#8221; global_colors_info=&#8221;{}&#8221;]<\/p>\n<p style=\"text-align: left;\"><strong>Disturbi dello Spettro Autistico: Una Meta-Analisi della Funzione Esecutiva<\/strong><\/p>\n<p>[\/et_pb_text][\/et_pb_column][et_pb_column type=&#8221;1_4&#8243; _builder_version=&#8221;4.17.6&#8243; _module_preset=&#8221;default&#8221; global_colors_info=&#8221;{}&#8221;][et_pb_text content_tablet=&#8221;<\/p>\n<p>Cidrim, Luciana, et Francisco<\/p>\n<p>&#8221; content_phone=&#8221;<\/p>\n<p style=%22text-align: center;%22>Cidrim, Luciana, et Francisco<\/p>\n<p>&#8221; content_last_edited=&#8221;on|phone&#8221; _builder_version=&#8221;4.17.6&#8243; _module_preset=&#8221;default&#8221; width=&#8221;120%&#8221; width_tablet=&#8221;100%&#8221; width_phone=&#8221;100%&#8221; width_last_edited=&#8221;on|tablet&#8221; custom_margin=&#8221;|||160px|false|false&#8221; custom_margin_tablet=&#8221;|||160px|false|false&#8221; custom_margin_phone=&#8221;|||0px|false|false&#8221; custom_margin_last_edited=&#8221;on|phone&#8221; global_colors_info=&#8221;{}&#8221;]<\/p>\n<p>Cidrim, Luciana, e Francisco<\/p>\n<p>[\/et_pb_text][\/et_pb_column][et_pb_column type=&#8221;1_4&#8243; _builder_version=&#8221;4.17.6&#8243; _module_preset=&#8221;default&#8221; global_colors_info=&#8221;{}&#8221;][et_pb_text content_tablet=&#8221;<\/p>\n<p><strong>2017<\/strong><\/p>\n<p>&#8221; content_phone=&#8221;<\/p>\n<p style=%22text-align: center;%22><strong>2017<\/strong><\/p>\n<p>&#8221; content_last_edited=&#8221;on|phone&#8221; _builder_version=&#8221;4.17.6&#8243; _module_preset=&#8221;default&#8221; width=&#8221;120%&#8221; width_tablet=&#8221;100%&#8221; width_phone=&#8221;100%&#8221; width_last_edited=&#8221;on|phone&#8221; custom_margin=&#8221;|||160px|false|false&#8221; custom_margin_tablet=&#8221;|||0px|false|false&#8221; custom_margin_phone=&#8221;|||0px|false|false&#8221; custom_margin_last_edited=&#8221;on|tablet&#8221; global_colors_info=&#8221;{}&#8221;]<\/p>\n<p><strong>2017<\/strong><\/p>\n<p>[\/et_pb_text][\/et_pb_column][et_pb_column type=&#8221;1_4&#8243; _builder_version=&#8221;4.17.6&#8243; _module_preset=&#8221;default&#8221; global_colors_info=&#8221;{}&#8221;][et_pb_text content_tablet=&#8221;<\/p>\n<p><strong><em>Revista CEFAC<\/em><\/strong><strong> 19<\/strong><\/p>\n<p>Consulter<\/p>\n<p>&#8221; content_phone=&#8221;<\/p>\n<p style=%22text-align: center;%22><strong><em>Revista CEFAC<\/em><\/strong><strong> 19<\/strong><\/p>\n<p style=%22text-align: center;%22>Consulter<\/p>\n<p>&#8221; content_last_edited=&#8221;on|phone&#8221; _builder_version=&#8221;4.19.2&#8243; _module_preset=&#8221;default&#8221; custom_margin_tablet=&#8221;|||160px|false|false&#8221; custom_margin_phone=&#8221;|||0px|false|false&#8221; custom_margin_last_edited=&#8221;on|tablet&#8221; global_colors_info=&#8221;{}&#8221;]<\/p>\n<p><strong><em>Revista CEFAC<\/em><\/strong><strong>\u00a019<\/strong><\/p>\n<p><a href=\"https:\/\/doi.org\/10.1590\/1982-021620171917916\">Consultare<\/a><\/p>\n<p>[\/et_pb_text][\/et_pb_column][\/et_pb_row][et_pb_row _builder_version=&#8221;4.17.6&#8243; _module_preset=&#8221;default&#8221; custom_padding=&#8221;13px|||||&#8221; global_colors_info=&#8221;{}&#8221;][et_pb_column type=&#8221;4_4&#8243; _builder_version=&#8221;4.17.6&#8243; _module_preset=&#8221;default&#8221; global_colors_info=&#8221;{}&#8221;][et_pb_code _builder_version=&#8221;4.17.6&#8243; _module_preset=&#8221;default&#8221; min_height=&#8221;0px&#8221; global_colors_info=&#8221;{}&#8221;]<\/p>\n<hr>\n<p>[\/et_pb_code][\/et_pb_column][\/et_pb_row][et_pb_row column_structure=&#8221;1_4,1_4,1_4,1_4&#8243; _builder_version=&#8221;4.17.6&#8243; _module_preset=&#8221;default&#8221; custom_padding=&#8221;6px||0px|||&#8221; locked=&#8221;off&#8221; global_colors_info=&#8221;{}&#8221;][et_pb_column type=&#8221;1_4&#8243; _builder_version=&#8221;4.17.6&#8243; _module_preset=&#8221;default&#8221; global_colors_info=&#8221;{}&#8221;][et_pb_text content_tablet=&#8221;<\/p>\n<p style=%22text-align: left;%22><strong>Memory Function in Normal Aging: Memory Function in Normal Aging<\/strong><\/p>\n<p>&#8221; content_phone=&#8221;<\/p>\n<p style=%22text-align: center;%22><strong>Memory Function in Normal Aging: Memory Function in Normal Aging<\/strong><\/p>\n<p>&#8221; content_last_edited=&#8221;on|phone&#8221; _builder_version=&#8221;4.17.6&#8243; _module_preset=&#8221;default&#8221; width=&#8221;180%&#8221; width_tablet=&#8221;100%&#8221; width_phone=&#8221;100%&#8221; width_last_edited=&#8221;on|tablet&#8221; min_height=&#8221;54.2px&#8221; custom_margin=&#8221;0px||||false|false&#8221; custom_padding=&#8221;||12px|0px||&#8221; global_colors_info=&#8221;{}&#8221;]<\/p>\n<p style=\"text-align: left;\"><strong>Funzione della memoria nel normale invecchiamento: Funzione della memoria nel normale invecchiamento<\/strong><\/p>\n<p>[\/et_pb_text][\/et_pb_column][et_pb_column type=&#8221;1_4&#8243; _builder_version=&#8221;4.17.6&#8243; _module_preset=&#8221;default&#8221; global_colors_info=&#8221;{}&#8221;][et_pb_text content_tablet=&#8221;<\/p>\n<p>Foti, F., F. De Crescenzo, G. Vivanti, D. Menghini, et S. Vicari<\/p>\n<p>&#8221; content_phone=&#8221;<\/p>\n<p style=%22text-align: center;%22>Foti, F., F. De Crescenzo, G. Vivanti, D. Menghini, et S. Vicari<\/p>\n<p>&#8221; content_last_edited=&#8221;on|phone&#8221; _builder_version=&#8221;4.17.6&#8243; _module_preset=&#8221;default&#8221; width=&#8221;120%&#8221; width_tablet=&#8221;100%&#8221; width_phone=&#8221;100%&#8221; width_last_edited=&#8221;on|tablet&#8221; custom_margin=&#8221;|||160px|false|false&#8221; custom_margin_tablet=&#8221;|||160px|false|false&#8221; custom_margin_phone=&#8221;|||0px|false|false&#8221; custom_margin_last_edited=&#8221;on|phone&#8221; global_colors_info=&#8221;{}&#8221;]<\/p>\n<p>Foti, F., F. De Crescenzo, G. Vivanti, D. Menghini, e S. Vicari<\/p>\n<p>[\/et_pb_text][\/et_pb_column][et_pb_column type=&#8221;1_4&#8243; _builder_version=&#8221;4.17.6&#8243; _module_preset=&#8221;default&#8221; global_colors_info=&#8221;{}&#8221;][et_pb_text content_tablet=&#8221;<\/p>\n<p><strong>2017<\/strong><\/p>\n<p>&#8221; content_phone=&#8221;<\/p>\n<p style=%22text-align: center;%22><strong>2015<\/strong><\/p>\n<p>&#8221; content_last_edited=&#8221;on|phone&#8221; _builder_version=&#8221;4.17.6&#8243; _module_preset=&#8221;default&#8221; width=&#8221;120%&#8221; width_tablet=&#8221;100%&#8221; width_phone=&#8221;100%&#8221; width_last_edited=&#8221;on|phone&#8221; custom_margin=&#8221;|||160px|false|false&#8221; custom_margin_tablet=&#8221;|||0px|false|false&#8221; custom_margin_phone=&#8221;|||0px|false|false&#8221; custom_margin_last_edited=&#8221;on|tablet&#8221; locked=&#8221;off&#8221; global_colors_info=&#8221;{}&#8221;]<\/p>\n<p><strong>2017<\/strong><\/p>\n<p>[\/et_pb_text][\/et_pb_column][et_pb_column type=&#8221;1_4&#8243; _builder_version=&#8221;4.17.6&#8243; _module_preset=&#8221;default&#8221; global_colors_info=&#8221;{}&#8221;][et_pb_text content_tablet=&#8221;<\/p>\n<p><strong><em>Revista CEFAC<\/em><\/strong><strong> 19<\/strong><\/p>\n<p>Consulter<\/p>\n<p>&#8221; content_phone=&#8221;<\/p>\n<p style=%22text-align: center;%22><strong><em>Revista CEFAC<\/em><\/strong><strong> 19<\/strong><\/p>\n<p style=%22text-align: center;%22>Consulter<\/p>\n<p>&#8221; content_last_edited=&#8221;on|phone&#8221; _builder_version=&#8221;4.17.6&#8243; _module_preset=&#8221;default&#8221; custom_margin_tablet=&#8221;|||160px|false|false&#8221; custom_margin_phone=&#8221;|||0px|false|false&#8221; custom_margin_last_edited=&#8221;on|tablet&#8221; locked=&#8221;off&#8221; global_colors_info=&#8221;{}&#8221;]<\/p>\n<p><strong><em>Revista CEFAC<\/em><\/strong><strong> 19<\/strong><\/p>\n<p><a href=\"https:\/\/doi.org\/10.1590\/1982-021620171917916\">Consulta<\/a><\/p>\n<p>[\/et_pb_text][\/et_pb_column][\/et_pb_row][et_pb_row _builder_version=&#8221;4.17.6&#8243; _module_preset=&#8221;default&#8221; custom_padding=&#8221;13px|||||&#8221; global_colors_info=&#8221;{}&#8221;][et_pb_column type=&#8221;4_4&#8243; _builder_version=&#8221;4.17.6&#8243; _module_preset=&#8221;default&#8221; global_colors_info=&#8221;{}&#8221;][et_pb_code _builder_version=&#8221;4.17.6&#8243; _module_preset=&#8221;default&#8221; min_height=&#8221;0px&#8221; global_colors_info=&#8221;{}&#8221;]<\/p>\n<hr>\n<p>[\/et_pb_code][\/et_pb_column][\/et_pb_row][et_pb_row column_structure=&#8221;1_4,1_4,1_4,1_4&#8243; _builder_version=&#8221;4.17.6&#8243; _module_preset=&#8221;default&#8221; min_height=&#8221;55.4px&#8221; custom_margin=&#8221;-30px|auto||auto||&#8221; custom_padding=&#8221;13px||0px|||&#8221; locked=&#8221;off&#8221; global_colors_info=&#8221;{}&#8221;][et_pb_column type=&#8221;1_4&#8243; _builder_version=&#8221;4.17.6&#8243; _module_preset=&#8221;default&#8221; global_colors_info=&#8221;{}&#8221;][et_pb_text content_tablet=&#8221;<\/p>\n<p style=%22text-align: left;%22><strong>A Brain-Computer Interface Based Attention Training Program for Treating Attention Deficit Hyperactivity Disorder<\/strong><\/p>\n<p>&#8221; content_phone=&#8221;<\/p>\n<p style=%22text-align: center;%22><strong>A Brain-Computer Interface Based Attention Training Program for Treating Attention Deficit Hyperactivity Disorder<\/strong><\/p>\n<p>&#8221; content_last_edited=&#8221;on|phone&#8221; _builder_version=&#8221;4.17.6&#8243; _module_preset=&#8221;default&#8221; width=&#8221;180%&#8221; width_tablet=&#8221;100%&#8221; width_phone=&#8221;100%&#8221; width_last_edited=&#8221;on|tablet&#8221; min_height=&#8221;5.2px&#8221; custom_margin=&#8221;0px||||false|false&#8221; custom_padding=&#8221;||2px|0px||&#8221; global_colors_info=&#8221;{}&#8221;]<\/p>\n<p style=\"text-align: left;\"><strong>Un programma di allenamento dell&#8217;attenzione basato su interfaccia cervello-computer per il trattamento del disturbo da deficit di attenzione e iperattivit\u00e0<\/strong><\/p>\n<p>[\/et_pb_text][\/et_pb_column][et_pb_column type=&#8221;1_4&#8243; _builder_version=&#8221;4.17.6&#8243; _module_preset=&#8221;default&#8221; global_colors_info=&#8221;{}&#8221;][et_pb_text content_tablet=&#8221;<\/p>\n<p>Foti, F., F. De Crescenzo, G. Vivanti, D. Menghini, et S. Vicari<\/p>\n<p>&#8221; content_phone=&#8221;<\/p>\n<p style=%22text-align: center;%22>Foti, F., F. De Crescenzo, G. Vivanti, D. Menghini, et S. Vicari<\/p>\n<p>&#8221; content_last_edited=&#8221;on|phone&#8221; _builder_version=&#8221;4.17.6&#8243; _module_preset=&#8221;default&#8221; width=&#8221;120%&#8221; width_tablet=&#8221;100%&#8221; width_phone=&#8221;100%&#8221; width_last_edited=&#8221;on|tablet&#8221; custom_margin=&#8221;|||160px|false|false&#8221; custom_margin_tablet=&#8221;|||160px|false|false&#8221; custom_margin_phone=&#8221;|||0px|false|false&#8221; custom_margin_last_edited=&#8221;on|phone&#8221; locked=&#8221;off&#8221; global_colors_info=&#8221;{}&#8221;]<\/p>\n<p>Foti, F., F. De Crescenzo, G. Vivanti, D. Menghini, e S. Vicari<\/p>\n<p>[\/et_pb_text][\/et_pb_column][et_pb_column type=&#8221;1_4&#8243; _builder_version=&#8221;4.17.6&#8243; _module_preset=&#8221;default&#8221; global_colors_info=&#8221;{}&#8221;][et_pb_text content_tablet=&#8221;<\/p>\n<p><strong>2015<\/strong><\/p>\n<p>&#8221; content_phone=&#8221;<\/p>\n<p style=%22text-align: center;%22><strong>2015<\/strong><\/p>\n<p>&#8221; content_last_edited=&#8221;on|phone&#8221; _builder_version=&#8221;4.17.6&#8243; _module_preset=&#8221;default&#8221; width=&#8221;120%&#8221; width_tablet=&#8221;100%&#8221; width_phone=&#8221;100%&#8221; width_last_edited=&#8221;on|tablet&#8221; custom_margin=&#8221;|||160px|false|false&#8221; custom_margin_tablet=&#8221;|||0px|false|false&#8221; custom_margin_phone=&#8221;|||0px|false|false&#8221; custom_margin_last_edited=&#8221;on|phone&#8221; global_colors_info=&#8221;{}&#8221;]<\/p>\n<p><strong>2015<\/strong><\/p>\n<p>[\/et_pb_text][\/et_pb_column][et_pb_column type=&#8221;1_4&#8243; _builder_version=&#8221;4.17.6&#8243; _module_preset=&#8221;default&#8221; global_colors_info=&#8221;{}&#8221;][et_pb_text content_tablet=&#8221;<\/p>\n<p><strong><em>Revista CEFAC<\/em><\/strong><strong> 19<\/strong><\/p>\n<p>Consulter<\/p>\n<p>&#8221; content_phone=&#8221;<\/p>\n<p style=%22text-align: center;%22><strong><em>Revista CEFAC<\/em><\/strong><strong> 19<\/strong><\/p>\n<p style=%22text-align: center;%22>Consulter<\/p>\n<p>&#8221; content_last_edited=&#8221;on|phone&#8221; _builder_version=&#8221;4.17.6&#8243; _module_preset=&#8221;default&#8221; custom_margin_tablet=&#8221;|||160px|false|false&#8221; custom_margin_phone=&#8221;|||0px|false|false&#8221; custom_margin_last_edited=&#8221;on|tablet&#8221; locked=&#8221;off&#8221; global_colors_info=&#8221;{}&#8221;]<\/p>\n<p><strong><em>Revista CEFAC<\/em><\/strong><strong> 19<\/strong><\/p>\n<p><a href=\"https:\/\/doi.org\/10.1590\/1982-021620171917916\">Consultare<\/a><\/p>\n<p>[\/et_pb_text][\/et_pb_column][\/et_pb_row][et_pb_row _builder_version=&#8221;4.17.6&#8243; _module_preset=&#8221;default&#8221; custom_padding=&#8221;13px|||||&#8221; global_colors_info=&#8221;{}&#8221;][et_pb_column type=&#8221;4_4&#8243; _builder_version=&#8221;4.17.6&#8243; _module_preset=&#8221;default&#8221; global_colors_info=&#8221;{}&#8221;][et_pb_code _builder_version=&#8221;4.17.6&#8243; _module_preset=&#8221;default&#8221; min_height=&#8221;0px&#8221; global_colors_info=&#8221;{}&#8221;]<\/p>\n<hr>\n<p>[\/et_pb_code][\/et_pb_column][\/et_pb_row][et_pb_row column_structure=&#8221;1_4,1_4,1_4,1_4&#8243; _builder_version=&#8221;4.17.6&#8243; _module_preset=&#8221;default&#8221; min_height=&#8221;55.4px&#8221; custom_margin=&#8221;-30px|auto||auto||&#8221; custom_padding=&#8221;13px||0px|||&#8221; locked=&#8221;off&#8221; global_colors_info=&#8221;{}&#8221;][et_pb_column type=&#8221;1_4&#8243; _builder_version=&#8221;4.17.6&#8243; _module_preset=&#8221;default&#8221; global_colors_info=&#8221;{}&#8221;][et_pb_text content_tablet=&#8221;<\/p>\n<p style=%22text-align: left;%22><strong>How do specific memory disorders present in the school classroom?<\/strong><\/p>\n<p>&#8221; content_phone=&#8221;<\/p>\n<p style=%22text-align: center;%22><strong>How do specific memory disorders present in the school classroom?<\/strong><\/p>\n<p>&#8221; content_last_edited=&#8221;on|phone&#8221; _builder_version=&#8221;4.17.6&#8243; _module_preset=&#8221;default&#8221; width=&#8221;180%&#8221; width_tablet=&#8221;100%&#8221; width_phone=&#8221;100%&#8221; width_last_edited=&#8221;on|tablet&#8221; min_height=&#8221;5.2px&#8221; custom_margin=&#8221;0px||||false|false&#8221; custom_padding=&#8221;||2px|0px||&#8221; global_colors_info=&#8221;{}&#8221;]<\/p>\n<p style=\"text-align: left;\"><strong>Come si presentano specifici disturbi della memoria nella classe scolastica?<\/strong><\/p>\n<p>[\/et_pb_text][\/et_pb_column][et_pb_column type=&#8221;1_4&#8243; _builder_version=&#8221;4.17.6&#8243; _module_preset=&#8221;default&#8221; global_colors_info=&#8221;{}&#8221;][et_pb_text content_tablet=&#8221;<\/p>\n<p>Foti, F., F. De Crescenzo, G. Vivanti, D. Menghini, et S. Vicari<\/p>\n<p>&#8221; content_phone=&#8221;<\/p>\n<p style=%22text-align: center;%22>Foti, F., F. De Crescenzo, G. Vivanti, D. Menghini, et S. Vicari<\/p>\n<p>&#8221; content_last_edited=&#8221;on|phone&#8221; _builder_version=&#8221;4.17.6&#8243; _module_preset=&#8221;default&#8221; width=&#8221;120%&#8221; width_tablet=&#8221;100%&#8221; width_phone=&#8221;100%&#8221; width_last_edited=&#8221;on|tablet&#8221; custom_margin=&#8221;|||160px|false|false&#8221; custom_margin_tablet=&#8221;|||160px|false|false&#8221; custom_margin_phone=&#8221;|||0px|false|false&#8221; custom_margin_last_edited=&#8221;on|phone&#8221; locked=&#8221;off&#8221; global_colors_info=&#8221;{}&#8221;]<\/p>\n<p>Foti, F., F. De Crescenzo, G. Vivanti, D. Menghini, e S. Vicari<\/p>\n<p>[\/et_pb_text][\/et_pb_column][et_pb_column type=&#8221;1_4&#8243; _builder_version=&#8221;4.17.6&#8243; _module_preset=&#8221;default&#8221; global_colors_info=&#8221;{}&#8221;][et_pb_text content_tablet=&#8221;<\/p>\n<p><strong>2015<\/strong><\/p>\n<p>&#8221; content_phone=&#8221;<\/p>\n<p style=%22text-align: center;%22><strong>2015<\/strong><\/p>\n<p>&#8221; content_last_edited=&#8221;on|phone&#8221; _builder_version=&#8221;4.17.6&#8243; _module_preset=&#8221;default&#8221; width=&#8221;120%&#8221; width_tablet=&#8221;100%&#8221; width_phone=&#8221;100%&#8221; width_last_edited=&#8221;on|tablet&#8221; custom_margin=&#8221;|||160px|false|false&#8221; custom_margin_tablet=&#8221;|||0px|false|false&#8221; custom_margin_phone=&#8221;|||0px|false|false&#8221; custom_margin_last_edited=&#8221;on|phone&#8221; global_colors_info=&#8221;{}&#8221;]<\/p>\n<p><strong>2015<\/strong><\/p>\n<p>[\/et_pb_text][\/et_pb_column][et_pb_column type=&#8221;1_4&#8243; _builder_version=&#8221;4.17.6&#8243; _module_preset=&#8221;default&#8221; global_colors_info=&#8221;{}&#8221;][et_pb_text content_tablet=&#8221;<\/p>\n<p><strong><em>Revista CEFAC<\/em><\/strong><strong> 19<\/strong><\/p>\n<p>Consulter<\/p>\n<p>&#8221; content_phone=&#8221;<\/p>\n<p style=%22text-align: center;%22><strong><em>Revista CEFAC<\/em><\/strong><strong> 19<\/strong><\/p>\n<p style=%22text-align: center;%22>Consulter<\/p>\n<p>&#8221; content_last_edited=&#8221;on|phone&#8221; _builder_version=&#8221;4.17.6&#8243; _module_preset=&#8221;default&#8221; custom_margin_tablet=&#8221;|||160px|false|false&#8221; custom_margin_phone=&#8221;|||0px|false|false&#8221; custom_margin_last_edited=&#8221;on|tablet&#8221; locked=&#8221;off&#8221; global_colors_info=&#8221;{}&#8221;]<\/p>\n<p><strong><em>Revista CEFAC<\/em><\/strong><strong> 19<\/strong><\/p>\n<p><a href=\"https:\/\/doi.org\/10.1590\/1982-021620171917916\">Consultare<\/a><\/p>\n<p>[\/et_pb_text][\/et_pb_column][\/et_pb_row][et_pb_row _builder_version=&#8221;4.17.6&#8243; _module_preset=&#8221;default&#8221; custom_padding=&#8221;10px||19px|||&#8221; global_colors_info=&#8221;{}&#8221;][et_pb_column type=&#8221;4_4&#8243; _builder_version=&#8221;4.17.6&#8243; _module_preset=&#8221;default&#8221; global_colors_info=&#8221;{}&#8221;][et_pb_code _builder_version=&#8221;4.17.6&#8243; _module_preset=&#8221;default&#8221; min_height=&#8221;0px&#8221; custom_padding=&#8221;||0px|||&#8221; global_colors_info=&#8221;{}&#8221;]<\/p>\n<hr>\n<p>[\/et_pb_code][\/et_pb_column][\/et_pb_row][et_pb_row column_structure=&#8221;1_4,1_4,1_4,1_4&#8243; _builder_version=&#8221;4.17.6&#8243; _module_preset=&#8221;default&#8221; min_height=&#8221;55.4px&#8221; custom_margin=&#8221;-30px|auto||auto||&#8221; custom_padding=&#8221;16px||0px|||&#8221; locked=&#8221;off&#8221; global_colors_info=&#8221;{}&#8221;][et_pb_column type=&#8221;1_4&#8243; _builder_version=&#8221;4.17.6&#8243; _module_preset=&#8221;default&#8221; global_colors_info=&#8221;{}&#8221;][et_pb_text content_tablet=&#8221;<\/p>\n<p style=%22text-align: left;%22><strong>Information and Communication Technology (ICT) Applied to Dyslexia: Literature Review <\/strong><\/p>\n<p>&#8221; content_phone=&#8221;<\/p>\n<p style=%22text-align: center;%22><strong>Information and Communication Technology (ICT) Applied to Dyslexia: Literature Review <\/strong><\/p>\n<p>&#8221; content_last_edited=&#8221;on|phone&#8221; _builder_version=&#8221;4.17.6&#8243; _module_preset=&#8221;default&#8221; width=&#8221;180%&#8221; width_tablet=&#8221;100%&#8221; width_phone=&#8221;100%&#8221; width_last_edited=&#8221;on|tablet&#8221; min_height=&#8221;5.2px&#8221; custom_margin=&#8221;0px||||false|false&#8221; custom_padding=&#8221;||2px|0px||&#8221; global_colors_info=&#8221;{}&#8221;]<\/p>\n<p style=\"text-align: left;\"><strong>Tecnologie dell\u2019informazione e della comunicazione (TIC) applicate alla dislessia: revisione della letteratura<\/strong><\/p>\n<p>[\/et_pb_text][\/et_pb_column][et_pb_column type=&#8221;1_4&#8243; _builder_version=&#8221;4.17.6&#8243; _module_preset=&#8221;default&#8221; global_colors_info=&#8221;{}&#8221;][et_pb_text content_tablet=&#8221;<\/p>\n<p>Foti, F., F. De Crescenzo, G. Vivanti, D. Menghini, et S. Vicari<\/p>\n<p>&#8221; content_phone=&#8221;<\/p>\n<p style=%22text-align: center;%22>Foti, F., F. De Crescenzo, G. Vivanti, D. Menghini, et S. Vicari<\/p>\n<p>&#8221; content_last_edited=&#8221;on|phone&#8221; _builder_version=&#8221;4.17.6&#8243; _module_preset=&#8221;default&#8221; width=&#8221;120%&#8221; width_tablet=&#8221;100%&#8221; width_phone=&#8221;100%&#8221; width_last_edited=&#8221;on|tablet&#8221; custom_margin=&#8221;|||160px|false|false&#8221; custom_margin_tablet=&#8221;|||160px|false|false&#8221; custom_margin_phone=&#8221;|||0px|false|false&#8221; custom_margin_last_edited=&#8221;on|phone&#8221; locked=&#8221;off&#8221; global_colors_info=&#8221;{}&#8221;]<\/p>\n<p>Foti, F., F. De Crescenzo, G. Vivanti, D. Menghini, e S. Vicari<\/p>\n<p>[\/et_pb_text][\/et_pb_column][et_pb_column type=&#8221;1_4&#8243; _builder_version=&#8221;4.17.6&#8243; _module_preset=&#8221;default&#8221; global_colors_info=&#8221;{}&#8221;][et_pb_text content_tablet=&#8221;<\/p>\n<p><strong>2018<\/strong><\/p>\n<\/p>\n<p>&#8221; content_phone=&#8221;<\/p>\n<p style=%22text-align: center;%22><strong>2018<\/strong><\/p>\n<\/p>\n<p>&#8221; content_last_edited=&#8221;on|phone&#8221; _builder_version=&#8221;4.17.6&#8243; _module_preset=&#8221;default&#8221; width=&#8221;120%&#8221; width_tablet=&#8221;100%&#8221; width_phone=&#8221;100%&#8221; width_last_edited=&#8221;on|tablet&#8221; custom_margin=&#8221;|||160px|false|false&#8221; custom_margin_tablet=&#8221;|||0px|false|false&#8221; custom_margin_phone=&#8221;|||0px|false|false&#8221; custom_margin_last_edited=&#8221;on|phone&#8221; global_colors_info=&#8221;{}&#8221;]<\/p>\n<p><strong>2018<\/strong><\/p>\n<p>&nbsp;<\/p>\n<p>[\/et_pb_text][\/et_pb_column][et_pb_column type=&#8221;1_4&#8243; _builder_version=&#8221;4.17.6&#8243; _module_preset=&#8221;default&#8221; global_colors_info=&#8221;{}&#8221;][et_pb_text content_tablet=&#8221;<\/p>\n<p><strong><em>Revista CEFAC<\/em><\/strong><strong> 19<\/strong><\/p>\n<p>Consulter<\/p>\n<p>&#8221; content_phone=&#8221;<\/p>\n<p style=%22text-align: center;%22><strong><em>Revista CEFAC<\/em><\/strong><strong> 19<\/strong><\/p>\n<p style=%22text-align: center;%22>Consulter<\/p>\n<p>&#8221; content_last_edited=&#8221;on|phone&#8221; _builder_version=&#8221;4.17.6&#8243; _module_preset=&#8221;default&#8221; custom_margin_tablet=&#8221;|||160px|false|false&#8221; custom_margin_phone=&#8221;|||0px|false|false&#8221; custom_margin_last_edited=&#8221;on|tablet&#8221; locked=&#8221;off&#8221; global_colors_info=&#8221;{}&#8221;]<\/p>\n<p><strong><em>Revista CEFAC<\/em><\/strong><strong> 19<\/strong><\/p>\n<p><a href=\"https:\/\/doi.org\/10.1590\/1982-021620171917916\">Consultare<\/a><\/p>\n<p>[\/et_pb_text][\/et_pb_column][\/et_pb_row][et_pb_row _builder_version=&#8221;4.17.6&#8243; _module_preset=&#8221;default&#8221; custom_padding=&#8221;8px||18px|||&#8221; global_colors_info=&#8221;{}&#8221;][et_pb_column type=&#8221;4_4&#8243; _builder_version=&#8221;4.17.6&#8243; _module_preset=&#8221;default&#8221; global_colors_info=&#8221;{}&#8221;][et_pb_code _builder_version=&#8221;4.17.6&#8243; _module_preset=&#8221;default&#8221; min_height=&#8221;0px&#8221; global_colors_info=&#8221;{}&#8221;]<\/p>\n<hr>\n<p>[\/et_pb_code][\/et_pb_column][\/et_pb_row][et_pb_row column_structure=&#8221;1_4,1_4,1_4,1_4&#8243; _builder_version=&#8221;4.17.6&#8243; _module_preset=&#8221;default&#8221; min_height=&#8221;55.4px&#8221; custom_margin=&#8221;-30px|auto||auto||&#8221; custom_padding=&#8221;||0px|||&#8221; locked=&#8221;off&#8221; global_colors_info=&#8221;{}&#8221;][et_pb_column type=&#8221;1_4&#8243; _builder_version=&#8221;4.17.6&#8243; _module_preset=&#8221;default&#8221; global_colors_info=&#8221;{}&#8221;][et_pb_text content_tablet=&#8221;<\/p>\n<p style=%22text-align: left;%22><strong>Memory in autism spectrum disorder: A meta-analysis of experimental studies<\/strong><\/p>\n<p>&#8221; content_phone=&#8221;<\/p>\n<p style=%22text-align: center;%22><strong>Memory in autism spectrum disorder: A meta-analysis of experimental studies<\/strong><\/p>\n<p>&#8221; content_last_edited=&#8221;on|phone&#8221; _builder_version=&#8221;4.17.6&#8243; _module_preset=&#8221;default&#8221; width=&#8221;180%&#8221; width_tablet=&#8221;100%&#8221; width_phone=&#8221;100%&#8221; width_last_edited=&#8221;on|tablet&#8221; min_height=&#8221;5.2px&#8221; custom_margin=&#8221;0px||||false|false&#8221; custom_padding=&#8221;||2px|0px||&#8221; global_colors_info=&#8221;{}&#8221;]<\/p>\n<p style=\"text-align: left;\"><strong>Memoria nel disturbo dello spettro autistico: Una meta-analisi degli studi sperimentali<\/strong><\/p>\n<p>[\/et_pb_text][\/et_pb_column][et_pb_column type=&#8221;1_4&#8243; _builder_version=&#8221;4.17.6&#8243; _module_preset=&#8221;default&#8221; global_colors_info=&#8221;{}&#8221;][et_pb_text content_tablet=&#8221;<\/p>\n<p>Foti, F., F. De Crescenzo, G. Vivanti, D. Menghini, et S. Vicari<\/p>\n<p>&#8221; content_phone=&#8221;<\/p>\n<p style=%22text-align: center;%22>Foti, F., F. De Crescenzo, G. Vivanti, D. Menghini, et S. Vicari<\/p>\n<p>&#8221; content_last_edited=&#8221;on|phone&#8221; _builder_version=&#8221;4.17.6&#8243; _module_preset=&#8221;default&#8221; width=&#8221;120%&#8221; width_tablet=&#8221;100%&#8221; width_phone=&#8221;100%&#8221; width_last_edited=&#8221;on|tablet&#8221; custom_margin=&#8221;|||160px|false|false&#8221; custom_margin_tablet=&#8221;|||160px|false|false&#8221; custom_margin_phone=&#8221;|||0px|false|false&#8221; custom_margin_last_edited=&#8221;on|phone&#8221; locked=&#8221;off&#8221; global_colors_info=&#8221;{}&#8221;]<\/p>\n<p>Foti, F., F. De Crescenzo, G. Vivanti, D. Menghini, e S. Vicari<\/p>\n<p>[\/et_pb_text][\/et_pb_column][et_pb_column type=&#8221;1_4&#8243; _builder_version=&#8221;4.17.6&#8243; _module_preset=&#8221;default&#8221; global_colors_info=&#8221;{}&#8221;][et_pb_text content_tablet=&#8221;<\/p>\n<p><strong>2020<\/strong><\/p>\n<p>&#8221; content_phone=&#8221;<\/p>\n<p style=%22text-align: center;%22><strong>2020<\/strong><\/p>\n<p>&#8221; content_last_edited=&#8221;on|phone&#8221; _builder_version=&#8221;4.17.6&#8243; _module_preset=&#8221;default&#8221; width=&#8221;120%&#8221; width_tablet=&#8221;100%&#8221; width_phone=&#8221;100%&#8221; width_last_edited=&#8221;on|tablet&#8221; custom_margin=&#8221;|||160px|false|false&#8221; custom_margin_tablet=&#8221;|||0px|false|false&#8221; custom_margin_phone=&#8221;|||0px|false|false&#8221; custom_margin_last_edited=&#8221;on|phone&#8221; global_colors_info=&#8221;{}&#8221;]<\/p>\n<p><strong>2020<\/strong><\/p>\n<p>[\/et_pb_text][\/et_pb_column][et_pb_column type=&#8221;1_4&#8243; _builder_version=&#8221;4.17.6&#8243; _module_preset=&#8221;default&#8221; global_colors_info=&#8221;{}&#8221;][et_pb_text content_tablet=&#8221;<\/p>\n<p><strong><em>Revista CEFAC<\/em><\/strong><strong> 19<\/strong><\/p>\n<p>Consulter<\/p>\n<p>&#8221; content_phone=&#8221;<\/p>\n<p style=%22text-align: center;%22><strong><em>Revista CEFAC<\/em><\/strong><strong> 19<\/strong><\/p>\n<p style=%22text-align: center;%22>Consulter<\/p>\n<p>&#8221; content_last_edited=&#8221;on|phone&#8221; _builder_version=&#8221;4.17.6&#8243; _module_preset=&#8221;default&#8221; custom_margin_tablet=&#8221;|||160px|false|false&#8221; custom_margin_phone=&#8221;|||0px|false|false&#8221; custom_margin_last_edited=&#8221;on|tablet&#8221; locked=&#8221;off&#8221; global_colors_info=&#8221;{}&#8221;]<\/p>\n<p><strong><em>Revista CEFAC<\/em><\/strong><strong> 19<\/strong><\/p>\n<p><a href=\"https:\/\/doi.org\/10.1590\/1982-021620171917916\">Consultare<\/a><\/p>\n<p>[\/et_pb_text][\/et_pb_column][\/et_pb_row][et_pb_row _builder_version=&#8221;4.17.6&#8243; _module_preset=&#8221;default&#8221; custom_padding=&#8221;13px|||||&#8221; global_colors_info=&#8221;{}&#8221;][et_pb_column type=&#8221;4_4&#8243; _builder_version=&#8221;4.17.6&#8243; _module_preset=&#8221;default&#8221; global_colors_info=&#8221;{}&#8221;][et_pb_code _builder_version=&#8221;4.17.6&#8243; _module_preset=&#8221;default&#8221; min_height=&#8221;0px&#8221; global_colors_info=&#8221;{}&#8221;]<\/p>\n<hr>\n<p>[\/et_pb_code][\/et_pb_column][\/et_pb_row][et_pb_row column_structure=&#8221;1_4,1_4,1_4,1_4&#8243; _builder_version=&#8221;4.17.6&#8243; _module_preset=&#8221;default&#8221; min_height=&#8221;55.4px&#8221; custom_margin=&#8221;-30px|auto||auto||&#8221; custom_padding=&#8221;13px||0px|||&#8221; locked=&#8221;off&#8221; global_colors_info=&#8221;{}&#8221;][et_pb_column type=&#8221;1_4&#8243; _builder_version=&#8221;4.17.6&#8243; _module_preset=&#8221;default&#8221; global_colors_info=&#8221;{}&#8221;][et_pb_text content_tablet=&#8221;<\/p>\n<p style=%22text-align: left;%22><strong>Implicit Learning in Individuals with Autism Spectrum Disorders: A Meta-Analysis <\/strong><\/p>\n<p>&#8221; content_phone=&#8221;<\/p>\n<p style=%22text-align: center;%22><strong>Implicit Learning in Individuals with Autism Spectrum Disorders: A Meta-Analysis <\/strong><\/p>\n<p>&#8221; content_last_edited=&#8221;on|phone&#8221; _builder_version=&#8221;4.17.6&#8243; _module_preset=&#8221;default&#8221; width=&#8221;180%&#8221; width_tablet=&#8221;100%&#8221; width_phone=&#8221;100%&#8221; width_last_edited=&#8221;on|tablet&#8221; min_height=&#8221;5.2px&#8221; custom_margin=&#8221;0px||||false|false&#8221; custom_padding=&#8221;||2px|0px||&#8221; global_colors_info=&#8221;{}&#8221;]<\/p>\n<p style=\"text-align: left;\"><strong>Apprendimento implicito nelle persone con disturbi dello spettro autistico: Una meta-analisi\u00a0<\/strong><\/p>\n<p>[\/et_pb_text][\/et_pb_column][et_pb_column type=&#8221;1_4&#8243; _builder_version=&#8221;4.17.6&#8243; _module_preset=&#8221;default&#8221; global_colors_info=&#8221;{}&#8221;][et_pb_text content_tablet=&#8221;<\/p>\n<p>Foti, F., F. De Crescenzo, G. Vivanti, D. Menghini, et S. Vicari<\/p>\n<p>&#8221; content_phone=&#8221;<\/p>\n<p style=%22text-align: center;%22>Foti, F., F. De Crescenzo, G. Vivanti, D. Menghini, et S. Vicari<\/p>\n<p>&#8221; content_last_edited=&#8221;on|phone&#8221; _builder_version=&#8221;4.17.6&#8243; _module_preset=&#8221;default&#8221; width=&#8221;120%&#8221; width_tablet=&#8221;100%&#8221; width_phone=&#8221;100%&#8221; width_last_edited=&#8221;on|tablet&#8221; custom_margin=&#8221;|||160px|false|false&#8221; custom_margin_tablet=&#8221;|||160px|false|false&#8221; custom_margin_phone=&#8221;|||0px|false|false&#8221; custom_margin_last_edited=&#8221;on|phone&#8221; locked=&#8221;off&#8221; global_colors_info=&#8221;{}&#8221;]<\/p>\n<p>Foti, F., F. De Crescenzo, G. Vivanti, D. Menghini, e S. Vicari<\/p>\n<p>[\/et_pb_text][\/et_pb_column][et_pb_column type=&#8221;1_4&#8243; _builder_version=&#8221;4.17.6&#8243; _module_preset=&#8221;default&#8221; global_colors_info=&#8221;{}&#8221;][et_pb_text content_tablet=&#8221;<\/p>\n<p><strong>2015<\/strong><\/p>\n<p>&#8221; content_phone=&#8221;<\/p>\n<p style=%22text-align: center;%22><strong>2015<\/strong><\/p>\n<p>&#8221; content_last_edited=&#8221;on|phone&#8221; _builder_version=&#8221;4.17.6&#8243; _module_preset=&#8221;default&#8221; width=&#8221;120%&#8221; width_tablet=&#8221;100%&#8221; width_phone=&#8221;100%&#8221; width_last_edited=&#8221;on|tablet&#8221; custom_margin=&#8221;|||160px|false|false&#8221; custom_margin_tablet=&#8221;||-13px|0px|false|false&#8221; custom_margin_phone=&#8221;|||0px|false|false&#8221; custom_margin_last_edited=&#8221;on|phone&#8221; global_colors_info=&#8221;{}&#8221;]<\/p>\n<p><strong>2015<\/strong><\/p>\n<p>[\/et_pb_text][\/et_pb_column][et_pb_column type=&#8221;1_4&#8243; _builder_version=&#8221;4.17.6&#8243; _module_preset=&#8221;default&#8221; global_colors_info=&#8221;{}&#8221;][et_pb_text content_tablet=&#8221;<\/p>\n<p><strong><em>Revista CEFAC<\/em><\/strong><strong> 19<\/strong><\/p>\n<p>Consulter<\/p>\n<p>&#8221; content_phone=&#8221;<\/p>\n<p style=%22text-align: center;%22><strong><em>Revista CEFAC<\/em><\/strong><strong> 19<\/strong><\/p>\n<p style=%22text-align: center;%22>Consulter<\/p>\n<p>&#8221; content_last_edited=&#8221;on|phone&#8221; _builder_version=&#8221;4.17.6&#8243; _module_preset=&#8221;default&#8221; custom_margin_tablet=&#8221;|||160px|false|false&#8221; custom_margin_phone=&#8221;|||0px|false|false&#8221; custom_margin_last_edited=&#8221;on|tablet&#8221; locked=&#8221;off&#8221; global_colors_info=&#8221;{}&#8221;]<\/p>\n<p><strong><em>Revista CEFAC<\/em><\/strong><strong> 19<\/strong><\/p>\n<p><a href=\"https:\/\/doi.org\/10.1590\/1982-021620171917916\">Consultare<\/a><\/p>\n<p>[\/et_pb_text][\/et_pb_column][\/et_pb_row][et_pb_row _builder_version=&#8221;4.17.6&#8243; _module_preset=&#8221;default&#8221; custom_padding=&#8221;13px|||||&#8221; locked=&#8221;off&#8221; global_colors_info=&#8221;{}&#8221;][et_pb_column type=&#8221;4_4&#8243; _builder_version=&#8221;4.17.6&#8243; _module_preset=&#8221;default&#8221; global_colors_info=&#8221;{}&#8221;][et_pb_code _builder_version=&#8221;4.17.6&#8243; _module_preset=&#8221;default&#8221; min_height=&#8221;0px&#8221; global_colors_info=&#8221;{}&#8221;]<\/p>\n<hr>\n<p>[\/et_pb_code][\/et_pb_column][\/et_pb_row][et_pb_row column_structure=&#8221;1_4,1_4,1_4,1_4&#8243; _builder_version=&#8221;4.17.6&#8243; _module_preset=&#8221;default&#8221; min_height=&#8221;55.4px&#8221; custom_margin=&#8221;-30px|auto||auto||&#8221; custom_padding=&#8221;13px||0px|||&#8221; locked=&#8221;off&#8221; global_colors_info=&#8221;{}&#8221;][et_pb_column type=&#8221;1_4&#8243; _builder_version=&#8221;4.17.6&#8243; _module_preset=&#8221;default&#8221; global_colors_info=&#8221;{}&#8221;][et_pb_text content_tablet=&#8221;<\/p>\n<p style=%22text-align: left;%22><strong>Imaging Evidence for Disturbances in Multiple Learning and Memory Systems in Persons with Autism Spectrum Disorders<\/strong><\/p>\n<p>&#8221; content_phone=&#8221;<\/p>\n<p style=%22text-align: center;%22><strong>Imaging Evidence for Disturbances in Multiple Learning and Memory Systems in Persons with Autism Spectrum Disorders<\/strong><\/p>\n<p>&#8221; content_last_edited=&#8221;on|phone&#8221; _builder_version=&#8221;4.17.6&#8243; _module_preset=&#8221;default&#8221; width=&#8221;180%&#8221; width_tablet=&#8221;100%&#8221; width_phone=&#8221;100%&#8221; width_last_edited=&#8221;on|tablet&#8221; min_height=&#8221;5.2px&#8221; custom_margin=&#8221;0px||||false|false&#8221; custom_padding=&#8221;||2px|0px||&#8221; global_colors_info=&#8221;{}&#8221;]<\/p>\n<p style=\"text-align: left;\"><strong>Prove di imaging per disturbi in pi\u00f9 sistemi di apprendimento e memoria nelle persone con disturbi dello spettro autistico<\/strong><\/p>\n<p>[\/et_pb_text][\/et_pb_column][et_pb_column type=&#8221;1_4&#8243; _builder_version=&#8221;4.17.6&#8243; _module_preset=&#8221;default&#8221; global_colors_info=&#8221;{}&#8221;][et_pb_text content_tablet=&#8221;<\/p>\n<p>Foti, F., F. De Crescenzo, G. Vivanti, D. Menghini, et S. Vicari<\/p>\n<p>&#8221; content_phone=&#8221;<\/p>\n<p style=%22text-align: center;%22>Foti, F., F. De Crescenzo, G. Vivanti, D. Menghini, et S. Vicari<\/p>\n<p>&#8221; content_last_edited=&#8221;on|phone&#8221; _builder_version=&#8221;4.17.6&#8243; _module_preset=&#8221;default&#8221; width=&#8221;120%&#8221; width_tablet=&#8221;100%&#8221; width_phone=&#8221;100%&#8221; width_last_edited=&#8221;on|tablet&#8221; custom_margin=&#8221;|||160px|false|false&#8221; custom_margin_tablet=&#8221;|||160px|false|false&#8221; custom_margin_phone=&#8221;|||0px|false|false&#8221; custom_margin_last_edited=&#8221;on|phone&#8221; locked=&#8221;off&#8221; global_colors_info=&#8221;{}&#8221;]<\/p>\n<p>Foti, F., F. De Crescenzo, G. Vivanti, D. Menghini, e S. Vicari<\/p>\n<p>[\/et_pb_text][\/et_pb_column][et_pb_column type=&#8221;1_4&#8243; _builder_version=&#8221;4.17.6&#8243; _module_preset=&#8221;default&#8221; global_colors_info=&#8221;{}&#8221;][et_pb_text content_tablet=&#8221;<\/p>\n<p><strong>2015<\/strong><\/p>\n<p>&#8221; content_phone=&#8221;<\/p>\n<p style=%22text-align: center;%22><strong>2015<\/strong><\/p>\n<p>&#8221; content_last_edited=&#8221;on|phone&#8221; _builder_version=&#8221;4.17.6&#8243; _module_preset=&#8221;default&#8221; width=&#8221;120%&#8221; width_tablet=&#8221;100%&#8221; width_phone=&#8221;100%&#8221; width_last_edited=&#8221;on|tablet&#8221; custom_margin=&#8221;|||160px|false|false&#8221; custom_margin_tablet=&#8221;|||0px|false|false&#8221; custom_margin_phone=&#8221;|||0px|false|false&#8221; custom_margin_last_edited=&#8221;on|phone&#8221; global_colors_info=&#8221;{}&#8221;]<\/p>\n<p><strong>2015<\/strong><\/p>\n<p>[\/et_pb_text][\/et_pb_column][et_pb_column type=&#8221;1_4&#8243; _builder_version=&#8221;4.17.6&#8243; _module_preset=&#8221;default&#8221; global_colors_info=&#8221;{}&#8221;][et_pb_text content_tablet=&#8221;<\/p>\n<p><strong><em>Revista CEFAC<\/em><\/strong><strong> 19<\/strong><\/p>\n<p>Consulter<\/p>\n<p>&#8221; content_phone=&#8221;<\/p>\n<p style=%22text-align: center;%22><strong><em>Revista CEFAC<\/em><\/strong><strong> 19<\/strong><\/p>\n<p style=%22text-align: center;%22>Consulter<\/p>\n<p>&#8221; content_last_edited=&#8221;on|phone&#8221; _builder_version=&#8221;4.18.0&#8243; _module_preset=&#8221;default&#8221; custom_margin_tablet=&#8221;|||160px|false|false&#8221; custom_margin_phone=&#8221;|||0px|false|false&#8221; custom_margin_last_edited=&#8221;on|tablet&#8221; locked=&#8221;off&#8221; global_colors_info=&#8221;{}&#8221;]<\/p>\n<p><strong><em>Revista CEFAC<\/em><\/strong><strong> 19<\/strong><\/p>\n<p><a href=\"https:\/\/doi.org\/10.1590\/1982-021620171917916\">Consultare<\/a><\/p>\n<p>[\/et_pb_text][\/et_pb_column][\/et_pb_row][et_pb_row _builder_version=&#8221;4.17.6&#8243; _module_preset=&#8221;default&#8221; custom_padding=&#8221;13px|||||&#8221; locked=&#8221;off&#8221; global_colors_info=&#8221;{}&#8221;][et_pb_column type=&#8221;4_4&#8243; _builder_version=&#8221;4.17.6&#8243; _module_preset=&#8221;default&#8221; global_colors_info=&#8221;{}&#8221;][et_pb_code _builder_version=&#8221;4.17.6&#8243; _module_preset=&#8221;default&#8221; min_height=&#8221;0px&#8221; global_colors_info=&#8221;{}&#8221;]<\/p>\n<hr>\n<p>[\/et_pb_code][\/et_pb_column][\/et_pb_row][et_pb_row column_structure=&#8221;1_4,1_4,1_4,1_4&#8243; _builder_version=&#8221;4.17.6&#8243; _module_preset=&#8221;default&#8221; min_height=&#8221;55.4px&#8221; custom_margin=&#8221;-30px|auto||auto||&#8221; custom_padding=&#8221;13px||0px|||&#8221; locked=&#8221;off&#8221; global_colors_info=&#8221;{}&#8221;][et_pb_column type=&#8221;1_4&#8243; _builder_version=&#8221;4.17.6&#8243; _module_preset=&#8221;default&#8221; global_colors_info=&#8221;{}&#8221;][et_pb_text content_tablet=&#8221;<\/p>\n<p style=%22text-align: left;%22><strong>A task to manipulate attentional load, set-shifting, and inhibitory control: Convergent validity and test\u2013retest reliability of the Parametric Go\/No-Go Test<\/strong><\/p>\n<p>&#8221; content_phone=&#8221;<\/p>\n<p style=%22text-align: center;%22><strong>A task to manipulate attentional load, set-shifting, and inhibitory control: Convergent validity and test\u2013retest reliability of the Parametric Go\/No-Go Test<\/strong><\/p>\n<p>&#8221; content_last_edited=&#8221;on|phone&#8221; _builder_version=&#8221;4.18.0&#8243; _module_preset=&#8221;default&#8221; width=&#8221;180%&#8221; width_tablet=&#8221;100%&#8221; width_phone=&#8221;100%&#8221; width_last_edited=&#8221;on|tablet&#8221; min_height=&#8221;5.2px&#8221; custom_margin=&#8221;0px||||false|false&#8221; custom_padding=&#8221;||2px|0px||&#8221; global_colors_info=&#8221;{}&#8221;]<\/p>\n<p style=\"text-align: left;\"><strong>Un compito per manipolare il carico attentivo, il set-shifting e il controllo inibitorio: Validit\u00e0 convergente e affidabilit\u00e0 test-retest del Test Parametrico Vai\/Non-Vai<\/strong><\/p>\n<p>[\/et_pb_text][\/et_pb_column][et_pb_column type=&#8221;1_4&#8243; _builder_version=&#8221;4.17.6&#8243; _module_preset=&#8221;default&#8221; global_colors_info=&#8221;{}&#8221;][et_pb_text content_tablet=&#8221;<\/p>\n<p>Foti, F., F. De Crescenzo, G. Vivanti, D. Menghini, et S. Vicari<\/p>\n<p>&#8221; content_phone=&#8221;<\/p>\n<p style=%22text-align: center;%22>Foti, F., F. De Crescenzo, G. Vivanti, D. Menghini, et S. Vicari<\/p>\n<p>&#8221; content_last_edited=&#8221;on|phone&#8221; _builder_version=&#8221;4.18.0&#8243; _module_preset=&#8221;default&#8221; width=&#8221;120%&#8221; width_tablet=&#8221;100%&#8221; width_phone=&#8221;100%&#8221; width_last_edited=&#8221;on|tablet&#8221; custom_margin=&#8221;|||160px|false|false&#8221; custom_margin_tablet=&#8221;|||160px|false|false&#8221; custom_margin_phone=&#8221;|||0px|false|false&#8221; custom_margin_last_edited=&#8221;on|phone&#8221; locked=&#8221;off&#8221; global_colors_info=&#8221;{}&#8221;]<\/p>\n<p>Foti, F., F. De Crescenzo, G. Vivanti, D. Menghini, e S. Vicari<\/p>\n<p>[\/et_pb_text][\/et_pb_column][et_pb_column type=&#8221;1_4&#8243; _builder_version=&#8221;4.17.6&#8243; _module_preset=&#8221;default&#8221; global_colors_info=&#8221;{}&#8221;][et_pb_text content_tablet=&#8221;<\/p>\n<p><strong>2015<\/strong><\/p>\n<p>&#8221; content_phone=&#8221;<\/p>\n<p style=%22text-align: center;%22><strong>2015<\/strong><\/p>\n<p>&#8221; content_last_edited=&#8221;on|phone&#8221; _builder_version=&#8221;4.17.6&#8243; _module_preset=&#8221;default&#8221; width=&#8221;120%&#8221; width_tablet=&#8221;100%&#8221; width_phone=&#8221;100%&#8221; width_last_edited=&#8221;on|tablet&#8221; custom_margin=&#8221;|||160px|false|false&#8221; custom_margin_tablet=&#8221;|||0px|false|false&#8221; custom_margin_phone=&#8221;|||0px|false|false&#8221; custom_margin_last_edited=&#8221;on|phone&#8221; global_colors_info=&#8221;{}&#8221;]<\/p>\n<p><strong>2015<\/strong><\/p>\n<p>[\/et_pb_text][\/et_pb_column][et_pb_column type=&#8221;1_4&#8243; _builder_version=&#8221;4.17.6&#8243; _module_preset=&#8221;default&#8221; global_colors_info=&#8221;{}&#8221;][et_pb_text content_tablet=&#8221;<\/p>\n<p><strong><em>Revista CEFAC<\/em><\/strong><strong> 19<\/strong><\/p>\n<p>Consulter<\/p>\n<p>&#8221; content_phone=&#8221;<\/p>\n<p style=%22text-align: center;%22><strong><em>Revista CEFAC<\/em><\/strong><strong> 19<\/strong><\/p>\n<p style=%22text-align: center;%22>Consulter<\/p>\n<p>&#8221; content_last_edited=&#8221;on|phone&#8221; _builder_version=&#8221;4.17.6&#8243; _module_preset=&#8221;default&#8221; custom_margin_tablet=&#8221;|||160px|false|false&#8221; custom_margin_phone=&#8221;|||0px|false|false&#8221; custom_margin_last_edited=&#8221;on|tablet&#8221; locked=&#8221;off&#8221; global_colors_info=&#8221;{}&#8221;]<\/p>\n<p><strong><em>Revista CEFAC<\/em><\/strong><strong> 19<\/strong><\/p>\n<p><a href=\"https:\/\/doi.org\/10.1590\/1982-021620171917916\">Consultare<\/a><\/p>\n<p>[\/et_pb_text][\/et_pb_column][\/et_pb_row][et_pb_row _builder_version=&#8221;4.17.6&#8243; _module_preset=&#8221;default&#8221; custom_padding=&#8221;13px|||||&#8221; locked=&#8221;off&#8221; global_colors_info=&#8221;{}&#8221;][et_pb_column type=&#8221;4_4&#8243; _builder_version=&#8221;4.17.6&#8243; _module_preset=&#8221;default&#8221; global_colors_info=&#8221;{}&#8221;][et_pb_code _builder_version=&#8221;4.17.6&#8243; _module_preset=&#8221;default&#8221; min_height=&#8221;0px&#8221; global_colors_info=&#8221;{}&#8221;]<\/p>\n<hr>\n<p>[\/et_pb_code][\/et_pb_column][\/et_pb_row][et_pb_row column_structure=&#8221;1_4,1_4,1_4,1_4&#8243; _builder_version=&#8221;4.17.6&#8243; _module_preset=&#8221;default&#8221; min_height=&#8221;55.4px&#8221; custom_margin=&#8221;-30px|auto||auto||&#8221; custom_padding=&#8221;13px||0px|||&#8221; locked=&#8221;off&#8221; global_colors_info=&#8221;{}&#8221;][et_pb_column type=&#8221;1_4&#8243; _builder_version=&#8221;4.17.6&#8243; _module_preset=&#8221;default&#8221; global_colors_info=&#8221;{}&#8221;][et_pb_text content_tablet=&#8221;<\/p>\n<p style=%22text-align: left;%22><strong>A task to manipulate attentional load, set-shifting, and inhibitory control: Convergent validity and test\u2013retest reliability of the Parametric Go\/No-Go Test<\/strong><\/p>\n<p>&#8221; content_phone=&#8221;<\/p>\n<p style=%22text-align: center;%22><strong>A task to manipulate attentional load, set-shifting, and inhibitory control: Convergent validity and test\u2013retest reliability of the Parametric Go\/No-Go Test<\/strong><\/p>\n<p>&#8221; content_last_edited=&#8221;on|phone&#8221; _builder_version=&#8221;4.18.0&#8243; _module_preset=&#8221;default&#8221; width=&#8221;180%&#8221; width_tablet=&#8221;100%&#8221; width_phone=&#8221;100%&#8221; width_last_edited=&#8221;on|tablet&#8221; min_height=&#8221;5.2px&#8221; custom_margin=&#8221;0px||||false|false&#8221; custom_padding=&#8221;||2px|0px||&#8221; global_colors_info=&#8221;{}&#8221;]<\/p>\n<p class=\"heading-title\"><strong>La formazione cognitiva sociale \u00e8 efficace nell&#8217;autismo? Uno studio pilota su un singolo caso utilizzando il programma RC2S+<\/strong><\/p>\n<p>[\/et_pb_text][\/et_pb_column][et_pb_column type=&#8221;1_4&#8243; _builder_version=&#8221;4.17.6&#8243; _module_preset=&#8221;default&#8221; global_colors_info=&#8221;{}&#8221;][et_pb_text content_tablet=&#8221;<\/p>\n<p>Foti, F., F. De Crescenzo, G. Vivanti, D. Menghini, et S. Vicari<\/p>\n<p>&#8221; content_phone=&#8221;<\/p>\n<p style=%22text-align: center;%22>Foti, F., F. De Crescenzo, G. Vivanti, D. Menghini, et S. Vicari<\/p>\n<p>&#8221; content_last_edited=&#8221;on|phone&#8221; _builder_version=&#8221;4.18.0&#8243; _module_preset=&#8221;default&#8221; width=&#8221;120%&#8221; width_tablet=&#8221;100%&#8221; width_phone=&#8221;100%&#8221; width_last_edited=&#8221;on|tablet&#8221; custom_margin=&#8221;|||160px|false|false&#8221; custom_margin_tablet=&#8221;|||160px|false|false&#8221; custom_margin_phone=&#8221;|||0px|false|false&#8221; custom_margin_last_edited=&#8221;on|phone&#8221; locked=&#8221;off&#8221; global_colors_info=&#8221;{}&#8221;]<\/p>\n<p>Elodie Peyroux e Nicolas Franck<\/p>\n<p>[\/et_pb_text][\/et_pb_column][et_pb_column type=&#8221;1_4&#8243; _builder_version=&#8221;4.17.6&#8243; _module_preset=&#8221;default&#8221; global_colors_info=&#8221;{}&#8221;][et_pb_text content_tablet=&#8221;<\/p>\n<p><strong>2015<\/strong><\/p>\n<p>&#8221; content_phone=&#8221;<\/p>\n<p style=%22text-align: center;%22><strong>2015<\/strong><\/p>\n<p>&#8221; content_last_edited=&#8221;on|phone&#8221; _builder_version=&#8221;4.18.0&#8243; _module_preset=&#8221;default&#8221; width=&#8221;120%&#8221; width_tablet=&#8221;100%&#8221; width_phone=&#8221;100%&#8221; width_last_edited=&#8221;on|tablet&#8221; custom_margin=&#8221;|||160px|false|false&#8221; custom_margin_tablet=&#8221;|||0px|false|false&#8221; custom_margin_phone=&#8221;|||0px|false|false&#8221; custom_margin_last_edited=&#8221;on|phone&#8221; global_colors_info=&#8221;{}&#8221;]<\/p>\n<p><strong>2019<\/strong><\/p>\n<p>[\/et_pb_text][\/et_pb_column][et_pb_column type=&#8221;1_4&#8243; _builder_version=&#8221;4.17.6&#8243; _module_preset=&#8221;default&#8221; global_colors_info=&#8221;{}&#8221;][et_pb_text content_tablet=&#8221;<\/p>\n<p><strong><em>Revista CEFAC<\/em><\/strong><strong> 19<\/strong><\/p>\n<p>Consulter<\/p>\n<p>&#8221; content_phone=&#8221;<\/p>\n<p style=%22text-align: center;%22><strong><em>Revista CEFAC<\/em><\/strong><strong> 19<\/strong><\/p>\n<p style=%22text-align: center;%22>Consulter<\/p>\n<p>&#8221; content_last_edited=&#8221;on|phone&#8221; _builder_version=&#8221;4.19.2&#8243; _module_preset=&#8221;default&#8221; custom_margin_tablet=&#8221;|||160px|false|false&#8221; custom_margin_phone=&#8221;|||0px|false|false&#8221; custom_margin_last_edited=&#8221;on|tablet&#8221; locked=&#8221;off&#8221; global_colors_info=&#8221;{}&#8221;]<\/p>\n<p><b><i>Neurocaso<\/i><\/b><\/p>\n<p><a href=\"https:\/\/pubmed.ncbi.nlm.nih.gov\/31522609\/\">Consulter<\/a><\/p>\n<p>[\/et_pb_text][\/et_pb_column][\/et_pb_row][et_pb_row _builder_version=&#8221;4.17.6&#8243; _module_preset=&#8221;default&#8221; custom_padding=&#8221;13px|||||&#8221; locked=&#8221;off&#8221; global_colors_info=&#8221;{}&#8221;][et_pb_column type=&#8221;4_4&#8243; _builder_version=&#8221;4.17.6&#8243; _module_preset=&#8221;default&#8221; global_colors_info=&#8221;{}&#8221;][et_pb_code _builder_version=&#8221;4.17.6&#8243; _module_preset=&#8221;default&#8221; min_height=&#8221;0px&#8221; global_colors_info=&#8221;{}&#8221;]<\/p>\n<hr>\n<p>[\/et_pb_code][\/et_pb_column][\/et_pb_row][et_pb_row column_structure=&#8221;1_4,1_4,1_4,1_4&#8243; _builder_version=&#8221;4.17.6&#8243; _module_preset=&#8221;default&#8221; min_height=&#8221;55.4px&#8221; custom_margin=&#8221;-30px|auto||auto||&#8221; custom_padding=&#8221;13px||0px|||&#8221; locked=&#8221;off&#8221; global_colors_info=&#8221;{}&#8221;][et_pb_column type=&#8221;1_4&#8243; _builder_version=&#8221;4.17.6&#8243; _module_preset=&#8221;default&#8221; global_colors_info=&#8221;{}&#8221;][et_pb_text content_tablet=&#8221;<\/p>\n<p style=%22text-align: left;%22><strong>A task to manipulate attentional load, set-shifting, and inhibitory control: Convergent validity and test\u2013retest reliability of the Parametric Go\/No-Go Test<\/strong><\/p>\n<p>&#8221; content_phone=&#8221;<\/p>\n<p style=%22text-align: center;%22><strong>A task to manipulate attentional load, set-shifting, and inhibitory control: Convergent validity and test\u2013retest reliability of the Parametric Go\/No-Go Test<\/strong><\/p>\n<p>&#8221; content_last_edited=&#8221;on|phone&#8221; _builder_version=&#8221;4.18.0&#8243; _module_preset=&#8221;default&#8221; width=&#8221;180%&#8221; width_tablet=&#8221;100%&#8221; width_phone=&#8221;100%&#8221; width_last_edited=&#8221;on|tablet&#8221; min_height=&#8221;5.2px&#8221; custom_margin=&#8221;0px||||false|false&#8221; custom_padding=&#8221;||2px|0px||&#8221; global_colors_info=&#8221;{}&#8221;]<\/p>\n<p class=\"nova-legacy-e-text nova-legacy-e-text--size-xl nova-legacy-e-text--family-sans-serif nova-legacy-e-text--spacing-none nova-legacy-e-text--color-grey-900 research-detail-header-section__title\"><strong>\u00abCognitus &amp; Moi\u00bb: Un Programma di Rimedi Cognitivi Basato su Computer per Bambini con Disabilit\u00e0 Intellettiva<\/strong><\/p>\n<div class=\"research-detail-header-section__metadata\">\n<div class=\"nova-legacy-e-text nova-legacy-e-text--size-m nova-legacy-e-text--family-sans-serif nova-legacy-e-text--spacing-xxs nova-legacy-e-text--color-grey-700\">\u00a0<\/div>\n<\/div>\n<p>[\/et_pb_text][\/et_pb_column][et_pb_column type=&#8221;1_4&#8243; _builder_version=&#8221;4.17.6&#8243; _module_preset=&#8221;default&#8221; global_colors_info=&#8221;{}&#8221;][et_pb_text content_tablet=&#8221;<\/p>\n<p>Foti, F., F. De Crescenzo, G. Vivanti, D. Menghini, et S. Vicari<\/p>\n<p>&#8221; content_phone=&#8221;<\/p>\n<p style=%22text-align: center;%22>Foti, F., F. De Crescenzo, G. Vivanti, D. Menghini, et S. Vicari<\/p>\n<p>&#8221; content_last_edited=&#8221;on|phone&#8221; _builder_version=&#8221;4.18.0&#8243; _module_preset=&#8221;default&#8221; width=&#8221;120%&#8221; width_tablet=&#8221;100%&#8221; width_phone=&#8221;100%&#8221; width_last_edited=&#8221;on|tablet&#8221; custom_margin=&#8221;|||160px|false|false&#8221; custom_margin_tablet=&#8221;|||160px|false|false&#8221; custom_margin_phone=&#8221;|||0px|false|false&#8221; custom_margin_last_edited=&#8221;on|phone&#8221; locked=&#8221;off&#8221; global_colors_info=&#8221;{}&#8221;]<\/p>\n<p>Caroline Demily, Caroline Rigard, Elodie Peyroux e Gabrielle Chesnoy-Servanin<\/p>\n<p>[\/et_pb_text][\/et_pb_column][et_pb_column type=&#8221;1_4&#8243; _builder_version=&#8221;4.17.6&#8243; _module_preset=&#8221;default&#8221; global_colors_info=&#8221;{}&#8221;][et_pb_text content_tablet=&#8221;<\/p>\n<p><strong>2015<\/strong><\/p>\n<p>&#8221; content_phone=&#8221;<\/p>\n<p style=%22text-align: center;%22><strong>2015<\/strong><\/p>\n<p>&#8221; content_last_edited=&#8221;on|phone&#8221; _builder_version=&#8221;4.18.0&#8243; _module_preset=&#8221;default&#8221; width=&#8221;120%&#8221; width_tablet=&#8221;100%&#8221; width_phone=&#8221;100%&#8221; width_last_edited=&#8221;on|tablet&#8221; custom_margin=&#8221;|||160px|false|false&#8221; custom_margin_tablet=&#8221;|||0px|false|false&#8221; custom_margin_phone=&#8221;|||0px|false|false&#8221; custom_margin_last_edited=&#8221;on|phone&#8221; global_colors_info=&#8221;{}&#8221;]<\/p>\n<p><strong>2016<\/strong><\/p>\n<p>[\/et_pb_text][\/et_pb_column][et_pb_column type=&#8221;1_4&#8243; _builder_version=&#8221;4.17.6&#8243; _module_preset=&#8221;default&#8221; global_colors_info=&#8221;{}&#8221;][et_pb_text content_tablet=&#8221;<\/p>\n<p><strong><em>Revista CEFAC<\/em><\/strong><strong> 19<\/strong><\/p>\n<p>Consulter<\/p>\n<p>&#8221; content_phone=&#8221;<\/p>\n<p style=%22text-align: center;%22><strong><em>Revista CEFAC<\/em><\/strong><strong> 19<\/strong><\/p>\n<p style=%22text-align: center;%22>Consulter<\/p>\n<p>&#8221; content_last_edited=&#8221;on|phone&#8221; _builder_version=&#8221;4.19.2&#8243; _module_preset=&#8221;default&#8221; custom_margin_tablet=&#8221;|||160px|false|false&#8221; custom_margin_phone=&#8221;|||0px|false|false&#8221; custom_margin_last_edited=&#8221;on|tablet&#8221; locked=&#8221;off&#8221; global_colors_info=&#8221;{}&#8221;]<\/p>\n<p><b><i>Frontiers in Psychiatry<\/i><\/b><\/p>\n<p><a href=\"https:\/\/www.researchgate.net\/publication\/294257525_Cognitus_Moi_A_Computer-Based_Cognitive_Remediation_Program_for_Children_with_Intellectual_Disability\">Consultare<\/a><\/p>\n<p>[\/et_pb_text][\/et_pb_column][\/et_pb_row][et_pb_row _builder_version=&#8221;4.17.6&#8243; _module_preset=&#8221;default&#8221; custom_padding=&#8221;13px|||||&#8221; locked=&#8221;off&#8221; global_colors_info=&#8221;{}&#8221;][et_pb_column type=&#8221;4_4&#8243; _builder_version=&#8221;4.17.6&#8243; _module_preset=&#8221;default&#8221; global_colors_info=&#8221;{}&#8221;][et_pb_code _builder_version=&#8221;4.17.6&#8243; _module_preset=&#8221;default&#8221; min_height=&#8221;0px&#8221; global_colors_info=&#8221;{}&#8221;]<\/p>\n<hr>\n<p>[\/et_pb_code][\/et_pb_column][\/et_pb_row][et_pb_row column_structure=&#8221;1_4,1_4,1_4,1_4&#8243; _builder_version=&#8221;4.17.6&#8243; _module_preset=&#8221;default&#8221; min_height=&#8221;55.4px&#8221; custom_margin=&#8221;-30px|auto||auto||&#8221; custom_padding=&#8221;13px||0px|||&#8221; locked=&#8221;off&#8221; global_colors_info=&#8221;{}&#8221;][et_pb_column type=&#8221;1_4&#8243; _builder_version=&#8221;4.17.6&#8243; _module_preset=&#8221;default&#8221; global_colors_info=&#8221;{}&#8221;][et_pb_text content_tablet=&#8221;<\/p>\n<p style=%22text-align: left;%22><strong>A task to manipulate attentional load, set-shifting, and inhibitory control: Convergent validity and test\u2013retest reliability of the Parametric Go\/No-Go Test<\/strong><\/p>\n<p>&#8221; content_phone=&#8221;<\/p>\n<p style=%22text-align: center;%22><strong>A task to manipulate attentional load, set-shifting, and inhibitory control: Convergent validity and test\u2013retest reliability of the Parametric Go\/No-Go Test<\/strong><\/p>\n<p>&#8221; content_last_edited=&#8221;on|phone&#8221; _builder_version=&#8221;4.18.0&#8243; _module_preset=&#8221;default&#8221; width=&#8221;180%&#8221; width_tablet=&#8221;100%&#8221; width_phone=&#8221;100%&#8221; width_last_edited=&#8221;on|tablet&#8221; min_height=&#8221;5.2px&#8221; custom_margin=&#8221;0px||||false|false&#8221; custom_padding=&#8221;||2px|0px||&#8221; global_colors_info=&#8221;{}&#8221;]<\/p>\n<p class=\"nova-legacy-e-text nova-legacy-e-text--size-xl nova-legacy-e-text--family-sans-serif nova-legacy-e-text--spacing-none nova-legacy-e-text--color-grey-900 research-detail-header-section__title\"><strong>Rimedi dei Deficit nel Riconoscimento delle Emozioni Facciali nei Bambini con Disturbi dello Spettro Autistico<\/strong><\/p>\n<div class=\"research-detail-header-section__metadata\">\n<div class=\"nova-legacy-e-text nova-legacy-e-text--size-m nova-legacy-e-text--family-sans-serif nova-legacy-e-text--spacing-xxs nova-legacy-e-text--color-grey-700\">\u00a0<\/div>\n<\/div>\n<p>[\/et_pb_text][\/et_pb_column][et_pb_column type=&#8221;1_4&#8243; _builder_version=&#8221;4.17.6&#8243; _module_preset=&#8221;default&#8221; global_colors_info=&#8221;{}&#8221;][et_pb_text content_tablet=&#8221;<\/p>\n<p>Foti, F., F. De Crescenzo, G. Vivanti, D. Menghini, et S. Vicari<\/p>\n<p>&#8221; content_phone=&#8221;<\/p>\n<p style=%22text-align: center;%22>Foti, F., F. De Crescenzo, G. Vivanti, D. Menghini, et S. Vicari<\/p>\n<p>&#8221; content_last_edited=&#8221;on|phone&#8221; _builder_version=&#8221;4.18.0&#8243; _module_preset=&#8221;default&#8221; width=&#8221;120%&#8221; width_tablet=&#8221;100%&#8221; width_phone=&#8221;100%&#8221; width_last_edited=&#8221;on|tablet&#8221; custom_margin=&#8221;|||160px|false|false&#8221; custom_margin_tablet=&#8221;|||160px|false|false&#8221; custom_margin_phone=&#8221;|||0px|false|false&#8221; custom_margin_last_edited=&#8221;on|phone&#8221; locked=&#8221;off&#8221; global_colors_info=&#8221;{}&#8221;]<\/p>\n<p>Paige M. Weinger BS e Richard A. Depue<\/p>\n<p>[\/et_pb_text][\/et_pb_column][et_pb_column type=&#8221;1_4&#8243; _builder_version=&#8221;4.17.6&#8243; _module_preset=&#8221;default&#8221; global_colors_info=&#8221;{}&#8221;][et_pb_text content_tablet=&#8221;<\/p>\n<p><strong>2015<\/strong><\/p>\n<p>&#8221; content_phone=&#8221;<\/p>\n<p style=%22text-align: center;%22><strong>2015<\/strong><\/p>\n<p>&#8221; content_last_edited=&#8221;on|phone&#8221; _builder_version=&#8221;4.18.0&#8243; _module_preset=&#8221;default&#8221; width=&#8221;120%&#8221; width_tablet=&#8221;100%&#8221; width_phone=&#8221;100%&#8221; width_last_edited=&#8221;on|tablet&#8221; custom_margin=&#8221;|||160px|false|false&#8221; custom_margin_tablet=&#8221;|||0px|false|false&#8221; custom_margin_phone=&#8221;|||0px|false|false&#8221; custom_margin_last_edited=&#8221;on|phone&#8221; global_colors_info=&#8221;{}&#8221;]<\/p>\n<p><strong>2011<\/strong><\/p>\n<p>[\/et_pb_text][\/et_pb_column][et_pb_column type=&#8221;1_4&#8243; _builder_version=&#8221;4.17.6&#8243; _module_preset=&#8221;default&#8221; global_colors_info=&#8221;{}&#8221;][et_pb_text content_tablet=&#8221;<\/p>\n<p><strong><em>Revista CEFAC<\/em><\/strong><strong> 19<\/strong><\/p>\n<p>Consulter<\/p>\n<p>&#8221; content_phone=&#8221;<\/p>\n<p style=%22text-align: center;%22><strong><em>Revista CEFAC<\/em><\/strong><strong> 19<\/strong><\/p>\n<p style=%22text-align: center;%22>Consulter<\/p>\n<p>&#8221; content_last_edited=&#8221;on|phone&#8221; _builder_version=&#8221;4.19.2&#8243; _module_preset=&#8221;default&#8221; custom_margin_tablet=&#8221;|||160px|false|false&#8221; custom_margin_phone=&#8221;|||0px|false|false&#8221; custom_margin_last_edited=&#8221;on|tablet&#8221; locked=&#8221;off&#8221; global_colors_info=&#8221;{}&#8221;]<\/p>\n<p><b><i>Child &amp; Family Behavior Therapy<\/i><\/b><\/p>\n<p><a href=\"https:\/\/www.tandfonline.com\/doi\/full\/10.1080\/07317107.2011.545008?scroll=top&amp;needAccess=true\">Consultare<\/a><\/p>\n<p>[\/et_pb_text][\/et_pb_column][\/et_pb_row][et_pb_row _builder_version=&#8221;4.17.6&#8243; _module_preset=&#8221;default&#8221; custom_padding=&#8221;13px|||||&#8221; locked=&#8221;off&#8221; global_colors_info=&#8221;{}&#8221;][et_pb_column type=&#8221;4_4&#8243; _builder_version=&#8221;4.17.6&#8243; _module_preset=&#8221;default&#8221; global_colors_info=&#8221;{}&#8221;][et_pb_code _builder_version=&#8221;4.17.6&#8243; _module_preset=&#8221;default&#8221; min_height=&#8221;0px&#8221; global_colors_info=&#8221;{}&#8221;]<\/p>\n<hr>\n<p>[\/et_pb_code][\/et_pb_column][\/et_pb_row][et_pb_row column_structure=&#8221;1_4,1_4,1_4,1_4&#8243; _builder_version=&#8221;4.17.6&#8243; _module_preset=&#8221;default&#8221; min_height=&#8221;55.4px&#8221; custom_margin=&#8221;-30px|auto||auto||&#8221; custom_padding=&#8221;13px||0px|||&#8221; locked=&#8221;off&#8221; global_colors_info=&#8221;{}&#8221;][et_pb_column type=&#8221;1_4&#8243; _builder_version=&#8221;4.17.6&#8243; _module_preset=&#8221;default&#8221; global_colors_info=&#8221;{}&#8221;][et_pb_text content_tablet=&#8221;<\/p>\n<p style=%22text-align: left;%22><strong>A task to manipulate attentional load, set-shifting, and inhibitory control: Convergent validity and test\u2013retest reliability of the Parametric Go\/No-Go Test<\/strong><\/p>\n<p>&#8221; content_phone=&#8221;<\/p>\n<p style=%22text-align: center;%22><strong>A task to manipulate attentional load, set-shifting, and inhibitory control: Convergent validity and test\u2013retest reliability of the Parametric Go\/No-Go Test<\/strong><\/p>\n<p>&#8221; content_last_edited=&#8221;on|phone&#8221; _builder_version=&#8221;4.18.0&#8243; _module_preset=&#8221;default&#8221; width=&#8221;180%&#8221; width_tablet=&#8221;100%&#8221; width_phone=&#8221;100%&#8221; width_last_edited=&#8221;on|tablet&#8221; min_height=&#8221;5.2px&#8221; custom_margin=&#8221;0px||||false|false&#8221; custom_padding=&#8221;||2px|0px||&#8221; global_colors_info=&#8221;{}&#8221;]<\/p>\n<p class=\"document-title text-2xl-md-lh\"><strong>eMot-iCan: Progettazione di un gioco di valutazione per il riconoscimento delle emozioni nei giocatori con autismo<\/strong><\/p>\n<div class=\"research-detail-header-section__metadata\">\n<div class=\"nova-legacy-e-text nova-legacy-e-text--size-m nova-legacy-e-text--family-sans-serif nova-legacy-e-text--spacing-xxs nova-legacy-e-text--color-grey-700\">\u00a0<\/div>\n<\/div>\n<p>[\/et_pb_text][\/et_pb_column][et_pb_column type=&#8221;1_4&#8243; _builder_version=&#8221;4.17.6&#8243; _module_preset=&#8221;default&#8221; global_colors_info=&#8221;{}&#8221;][et_pb_text content_tablet=&#8221;<\/p>\n<p>Foti, F., F. De Crescenzo, G. Vivanti, D. Menghini, et S. Vicari<\/p>\n<p>&#8221; content_phone=&#8221;<\/p>\n<p style=%22text-align: center;%22>Foti, F., F. De Crescenzo, G. Vivanti, D. Menghini, et S. Vicari<\/p>\n<p>&#8221; content_last_edited=&#8221;on|phone&#8221; _builder_version=&#8221;4.18.0&#8243; _module_preset=&#8221;default&#8221; width=&#8221;120%&#8221; width_tablet=&#8221;100%&#8221; width_phone=&#8221;100%&#8221; width_last_edited=&#8221;on|tablet&#8221; custom_margin=&#8221;|||160px|false|false&#8221; custom_margin_tablet=&#8221;|||160px|false|false&#8221; custom_margin_phone=&#8221;|||0px|false|false&#8221; custom_margin_last_edited=&#8221;on|phone&#8221; locked=&#8221;off&#8221; global_colors_info=&#8221;{}&#8221;]<\/p>\n<p>Deborah Sturm, Edward Peppe e Bertam Ploog<\/p>\n<p>[\/et_pb_text][\/et_pb_column][et_pb_column type=&#8221;1_4&#8243; _builder_version=&#8221;4.17.6&#8243; _module_preset=&#8221;default&#8221; global_colors_info=&#8221;{}&#8221;][et_pb_text content_tablet=&#8221;<\/p>\n<p><strong>2015<\/strong><\/p>\n<p>&#8221; content_phone=&#8221;<\/p>\n<p style=%22text-align: center;%22><strong>2015<\/strong><\/p>\n<p>&#8221; content_last_edited=&#8221;on|phone&#8221; _builder_version=&#8221;4.18.0&#8243; _module_preset=&#8221;default&#8221; width=&#8221;120%&#8221; width_tablet=&#8221;100%&#8221; width_phone=&#8221;100%&#8221; width_last_edited=&#8221;on|tablet&#8221; custom_margin=&#8221;|||160px|false|false&#8221; custom_margin_tablet=&#8221;|||0px|false|false&#8221; custom_margin_phone=&#8221;|||0px|false|false&#8221; custom_margin_last_edited=&#8221;on|phone&#8221; global_colors_info=&#8221;{}&#8221;]<\/p>\n<p><strong>2016<\/strong><\/p>\n<p>[\/et_pb_text][\/et_pb_column][et_pb_column type=&#8221;1_4&#8243; _builder_version=&#8221;4.17.6&#8243; _module_preset=&#8221;default&#8221; global_colors_info=&#8221;{}&#8221;][et_pb_text content_tablet=&#8221;<\/p>\n<p><strong><em>Revista CEFAC<\/em><\/strong><strong> 19<\/strong><\/p>\n<p>Consulter<\/p>\n<p>&#8221; content_phone=&#8221;<\/p>\n<p style=%22text-align: center;%22><strong><em>Revista CEFAC<\/em><\/strong><strong> 19<\/strong><\/p>\n<p style=%22text-align: center;%22>Consulter<\/p>\n<p>&#8221; content_last_edited=&#8221;on|phone&#8221; _builder_version=&#8221;4.19.2&#8243; _module_preset=&#8221;default&#8221; custom_margin_tablet=&#8221;|||160px|false|false&#8221; custom_margin_phone=&#8221;|||0px|false|false&#8221; custom_margin_last_edited=&#8221;on|tablet&#8221; locked=&#8221;off&#8221; global_colors_info=&#8221;{}&#8221;]<\/p>\n<p><b><i>SeGAH<\/i><\/b><\/p>\n<p><a href=\"https:\/\/www.inserm.fr\/nos-recherches\/recherche-clinique\/essais-cliniques-recherches-interventionnelles-portant-sur-produit-sante\/\">Consultare<\/a><\/p>\n<p>[\/et_pb_text][\/et_pb_column][\/et_pb_row][et_pb_row _builder_version=&#8221;4.18.0&#8243; _module_preset=&#8221;default&#8221; custom_padding=&#8221;13px|||||&#8221; locked=&#8221;off&#8221; global_colors_info=&#8221;{}&#8221;][et_pb_column type=&#8221;4_4&#8243; _builder_version=&#8221;4.17.6&#8243; _module_preset=&#8221;default&#8221; global_colors_info=&#8221;{}&#8221;][et_pb_code _builder_version=&#8221;4.17.6&#8243; _module_preset=&#8221;default&#8221; min_height=&#8221;0px&#8221; global_colors_info=&#8221;{}&#8221;]<\/p>\n<hr>\n<p>[\/et_pb_code][\/et_pb_column][\/et_pb_row][et_pb_row column_structure=&#8221;1_4,1_4,1_4,1_4&#8243; _builder_version=&#8221;4.17.6&#8243; _module_preset=&#8221;default&#8221; min_height=&#8221;55.4px&#8221; custom_margin=&#8221;-30px|auto||auto||&#8221; custom_padding=&#8221;13px||0px|||&#8221; locked=&#8221;off&#8221; global_colors_info=&#8221;{}&#8221;][et_pb_column type=&#8221;1_4&#8243; _builder_version=&#8221;4.17.6&#8243; _module_preset=&#8221;default&#8221; global_colors_info=&#8221;{}&#8221;][et_pb_text content_tablet=&#8221;<\/p>\n<p style=%22text-align: left;%22><strong>A task to manipulate attentional load, set-shifting, and inhibitory control: Convergent validity and test\u2013retest reliability of the Parametric Go\/No-Go Test<\/strong><\/p>\n<p>&#8221; content_phone=&#8221;<\/p>\n<p style=%22text-align: center;%22><strong>A task to manipulate attentional load, set-shifting, and inhibitory control: Convergent validity and test\u2013retest reliability of the Parametric Go\/No-Go Test<\/strong><\/p>\n<p>&#8221; content_last_edited=&#8221;on|phone&#8221; _builder_version=&#8221;4.18.0&#8243; _module_preset=&#8221;default&#8221; width=&#8221;180%&#8221; width_tablet=&#8221;100%&#8221; width_phone=&#8221;100%&#8221; width_last_edited=&#8221;on|tablet&#8221; min_height=&#8221;5.2px&#8221; custom_margin=&#8221;0px||||false|false&#8221; custom_padding=&#8221;||2px|0px||&#8221; global_colors_info=&#8221;{}&#8221;]<\/p>\n<p class=\"document-title text-2xl-md-lh\"><strong>Effetti clinici e psicologici del tempo eccessivo davanti allo schermo <\/strong><strong>sui bambini<\/strong><\/p>\n<div class=\"research-detail-header-section__metadata\">\n<div class=\"nova-legacy-e-text nova-legacy-e-text--size-m nova-legacy-e-text--family-sans-serif nova-legacy-e-text--spacing-xxs nova-legacy-e-text--color-grey-700\">\u00a0<\/div>\n<\/div>\n<p>[\/et_pb_text][\/et_pb_column][et_pb_column type=&#8221;1_4&#8243; _builder_version=&#8221;4.17.6&#8243; _module_preset=&#8221;default&#8221; global_colors_info=&#8221;{}&#8221;][et_pb_text content_tablet=&#8221;<\/p>\n<p>Foti, F., F. De Crescenzo, G. Vivanti, D. Menghini, et S. Vicari<\/p>\n<p>&#8221; content_phone=&#8221;<\/p>\n<p style=%22text-align: center;%22>Foti, F., F. De Crescenzo, G. Vivanti, D. Menghini, et S. Vicari<\/p>\n<p>&#8221; content_last_edited=&#8221;on|phone&#8221; _builder_version=&#8221;4.18.0&#8243; _module_preset=&#8221;default&#8221; width=&#8221;120%&#8221; width_tablet=&#8221;100%&#8221; width_phone=&#8221;100%&#8221; width_last_edited=&#8221;on|tablet&#8221; custom_margin=&#8221;|||160px|false|false&#8221; custom_margin_tablet=&#8221;|||160px|false|false&#8221; custom_margin_phone=&#8221;|||0px|false|false&#8221; custom_margin_last_edited=&#8221;on|phone&#8221; locked=&#8221;off&#8221; global_colors_info=&#8221;{}&#8221;]<\/p>\n<p>Sophie Domingues-Montanari<\/p>\n<p>[\/et_pb_text][\/et_pb_column][et_pb_column type=&#8221;1_4&#8243; _builder_version=&#8221;4.17.6&#8243; _module_preset=&#8221;default&#8221; global_colors_info=&#8221;{}&#8221;][et_pb_text content_tablet=&#8221;<\/p>\n<p><strong>2015<\/strong><\/p>\n<p>&#8221; content_phone=&#8221;<\/p>\n<p style=%22text-align: center;%22><strong>2015<\/strong><\/p>\n<p>&#8221; content_last_edited=&#8221;on|phone&#8221; _builder_version=&#8221;4.18.0&#8243; _module_preset=&#8221;default&#8221; width=&#8221;120%&#8221; width_tablet=&#8221;100%&#8221; width_phone=&#8221;100%&#8221; width_last_edited=&#8221;on|tablet&#8221; custom_margin=&#8221;|||160px|false|false&#8221; custom_margin_tablet=&#8221;|||0px|false|false&#8221; custom_margin_phone=&#8221;|||0px|false|false&#8221; custom_margin_last_edited=&#8221;on|phone&#8221; global_colors_info=&#8221;{}&#8221;]<\/p>\n<p><strong>2017<\/strong><\/p>\n<p>[\/et_pb_text][\/et_pb_column][et_pb_column type=&#8221;1_4&#8243; _builder_version=&#8221;4.17.6&#8243; _module_preset=&#8221;default&#8221; global_colors_info=&#8221;{}&#8221;][et_pb_text content_tablet=&#8221;<\/p>\n<p><strong><em>Revista CEFAC<\/em><\/strong><strong> 19<\/strong><\/p>\n<p>Consulter<\/p>\n<p>&#8221; content_phone=&#8221;<\/p>\n<p style=%22text-align: center;%22><strong><em>Revista CEFAC<\/em><\/strong><strong> 19<\/strong><\/p>\n<p style=%22text-align: center;%22>Consulter<\/p>\n<p>&#8221; content_last_edited=&#8221;on|phone&#8221; _builder_version=&#8221;4.19.2&#8243; _module_preset=&#8221;default&#8221; custom_margin_tablet=&#8221;|||160px|false|false&#8221; custom_margin_phone=&#8221;|||0px|false|false&#8221; custom_margin_last_edited=&#8221;on|tablet&#8221; locked=&#8221;off&#8221; global_colors_info=&#8221;{}&#8221;]<\/p>\n<p><b><i>Giornale di Pediatria e Salute del Bambino<\/i><\/b><\/p>\n<p><a href=\"https:\/\/pubmed.ncbi.nlm.nih.gov\/28168778\/\">Consulter<\/a><\/p>\n<p>[\/et_pb_text][\/et_pb_column][\/et_pb_row][et_pb_row _builder_version=&#8221;4.18.0&#8243; _module_preset=&#8221;default&#8221; custom_padding=&#8221;13px|||||&#8221; locked=&#8221;off&#8221; global_colors_info=&#8221;{}&#8221;][et_pb_column type=&#8221;4_4&#8243; _builder_version=&#8221;4.17.6&#8243; _module_preset=&#8221;default&#8221; global_colors_info=&#8221;{}&#8221;][et_pb_code _builder_version=&#8221;4.17.6&#8243; _module_preset=&#8221;default&#8221; min_height=&#8221;0px&#8221; global_colors_info=&#8221;{}&#8221;]<\/p>\n<hr>\n<p>[\/et_pb_code][\/et_pb_column][\/et_pb_row][et_pb_row column_structure=&#8221;1_4,1_4,1_4,1_4&#8243; _builder_version=&#8221;4.17.6&#8243; _module_preset=&#8221;default&#8221; min_height=&#8221;55.4px&#8221; custom_margin=&#8221;-30px|auto||auto||&#8221; custom_padding=&#8221;13px||0px|||&#8221; locked=&#8221;off&#8221; global_colors_info=&#8221;{}&#8221;][et_pb_column type=&#8221;1_4&#8243; _builder_version=&#8221;4.17.6&#8243; _module_preset=&#8221;default&#8221; global_colors_info=&#8221;{}&#8221;][et_pb_text content_tablet=&#8221;<\/p>\n<p style=%22text-align: left;%22><strong>A task to manipulate attentional load, set-shifting, and inhibitory control: Convergent validity and test\u2013retest reliability of the Parametric Go\/No-Go Test<\/strong><\/p>\n<p>&#8221; content_phone=&#8221;<\/p>\n<p style=%22text-align: center;%22><strong>A task to manipulate attentional load, set-shifting, and inhibitory control: Convergent validity and test\u2013retest reliability of the Parametric Go\/No-Go Test<\/strong><\/p>\n<p>&#8221; content_last_edited=&#8221;on|phone&#8221; _builder_version=&#8221;4.18.0&#8243; _module_preset=&#8221;default&#8221; width=&#8221;180%&#8221; width_tablet=&#8221;100%&#8221; width_phone=&#8221;100%&#8221; width_last_edited=&#8221;on|tablet&#8221; min_height=&#8221;5.2px&#8221; custom_margin=&#8221;0px||||false|false&#8221; custom_padding=&#8221;||2px|0px||&#8221; global_colors_info=&#8221;{}&#8221;]<\/p>\n<p class=\"document-title text-2xl-md-lh\"><strong>Tempo di Schermo per Bambini e Adolescenti Durante la<\/strong><br \/><strong>Pandemia della Malattia da Coronavirus 2019<\/strong><\/p>\n<div class=\"research-detail-header-section__metadata\">\n<div class=\"nova-legacy-e-text nova-legacy-e-text--size-m nova-legacy-e-text--family-sans-serif nova-legacy-e-text--spacing-xxs nova-legacy-e-text--color-grey-700\">\u00a0<\/div>\n<\/div>\n<p>[\/et_pb_text][\/et_pb_column][et_pb_column type=&#8221;1_4&#8243; _builder_version=&#8221;4.17.6&#8243; _module_preset=&#8221;default&#8221; global_colors_info=&#8221;{}&#8221;][et_pb_text content_tablet=&#8221;<\/p>\n<p>Foti, F., F. De Crescenzo, G. Vivanti, D. Menghini, et S. Vicari<\/p>\n<p>&#8221; content_phone=&#8221;<\/p>\n<p style=%22text-align: center;%22>Foti, F., F. De Crescenzo, G. Vivanti, D. Menghini, et S. Vicari<\/p>\n<p>&#8221; content_last_edited=&#8221;on|phone&#8221; _builder_version=&#8221;4.18.0&#8243; _module_preset=&#8221;default&#8221; width=&#8221;120%&#8221; width_tablet=&#8221;100%&#8221; width_phone=&#8221;100%&#8221; width_last_edited=&#8221;on|tablet&#8221; custom_margin=&#8221;|||160px|false|false&#8221; custom_margin_tablet=&#8221;|||160px|false|false&#8221; custom_margin_phone=&#8221;|||0px|false|false&#8221; custom_margin_last_edited=&#8221;on|phone&#8221; locked=&#8221;off&#8221; global_colors_info=&#8221;{}&#8221;]<\/p>\n<p>Jason M. Nagata, Hoda S. Abdel Magid e Kelley Pettee Gabriel<\/p>\n<p>[\/et_pb_text][\/et_pb_column][et_pb_column type=&#8221;1_4&#8243; _builder_version=&#8221;4.17.6&#8243; _module_preset=&#8221;default&#8221; global_colors_info=&#8221;{}&#8221;][et_pb_text content_tablet=&#8221;<\/p>\n<p><strong>2015<\/strong><\/p>\n<p>&#8221; content_phone=&#8221;<\/p>\n<p style=%22text-align: center;%22><strong>2015<\/strong><\/p>\n<p>&#8221; content_last_edited=&#8221;on|phone&#8221; _builder_version=&#8221;4.18.0&#8243; _module_preset=&#8221;default&#8221; width=&#8221;120%&#8221; width_tablet=&#8221;100%&#8221; width_phone=&#8221;100%&#8221; width_last_edited=&#8221;on|tablet&#8221; custom_margin=&#8221;|||160px|false|false&#8221; custom_margin_tablet=&#8221;|||0px|false|false&#8221; custom_margin_phone=&#8221;|||0px|false|false&#8221; custom_margin_last_edited=&#8221;on|phone&#8221; global_colors_info=&#8221;{}&#8221;]<\/p>\n<p><strong>2020<\/strong><\/p>\n<p>[\/et_pb_text][\/et_pb_column][et_pb_column type=&#8221;1_4&#8243; _builder_version=&#8221;4.17.6&#8243; _module_preset=&#8221;default&#8221; global_colors_info=&#8221;{}&#8221;][et_pb_text content_tablet=&#8221;<\/p>\n<p><strong><em>Revista CEFAC<\/em><\/strong><strong> 19<\/strong><\/p>\n<p>Consulter<\/p>\n<p>&#8221; content_phone=&#8221;<\/p>\n<p style=%22text-align: center;%22><strong><em>Revista CEFAC<\/em><\/strong><strong> 19<\/strong><\/p>\n<p style=%22text-align: center;%22>Consulter<\/p>\n<p>&#8221; content_last_edited=&#8221;on|phone&#8221; _builder_version=&#8221;4.19.2&#8243; _module_preset=&#8221;default&#8221; custom_margin_tablet=&#8221;|||160px|false|false&#8221; custom_margin_phone=&#8221;|||0px|false|false&#8221; custom_margin_last_edited=&#8221;on|tablet&#8221; locked=&#8221;off&#8221; global_colors_info=&#8221;{}&#8221;]<\/p>\n<p><b><i>ProQuest<\/i><\/b><\/p>\n<p><a href=\"https:\/\/www.proquest.com\/openview\/71d5d49f8d77ce9f0eff3bf791e90eaa\/1?pq-origsite=gscholar&amp;cbl=105348\">Consultare<\/a><\/p>\n<p>[\/et_pb_text][\/et_pb_column][\/et_pb_row][et_pb_row _builder_version=&#8221;4.18.0&#8243; _module_preset=&#8221;default&#8221; custom_padding=&#8221;13px|||||&#8221; locked=&#8221;off&#8221; global_colors_info=&#8221;{}&#8221;][et_pb_column type=&#8221;4_4&#8243; _builder_version=&#8221;4.17.6&#8243; _module_preset=&#8221;default&#8221; global_colors_info=&#8221;{}&#8221;][et_pb_code _builder_version=&#8221;4.17.6&#8243; _module_preset=&#8221;default&#8221; min_height=&#8221;0px&#8221; global_colors_info=&#8221;{}&#8221;]<\/p>\n<hr>\n<p>[\/et_pb_code][\/et_pb_column][\/et_pb_row][et_pb_row column_structure=&#8221;1_4,1_4,1_4,1_4&#8243; _builder_version=&#8221;4.17.6&#8243; _module_preset=&#8221;default&#8221; min_height=&#8221;55.4px&#8221; custom_margin=&#8221;-30px|auto||auto||&#8221; custom_padding=&#8221;13px||0px|||&#8221; locked=&#8221;off&#8221; global_colors_info=&#8221;{}&#8221;][et_pb_column type=&#8221;1_4&#8243; _builder_version=&#8221;4.17.6&#8243; _module_preset=&#8221;default&#8221; global_colors_info=&#8221;{}&#8221;][et_pb_text content_tablet=&#8221;<\/p>\n<p style=%22text-align: left;%22><strong>A task to manipulate attentional load, set-shifting, and inhibitory control: Convergent validity and test\u2013retest reliability of the Parametric Go\/No-Go Test<\/strong><\/p>\n<p>&#8221; content_phone=&#8221;<\/p>\n<p style=%22text-align: center;%22><strong>A task to manipulate attentional load, set-shifting, and inhibitory control: Convergent validity and test\u2013retest reliability of the Parametric Go\/No-Go Test<\/strong><\/p>\n<p>&#8221; content_last_edited=&#8221;on|phone&#8221; _builder_version=&#8221;4.18.0&#8243; _module_preset=&#8221;default&#8221; width=&#8221;180%&#8221; width_tablet=&#8221;100%&#8221; width_phone=&#8221;100%&#8221; width_last_edited=&#8221;on|tablet&#8221; min_height=&#8221;5.2px&#8221; custom_margin=&#8221;0px||||false|false&#8221; custom_padding=&#8221;||2px|0px||&#8221; global_colors_info=&#8221;{}&#8221;]<\/p>\n<p class=\"heading-title\"><strong>Rimodulazione cognitiva per la depressione resistente al trattamento: effetti sulla cognizione e sul funzionamento e il ruolo dei compiti a casa online<\/strong><\/p>\n<p class=\"document-title text-2xl-md-lh\">\n<div class=\"research-detail-header-section__metadata\">\n<div class=\"nova-legacy-e-text nova-legacy-e-text--size-m nova-legacy-e-text--family-sans-serif nova-legacy-e-text--spacing-xxs nova-legacy-e-text--color-grey-700\">\u00a0<\/div>\n<\/div>\n<p>[\/et_pb_text][\/et_pb_column][et_pb_column type=&#8221;1_4&#8243; _builder_version=&#8221;4.17.6&#8243; _module_preset=&#8221;default&#8221; global_colors_info=&#8221;{}&#8221;][et_pb_text content_tablet=&#8221;<\/p>\n<p>Foti, F., F. De Crescenzo, G. Vivanti, D. Menghini, et S. Vicari<\/p>\n<p>&#8221; content_phone=&#8221;<\/p>\n<p style=%22text-align: center;%22>Foti, F., F. De Crescenzo, G. Vivanti, D. Menghini, et S. Vicari<\/p>\n<p>&#8221; content_last_edited=&#8221;on|phone&#8221; _builder_version=&#8221;4.18.0&#8243; _module_preset=&#8221;default&#8221; width=&#8221;120%&#8221; width_tablet=&#8221;100%&#8221; width_phone=&#8221;100%&#8221; width_last_edited=&#8221;on|tablet&#8221; custom_margin=&#8221;|||160px|false|false&#8221; custom_margin_tablet=&#8221;|||160px|false|false&#8221; custom_margin_phone=&#8221;|||0px|false|false&#8221; custom_margin_last_edited=&#8221;on|phone&#8221; locked=&#8221;off&#8221; global_colors_info=&#8221;{}&#8221;]<\/p>\n<p class=\"heading-title\">Christopher R. Bowie, Maya Gupta, Katherine Holshausen, Ruzica Jokic, Michael Best e Roumen Milev<\/p>\n<p>[\/et_pb_text][\/et_pb_column][et_pb_column type=&#8221;1_4&#8243; _builder_version=&#8221;4.17.6&#8243; _module_preset=&#8221;default&#8221; global_colors_info=&#8221;{}&#8221;][et_pb_text content_tablet=&#8221;<\/p>\n<p><strong>2015<\/strong><\/p>\n<p>&#8221; content_phone=&#8221;<\/p>\n<p style=%22text-align: center;%22><strong>2015<\/strong><\/p>\n<p>&#8221; content_last_edited=&#8221;on|phone&#8221; _builder_version=&#8221;4.18.0&#8243; _module_preset=&#8221;default&#8221; width=&#8221;120%&#8221; width_tablet=&#8221;100%&#8221; width_phone=&#8221;100%&#8221; width_last_edited=&#8221;on|tablet&#8221; custom_margin=&#8221;|||160px|false|false&#8221; custom_margin_tablet=&#8221;|||0px|false|false&#8221; custom_margin_phone=&#8221;|||0px|false|false&#8221; custom_margin_last_edited=&#8221;on|phone&#8221; global_colors_info=&#8221;{}&#8221;]<\/p>\n<p><strong>2013<\/strong><\/p>\n<p>[\/et_pb_text][\/et_pb_column][et_pb_column type=&#8221;1_4&#8243; _builder_version=&#8221;4.17.6&#8243; _module_preset=&#8221;default&#8221; global_colors_info=&#8221;{}&#8221;][et_pb_text content_tablet=&#8221;<\/p>\n<p><strong><em>Revista CEFAC<\/em><\/strong><strong> 19<\/strong><\/p>\n<p>Consulter<\/p>\n<p>&#8221; content_phone=&#8221;<\/p>\n<p style=%22text-align: center;%22><strong><em>Revista CEFAC<\/em><\/strong><strong> 19<\/strong><\/p>\n<p style=%22text-align: center;%22>Consulter<\/p>\n<p>&#8221; content_last_edited=&#8221;on|phone&#8221; _builder_version=&#8221;4.19.2&#8243; _module_preset=&#8221;default&#8221; custom_margin_tablet=&#8221;|||160px|false|false&#8221; custom_margin_phone=&#8221;|||0px|false|false&#8221; custom_margin_last_edited=&#8221;on|tablet&#8221; locked=&#8221;off&#8221; global_colors_info=&#8221;{}&#8221;]<\/p>\n<p><b><i>Giornale delle Malattie Nervose e Mentali<\/i><\/b><\/p>\n<p><a href=\"https:\/\/pubmed.ncbi.nlm.nih.gov\/23896849\/\">Consulter<\/a><\/p>\n<p>[\/et_pb_text][\/et_pb_column][\/et_pb_row][et_pb_row _builder_version=&#8221;4.18.0&#8243; _module_preset=&#8221;default&#8221; custom_padding=&#8221;13px|||||&#8221; locked=&#8221;off&#8221; global_colors_info=&#8221;{}&#8221;][et_pb_column type=&#8221;4_4&#8243; _builder_version=&#8221;4.17.6&#8243; _module_preset=&#8221;default&#8221; global_colors_info=&#8221;{}&#8221;][et_pb_code _builder_version=&#8221;4.17.6&#8243; _module_preset=&#8221;default&#8221; min_height=&#8221;0px&#8221; global_colors_info=&#8221;{}&#8221;]<\/p>\n<hr>\n<p>[\/et_pb_code][\/et_pb_column][\/et_pb_row][et_pb_row column_structure=&#8221;1_4,1_4,1_4,1_4&#8243; _builder_version=&#8221;4.17.6&#8243; _module_preset=&#8221;default&#8221; min_height=&#8221;55.4px&#8221; custom_margin=&#8221;-30px|auto||auto||&#8221; custom_padding=&#8221;13px||0px|||&#8221; locked=&#8221;off&#8221; global_colors_info=&#8221;{}&#8221;][et_pb_column type=&#8221;1_4&#8243; _builder_version=&#8221;4.17.6&#8243; _module_preset=&#8221;default&#8221; global_colors_info=&#8221;{}&#8221;][et_pb_text content_tablet=&#8221;<\/p>\n<p style=%22text-align: left;%22><strong>A task to manipulate attentional load, set-shifting, and inhibitory control: Convergent validity and test\u2013retest reliability of the Parametric Go\/No-Go Test<\/strong><\/p>\n<p>&#8221; content_phone=&#8221;<\/p>\n<p style=%22text-align: center;%22><strong>A task to manipulate attentional load, set-shifting, and inhibitory control: Convergent validity and test\u2013retest reliability of the Parametric Go\/No-Go Test<\/strong><\/p>\n<p>&#8221; content_last_edited=&#8221;on|phone&#8221; _builder_version=&#8221;4.18.0&#8243; _module_preset=&#8221;default&#8221; width=&#8221;180%&#8221; width_tablet=&#8221;100%&#8221; width_phone=&#8221;100%&#8221; width_last_edited=&#8221;on|tablet&#8221; min_height=&#8221;5.2px&#8221; custom_margin=&#8221;0px||||false|false&#8221; custom_padding=&#8221;||2px|0px||&#8221; global_colors_info=&#8221;{}&#8221;]<\/p>\n<p class=\"heading-title\"><strong>Sudoku e prestazioni della memoria di lavoro per gli anziani<\/strong><\/p>\n<div class=\"research-detail-header-section__metadata\">\n<div class=\"nova-legacy-e-text nova-legacy-e-text--size-m nova-legacy-e-text--family-sans-serif nova-legacy-e-text--spacing-xxs nova-legacy-e-text--color-grey-700\">\u00a0<\/div>\n<\/div>\n<p>[\/et_pb_text][\/et_pb_column][et_pb_column type=&#8221;1_4&#8243; _builder_version=&#8221;4.17.6&#8243; _module_preset=&#8221;default&#8221; global_colors_info=&#8221;{}&#8221;][et_pb_text content_tablet=&#8221;<\/p>\n<p>Foti, F., F. De Crescenzo, G. Vivanti, D. Menghini, et S. Vicari<\/p>\n<p>&#8221; content_phone=&#8221;<\/p>\n<p style=%22text-align: center;%22>Foti, F., F. De Crescenzo, G. Vivanti, D. Menghini, et S. Vicari<\/p>\n<p>&#8221; content_last_edited=&#8221;on|phone&#8221; _builder_version=&#8221;4.18.0&#8243; _module_preset=&#8221;default&#8221; width=&#8221;120%&#8221; width_tablet=&#8221;100%&#8221; width_phone=&#8221;100%&#8221; width_last_edited=&#8221;on|tablet&#8221; custom_margin=&#8221;|||160px|false|false&#8221; custom_margin_tablet=&#8221;|||160px|false|false&#8221; custom_margin_phone=&#8221;|||0px|false|false&#8221; custom_margin_last_edited=&#8221;on|phone&#8221; locked=&#8221;off&#8221; global_colors_info=&#8221;{}&#8221;]<\/p>\n<p class=\"heading-title\">Jeremy W. Grabbe<\/p>\n<p>[\/et_pb_text][\/et_pb_column][et_pb_column type=&#8221;1_4&#8243; _builder_version=&#8221;4.17.6&#8243; _module_preset=&#8221;default&#8221; global_colors_info=&#8221;{}&#8221;][et_pb_text content_tablet=&#8221;<\/p>\n<p><strong>2015<\/strong><\/p>\n<p>&#8221; content_phone=&#8221;<\/p>\n<p style=%22text-align: center;%22><strong>2015<\/strong><\/p>\n<p>&#8221; content_last_edited=&#8221;on|phone&#8221; _builder_version=&#8221;4.18.0&#8243; _module_preset=&#8221;default&#8221; width=&#8221;120%&#8221; width_tablet=&#8221;100%&#8221; width_phone=&#8221;100%&#8221; width_last_edited=&#8221;on|tablet&#8221; custom_margin=&#8221;|||160px|false|false&#8221; custom_margin_tablet=&#8221;|||0px|false|false&#8221; custom_margin_phone=&#8221;|||0px|false|false&#8221; custom_margin_last_edited=&#8221;on|phone&#8221; global_colors_info=&#8221;{}&#8221;]<\/p>\n<p><strong>2011<\/strong><\/p>\n<p>[\/et_pb_text][\/et_pb_column][et_pb_column type=&#8221;1_4&#8243; _builder_version=&#8221;4.17.6&#8243; _module_preset=&#8221;default&#8221; global_colors_info=&#8221;{}&#8221;][et_pb_text content_tablet=&#8221;<\/p>\n<p><strong><em>Revista CEFAC<\/em><\/strong><strong> 19<\/strong><\/p>\n<p>Consulter<\/p>\n<p>&#8221; content_phone=&#8221;<\/p>\n<p style=%22text-align: center;%22><strong><em>Revista CEFAC<\/em><\/strong><strong> 19<\/strong><\/p>\n<p style=%22text-align: center;%22>Consulter<\/p>\n<p>&#8221; content_last_edited=&#8221;on|phone&#8221; _builder_version=&#8221;4.19.2&#8243; _module_preset=&#8221;default&#8221; custom_margin_tablet=&#8221;|||160px|false|false&#8221; custom_margin_phone=&#8221;|||0px|false|false&#8221; custom_margin_last_edited=&#8221;on|tablet&#8221; locked=&#8221;off&#8221; global_colors_info=&#8221;{}&#8221;]<\/p>\n<p><b><i>Attivit\u00e0, Adattamento &amp; Invecchiamento<\/i><\/b><\/p>\n<p><a href=\"https:\/\/www.researchgate.net\/publication\/254355415_Sudoku_and_Working_Memory_Performance_for_Older_Adults#:~:text=The%20results%20showed%20that%20Sudoku,mental%20exercise%20and%20cognitive%20aging.\">Consulter<\/a><\/p>\n<p>[\/et_pb_text][\/et_pb_column][\/et_pb_row][et_pb_row _builder_version=&#8221;4.18.0&#8243; _module_preset=&#8221;default&#8221; custom_padding=&#8221;13px|||||&#8221; locked=&#8221;off&#8221; global_colors_info=&#8221;{}&#8221;][et_pb_column type=&#8221;4_4&#8243; _builder_version=&#8221;4.17.6&#8243; _module_preset=&#8221;default&#8221; global_colors_info=&#8221;{}&#8221;][et_pb_code _builder_version=&#8221;4.17.6&#8243; _module_preset=&#8221;default&#8221; min_height=&#8221;0px&#8221; global_colors_info=&#8221;{}&#8221;]<\/p>\n<hr>\n<p>[\/et_pb_code][\/et_pb_column][\/et_pb_row][et_pb_row column_structure=&#8221;1_4,1_4,1_4,1_4&#8243; _builder_version=&#8221;4.17.6&#8243; _module_preset=&#8221;default&#8221; min_height=&#8221;55.4px&#8221; custom_margin=&#8221;-30px|auto||auto||&#8221; custom_padding=&#8221;13px||0px|||&#8221; locked=&#8221;off&#8221; global_colors_info=&#8221;{}&#8221;][et_pb_column type=&#8221;1_4&#8243; _builder_version=&#8221;4.17.6&#8243; _module_preset=&#8221;default&#8221; global_colors_info=&#8221;{}&#8221;][et_pb_text content_tablet=&#8221;<\/p>\n<p style=%22text-align: left;%22><strong>A task to manipulate attentional load, set-shifting, and inhibitory control: Convergent validity and test\u2013retest reliability of the Parametric Go\/No-Go Test<\/strong><\/p>\n<p>&#8221; content_phone=&#8221;<\/p>\n<p style=%22text-align: center;%22><strong>A task to manipulate attentional load, set-shifting, and inhibitory control: Convergent validity and test\u2013retest reliability of the Parametric Go\/No-Go Test<\/strong><\/p>\n<p>&#8221; content_last_edited=&#8221;on|phone&#8221; _builder_version=&#8221;4.18.0&#8243; _module_preset=&#8221;default&#8221; width=&#8221;180%&#8221; width_tablet=&#8221;100%&#8221; width_phone=&#8221;100%&#8221; width_last_edited=&#8221;on|tablet&#8221; min_height=&#8221;5.2px&#8221; custom_margin=&#8221;0px||||false|false&#8221; custom_padding=&#8221;||2px|0px||&#8221; global_colors_info=&#8221;{}&#8221;]<\/p>\n<p class=\"heading-title\"><strong>Associazioni tra attivit\u00e0 ricreative cognitive stimolanti<\/strong><br \/><strong>funzione cognitiva e declino cognitivo legato all&#8217;et\u00e0<\/strong><\/p>\n<div class=\"research-detail-header-section__metadata\">\n<div class=\"nova-legacy-e-text nova-legacy-e-text--size-m nova-legacy-e-text--family-sans-serif nova-legacy-e-text--spacing-xxs nova-legacy-e-text--color-grey-700\">\u00a0<\/div>\n<\/div>\n<p>[\/et_pb_text][\/et_pb_column][et_pb_column type=&#8221;1_4&#8243; _builder_version=&#8221;4.17.6&#8243; _module_preset=&#8221;default&#8221; global_colors_info=&#8221;{}&#8221;][et_pb_text content_tablet=&#8221;<\/p>\n<p>Foti, F., F. De Crescenzo, G. Vivanti, D. Menghini, et S. Vicari<\/p>\n<p>&#8221; content_phone=&#8221;<\/p>\n<p style=%22text-align: center;%22>Foti, F., F. De Crescenzo, G. Vivanti, D. Menghini, et S. Vicari<\/p>\n<p>&#8221; content_last_edited=&#8221;on|phone&#8221; _builder_version=&#8221;4.18.0&#8243; _module_preset=&#8221;default&#8221; width=&#8221;120%&#8221; width_tablet=&#8221;100%&#8221; width_phone=&#8221;100%&#8221; width_last_edited=&#8221;on|tablet&#8221; custom_margin=&#8221;|||160px|false|false&#8221; custom_margin_tablet=&#8221;|||160px|false|false&#8221; custom_margin_phone=&#8221;|||0px|false|false&#8221; custom_margin_last_edited=&#8221;on|phone&#8221; locked=&#8221;off&#8221; global_colors_info=&#8221;{}&#8221;]<\/p>\n<p class=\"heading-title\">Nicola Ferreira, Adrian Owen, Anita Mohan, Anne Corbett e Clive Ballard<\/p>\n<p>[\/et_pb_text][\/et_pb_column][et_pb_column type=&#8221;1_4&#8243; _builder_version=&#8221;4.17.6&#8243; _module_preset=&#8221;default&#8221; global_colors_info=&#8221;{}&#8221;][et_pb_text content_tablet=&#8221;<\/p>\n<p><strong>2015<\/strong><\/p>\n<p>&#8221; content_phone=&#8221;<\/p>\n<p style=%22text-align: center;%22><strong>2015<\/strong><\/p>\n<p>&#8221; content_last_edited=&#8221;on|phone&#8221; _builder_version=&#8221;4.18.0&#8243; _module_preset=&#8221;default&#8221; width=&#8221;120%&#8221; width_tablet=&#8221;100%&#8221; width_phone=&#8221;100%&#8221; width_last_edited=&#8221;on|tablet&#8221; custom_margin=&#8221;|||160px|false|false&#8221; custom_margin_tablet=&#8221;|||0px|false|false&#8221; custom_margin_phone=&#8221;|||0px|false|false&#8221; custom_margin_last_edited=&#8221;on|phone&#8221; global_colors_info=&#8221;{}&#8221;]<\/p>\n<p><strong>2015<\/strong><\/p>\n<p>[\/et_pb_text][\/et_pb_column][et_pb_column type=&#8221;1_4&#8243; _builder_version=&#8221;4.17.6&#8243; _module_preset=&#8221;default&#8221; global_colors_info=&#8221;{}&#8221;][et_pb_text content_tablet=&#8221;<\/p>\n<p><strong><em>Revista CEFAC<\/em><\/strong><strong> 19<\/strong><\/p>\n<p>Consulter<\/p>\n<p>&#8221; content_phone=&#8221;<\/p>\n<p style=%22text-align: center;%22><strong><em>Revista CEFAC<\/em><\/strong><strong> 19<\/strong><\/p>\n<p style=%22text-align: center;%22>Consulter<\/p>\n<p>&#8221; content_last_edited=&#8221;on|phone&#8221; _builder_version=&#8221;4.19.2&#8243; _module_preset=&#8221;default&#8221; custom_margin_tablet=&#8221;|||160px|false|false&#8221; custom_margin_phone=&#8221;|||0px|false|false&#8221; custom_margin_last_edited=&#8221;on|tablet&#8221; locked=&#8221;off&#8221; global_colors_info=&#8221;{}&#8221;]<\/p>\n<p><b><i>International Journal of Geriatric Psychiatry<\/i><\/b><\/p>\n<p><a href=\"https:\/\/pubmed.ncbi.nlm.nih.gov\/24989949\/\">Consulta<\/a><\/p>\n<p>[\/et_pb_text][\/et_pb_column][\/et_pb_row][et_pb_row _builder_version=&#8221;4.18.0&#8243; _module_preset=&#8221;default&#8221; custom_padding=&#8221;13px|||||&#8221; locked=&#8221;off&#8221; global_colors_info=&#8221;{}&#8221;][et_pb_column type=&#8221;4_4&#8243; _builder_version=&#8221;4.17.6&#8243; _module_preset=&#8221;default&#8221; global_colors_info=&#8221;{}&#8221;][et_pb_code _builder_version=&#8221;4.17.6&#8243; _module_preset=&#8221;default&#8221; min_height=&#8221;0px&#8221; global_colors_info=&#8221;{}&#8221;]<\/p>\n<hr>\n<p>[\/et_pb_code][\/et_pb_column][\/et_pb_row][et_pb_row column_structure=&#8221;1_4,1_4,1_4,1_4&#8243; _builder_version=&#8221;4.17.6&#8243; _module_preset=&#8221;default&#8221; min_height=&#8221;55.4px&#8221; custom_margin=&#8221;-30px|auto||auto||&#8221; custom_padding=&#8221;13px||0px|||&#8221; locked=&#8221;off&#8221; global_colors_info=&#8221;{}&#8221;][et_pb_column type=&#8221;1_4&#8243; _builder_version=&#8221;4.17.6&#8243; _module_preset=&#8221;default&#8221; global_colors_info=&#8221;{}&#8221;][et_pb_text content_tablet=&#8221;<\/p>\n<p style=%22text-align: left;%22><strong>A task to manipulate attentional load, set-shifting, and inhibitory control: Convergent validity and test\u2013retest reliability of the Parametric Go\/No-Go Test<\/strong><\/p>\n<p>&#8221; content_phone=&#8221;<\/p>\n<p style=%22text-align: center;%22><strong>A task to manipulate attentional load, set-shifting, and inhibitory control: Convergent validity and test\u2013retest reliability of the Parametric Go\/No-Go Test<\/strong><\/p>\n<p>&#8221; content_last_edited=&#8221;on|phone&#8221; _builder_version=&#8221;4.18.0&#8243; _module_preset=&#8221;default&#8221; width=&#8221;180%&#8221; width_tablet=&#8221;100%&#8221; width_phone=&#8221;100%&#8221; width_last_edited=&#8221;on|tablet&#8221; min_height=&#8221;5.2px&#8221; custom_margin=&#8221;0px||||false|false&#8221; custom_padding=&#8221;||2px|0px||&#8221; global_colors_info=&#8221;{}&#8221;]<\/p>\n<p class=\"heading-title\"><strong>Un serious game per bambini con Disturbo da<\/strong><br \/><strong>Deficit di Attenzione\/Iperattivit\u00e0: Chi ne trae<\/strong><br \/><strong>pi\u00f9 beneficio?<\/strong><\/p>\n<div class=\"research-detail-header-section__metadata\">\n<div class=\"nova-legacy-e-text nova-legacy-e-text--size-m nova-legacy-e-text--family-sans-serif nova-legacy-e-text--spacing-xxs nova-legacy-e-text--color-grey-700\">\u00a0<\/div>\n<\/div>\n<p>[\/et_pb_text][\/et_pb_column][et_pb_column type=&#8221;1_4&#8243; _builder_version=&#8221;4.17.6&#8243; _module_preset=&#8221;default&#8221; global_colors_info=&#8221;{}&#8221;][et_pb_text content_tablet=&#8221;<\/p>\n<p>Foti, F., F. De Crescenzo, G. Vivanti, D. Menghini, et S. Vicari<\/p>\n<p>&#8221; content_phone=&#8221;<\/p>\n<p style=%22text-align: center;%22>Foti, F., F. De Crescenzo, G. Vivanti, D. Menghini, et S. Vicari<\/p>\n<p>&#8221; content_last_edited=&#8221;on|phone&#8221; _builder_version=&#8221;4.18.0&#8243; _module_preset=&#8221;default&#8221; width=&#8221;120%&#8221; width_tablet=&#8221;100%&#8221; width_phone=&#8221;100%&#8221; width_last_edited=&#8221;on|tablet&#8221; custom_margin=&#8221;|||160px|false|false&#8221; custom_margin_tablet=&#8221;|||160px|false|false&#8221; custom_margin_phone=&#8221;|||0px|false|false&#8221; custom_margin_last_edited=&#8221;on|phone&#8221; locked=&#8221;off&#8221; global_colors_info=&#8221;{}&#8221;]<\/p>\n<p class=\"heading-title\">Kim C. M. Bul, Lisa L. Doove, Ingmar H. A. Franken, Saskia Van der Oord, Pamela M. Kato e Athanasios Maras<\/p>\n<p>[\/et_pb_text][\/et_pb_column][et_pb_column type=&#8221;1_4&#8243; _builder_version=&#8221;4.17.6&#8243; _module_preset=&#8221;default&#8221; global_colors_info=&#8221;{}&#8221;][et_pb_text content_tablet=&#8221;<\/p>\n<p><strong>2015<\/strong><\/p>\n<p>&#8221; content_phone=&#8221;<\/p>\n<p style=%22text-align: center;%22><strong>2015<\/strong><\/p>\n<p>&#8221; content_last_edited=&#8221;on|phone&#8221; _builder_version=&#8221;4.18.0&#8243; _module_preset=&#8221;default&#8221; width=&#8221;120%&#8221; width_tablet=&#8221;100%&#8221; width_phone=&#8221;100%&#8221; width_last_edited=&#8221;on|tablet&#8221; custom_margin=&#8221;|||160px|false|false&#8221; custom_margin_tablet=&#8221;|||0px|false|false&#8221; custom_margin_phone=&#8221;|||0px|false|false&#8221; custom_margin_last_edited=&#8221;on|phone&#8221; global_colors_info=&#8221;{}&#8221;]<\/p>\n<p><strong>2018<\/strong><\/p>\n<p>[\/et_pb_text][\/et_pb_column][et_pb_column type=&#8221;1_4&#8243; _builder_version=&#8221;4.17.6&#8243; _module_preset=&#8221;default&#8221; global_colors_info=&#8221;{}&#8221;][et_pb_text content_tablet=&#8221;<\/p>\n<p><strong><em>Revista CEFAC<\/em><\/strong><strong> 19<\/strong><\/p>\n<p>Consulter<\/p>\n<p>&#8221; content_phone=&#8221;<\/p>\n<p style=%22text-align: center;%22><strong><em>Revista CEFAC<\/em><\/strong><strong> 19<\/strong><\/p>\n<p style=%22text-align: center;%22>Consulter<\/p>\n<p>&#8221; content_last_edited=&#8221;on|phone&#8221; _builder_version=&#8221;4.19.2&#8243; _module_preset=&#8221;default&#8221; custom_margin_tablet=&#8221;|||160px|false|false&#8221; custom_margin_phone=&#8221;|||0px|false|false&#8221; custom_margin_last_edited=&#8221;on|tablet&#8221; locked=&#8221;off&#8221; global_colors_info=&#8221;{}&#8221;]<\/p>\n<p><b><i>Plos One<\/i><\/b><\/p>\n<p><a href=\"https:\/\/sci-hub.mksa.top\/10.1371\/journal.pone.0193681\">Consultare<\/a><\/p>\n<p>[\/et_pb_text][\/et_pb_column][\/et_pb_row][et_pb_row _builder_version=&#8221;4.18.0&#8243; _module_preset=&#8221;default&#8221; custom_padding=&#8221;13px|||||&#8221; locked=&#8221;off&#8221; global_colors_info=&#8221;{}&#8221;][et_pb_column type=&#8221;4_4&#8243; _builder_version=&#8221;4.17.6&#8243; _module_preset=&#8221;default&#8221; global_colors_info=&#8221;{}&#8221;][et_pb_code _builder_version=&#8221;4.17.6&#8243; _module_preset=&#8221;default&#8221; min_height=&#8221;0px&#8221; global_colors_info=&#8221;{}&#8221;]<\/p>\n<hr>\n<p>[\/et_pb_code][\/et_pb_column][\/et_pb_row][et_pb_row column_structure=&#8221;1_4,1_4,1_4,1_4&#8243; _builder_version=&#8221;4.17.6&#8243; _module_preset=&#8221;default&#8221; min_height=&#8221;55.4px&#8221; custom_margin=&#8221;-30px|auto||auto||&#8221; custom_padding=&#8221;13px||0px|||&#8221; locked=&#8221;off&#8221; global_colors_info=&#8221;{}&#8221;][et_pb_column type=&#8221;1_4&#8243; _builder_version=&#8221;4.17.6&#8243; _module_preset=&#8221;default&#8221; global_colors_info=&#8221;{}&#8221;][et_pb_text content_tablet=&#8221;<\/p>\n<p style=%22text-align: left;%22><strong>A task to manipulate attentional load, set-shifting, and inhibitory control: Convergent validity and test\u2013retest reliability of the Parametric Go\/No-Go Test<\/strong><\/p>\n<p>&#8221; content_phone=&#8221;<\/p>\n<p style=%22text-align: center;%22><strong>A task to manipulate attentional load, set-shifting, and inhibitory control: Convergent validity and test\u2013retest reliability of the Parametric Go\/No-Go Test<\/strong><\/p>\n<p>&#8221; content_last_edited=&#8221;on|phone&#8221; _builder_version=&#8221;4.18.0&#8243; _module_preset=&#8221;default&#8221; width=&#8221;180%&#8221; width_tablet=&#8221;100%&#8221; width_phone=&#8221;100%&#8221; width_last_edited=&#8221;on|tablet&#8221; min_height=&#8221;5.2px&#8221; custom_margin=&#8221;0px||||false|false&#8221; custom_padding=&#8221;||2px|0px||&#8221; global_colors_info=&#8221;{}&#8221;]<\/p>\n<p class=\"heading-title\"><strong>Contributo dei tablet al supporto di bambini e adolescenti con disturbi autistici<\/strong><\/p>\n<div class=\"research-detail-header-section__metadata\">\n<div class=\"nova-legacy-e-text nova-legacy-e-text--size-m nova-legacy-e-text--family-sans-serif nova-legacy-e-text--spacing-xxs nova-legacy-e-text--color-grey-700\">\u00a0<\/div>\n<\/div>\n<p>[\/et_pb_text][\/et_pb_column][et_pb_column type=&#8221;1_4&#8243; _builder_version=&#8221;4.17.6&#8243; _module_preset=&#8221;default&#8221; global_colors_info=&#8221;{}&#8221;][et_pb_text content_tablet=&#8221;<\/p>\n<p>Foti, F., F. De Crescenzo, G. Vivanti, D. Menghini, et S. Vicari<\/p>\n<p>&#8221; content_phone=&#8221;<\/p>\n<p style=%22text-align: center;%22>Foti, F., F. De Crescenzo, G. Vivanti, D. Menghini, et S. Vicari<\/p>\n<p>&#8221; content_last_edited=&#8221;on|phone&#8221; _builder_version=&#8221;4.18.0&#8243; _module_preset=&#8221;default&#8221; width=&#8221;120%&#8221; width_tablet=&#8221;100%&#8221; width_phone=&#8221;100%&#8221; width_last_edited=&#8221;on|tablet&#8221; custom_margin=&#8221;|||160px|false|false&#8221; custom_margin_tablet=&#8221;|||160px|false|false&#8221; custom_margin_phone=&#8221;|||0px|false|false&#8221; custom_margin_last_edited=&#8221;on|phone&#8221; locked=&#8221;off&#8221; global_colors_info=&#8221;{}&#8221;]<\/p>\n<p class=\"heading-title\">Marion Wolff, Maria Pilar Gattegno, Jean-Louis Adrien, Carole Gabeau e Pascale Isnard<\/p>\n<p>[\/et_pb_text][\/et_pb_column][et_pb_column type=&#8221;1_4&#8243; _builder_version=&#8221;4.17.6&#8243; _module_preset=&#8221;default&#8221; global_colors_info=&#8221;{}&#8221;][et_pb_text content_tablet=&#8221;<\/p>\n<p><strong>2015<\/strong><\/p>\n<p>&#8221; content_phone=&#8221;<\/p>\n<p style=%22text-align: center;%22><strong>2015<\/strong><\/p>\n<p>&#8221; content_last_edited=&#8221;on|phone&#8221; _builder_version=&#8221;4.18.0&#8243; _module_preset=&#8221;default&#8221; width=&#8221;120%&#8221; width_tablet=&#8221;100%&#8221; width_phone=&#8221;100%&#8221; width_last_edited=&#8221;on|tablet&#8221; custom_margin=&#8221;|||160px|false|false&#8221; custom_margin_tablet=&#8221;|||0px|false|false&#8221; custom_margin_phone=&#8221;|||0px|false|false&#8221; custom_margin_last_edited=&#8221;on|phone&#8221; global_colors_info=&#8221;{}&#8221;]<\/p>\n<p><strong>2014<\/strong><\/p>\n<p>[\/et_pb_text][\/et_pb_column][et_pb_column type=&#8221;1_4&#8243; _builder_version=&#8221;4.17.6&#8243; _module_preset=&#8221;default&#8221; global_colors_info=&#8221;{}&#8221;][et_pb_text content_tablet=&#8221;<\/p>\n<p><strong><em>Revista CEFAC<\/em><\/strong><strong> 19<\/strong><\/p>\n<p>Consulter<\/p>\n<p>&#8221; content_phone=&#8221;<\/p>\n<p style=%22text-align: center;%22><strong><em>Revista CEFAC<\/em><\/strong><strong> 19<\/strong><\/p>\n<p style=%22text-align: center;%22>Consulter<\/p>\n<p>&#8221; content_last_edited=&#8221;on|phone&#8221; _builder_version=&#8221;4.19.2&#8243; _module_preset=&#8221;default&#8221; custom_margin_tablet=&#8221;|||160px|false|false&#8221; custom_margin_phone=&#8221;|||0px|false|false&#8221; custom_margin_last_edited=&#8221;on|tablet&#8221; locked=&#8221;off&#8221; global_colors_info=&#8221;{}&#8221;]<\/p>\n<p><b><i>Giornale Europeo dei Sistemi Automatizzati<\/i><\/b><\/p>\n<p><a href=\"https:\/\/www.autisme-france.fr\/f\/8cb314444237c2c02f7cf1010d82d48793cf1133\/SYNTHESE_NTIC.pdf\">Consulter<\/a><\/p>\n<p>[\/et_pb_text][\/et_pb_column][\/et_pb_row][et_pb_row _builder_version=&#8221;4.18.0&#8243; _module_preset=&#8221;default&#8221; custom_padding=&#8221;13px|||||&#8221; locked=&#8221;off&#8221; global_colors_info=&#8221;{}&#8221;][et_pb_column type=&#8221;4_4&#8243; _builder_version=&#8221;4.17.6&#8243; _module_preset=&#8221;default&#8221; global_colors_info=&#8221;{}&#8221;][et_pb_code _builder_version=&#8221;4.17.6&#8243; _module_preset=&#8221;default&#8221; min_height=&#8221;0px&#8221; global_colors_info=&#8221;{}&#8221;]<\/p>\n<hr>\n<p>[\/et_pb_code][\/et_pb_column][\/et_pb_row][et_pb_row column_structure=&#8221;1_4,1_4,1_4,1_4&#8243; _builder_version=&#8221;4.17.6&#8243; _module_preset=&#8221;default&#8221; min_height=&#8221;55.4px&#8221; custom_margin=&#8221;-30px|auto||auto||&#8221; custom_padding=&#8221;13px||0px|||&#8221; locked=&#8221;off&#8221; global_colors_info=&#8221;{}&#8221;][et_pb_column type=&#8221;1_4&#8243; _builder_version=&#8221;4.17.6&#8243; _module_preset=&#8221;default&#8221; global_colors_info=&#8221;{}&#8221;][et_pb_text content_tablet=&#8221;<\/p>\n<p style=%22text-align: left;%22><strong>A task to manipulate attentional load, set-shifting, and inhibitory control: Convergent validity and test\u2013retest reliability of the Parametric Go\/No-Go Test<\/strong><\/p>\n<p>&#8221; content_phone=&#8221;<\/p>\n<p style=%22text-align: center;%22><strong>A task to manipulate attentional load, set-shifting, and inhibitory control: Convergent validity and test\u2013retest reliability of the Parametric Go\/No-Go Test<\/strong><\/p>\n<p>&#8221; content_last_edited=&#8221;on|phone&#8221; _builder_version=&#8221;4.18.0&#8243; _module_preset=&#8221;default&#8221; width=&#8221;180%&#8221; width_tablet=&#8221;100%&#8221; width_phone=&#8221;100%&#8221; width_last_edited=&#8221;on|tablet&#8221; min_height=&#8221;5.2px&#8221; custom_margin=&#8221;0px||||false|false&#8221; custom_padding=&#8221;||2px|0px||&#8221; global_colors_info=&#8221;{}&#8221;]<\/p>\n<p class=\"content-title\"><strong>Partenariato studente-anziano per la prevenzione dell&#8217;isolamento: un programma in tutto il Canada per mitigare l&#8217;esclusione sociale durante la pandemia di COVID-19<\/strong><\/p>\n<div class=\"research-detail-header-section__metadata\">\n<div class=\"nova-legacy-e-text nova-legacy-e-text--size-m nova-legacy-e-text--family-sans-serif nova-legacy-e-text--spacing-xxs nova-legacy-e-text--color-grey-700\"> <\/div>\n<\/div>\n<p>[\/et_pb_text][\/et_pb_column][et_pb_column type=&#8221;1_4&#8243; _builder_version=&#8221;4.17.6&#8243; _module_preset=&#8221;default&#8221; global_colors_info=&#8221;{}&#8221;][et_pb_text content_tablet=&#8221;<\/p>\n<p>Foti, F., F. De Crescenzo, G. Vivanti, D. Menghini, et S. Vicari<\/p>\n<p>&#8221; content_phone=&#8221;<\/p>\n<p style=%22text-align: center;%22>Foti, F., F. De Crescenzo, G. Vivanti, D. Menghini, et S. Vicari<\/p>\n<p>&#8221; content_last_edited=&#8221;on|phone&#8221; _builder_version=&#8221;4.18.0&#8243; _module_preset=&#8221;default&#8221; width=&#8221;120%&#8221; width_tablet=&#8221;100%&#8221; width_phone=&#8221;100%&#8221; width_last_edited=&#8221;on|tablet&#8221; custom_margin=&#8221;|||160px|false|false&#8221; custom_margin_tablet=&#8221;|||160px|false|false&#8221; custom_margin_phone=&#8221;|||0px|false|false&#8221; custom_margin_last_edited=&#8221;on|phone&#8221; locked=&#8221;off&#8221; global_colors_info=&#8221;{}&#8221;]<\/p>\n<p class=\"heading-title\">Sumana Christina Naidu, Monisha Persaud, Natasha Yasmin Sheikhan, Geoffrey Sem, Victoria O&#8217;Driscoll, Laura Diamond, Natalie Pitch, Nitish Dhingra, Dominik Alex Nowak e Kerry Kuluski<\/p>\n<p>[\/et_pb_text][\/et_pb_column][et_pb_column type=&#8221;1_4&#8243; _builder_version=&#8221;4.17.6&#8243; _module_preset=&#8221;default&#8221; global_colors_info=&#8221;{}&#8221;][et_pb_text content_tablet=&#8221;<\/p>\n<p><strong>2015<\/strong><\/p>\n<p>&#8221; content_phone=&#8221;<\/p>\n<p style=%22text-align: center;%22><strong>2015<\/strong><\/p>\n<p>&#8221; content_last_edited=&#8221;on|phone&#8221; _builder_version=&#8221;4.18.0&#8243; _module_preset=&#8221;default&#8221; width=&#8221;120%&#8221; width_tablet=&#8221;100%&#8221; width_phone=&#8221;100%&#8221; width_last_edited=&#8221;on|tablet&#8221; custom_margin=&#8221;|||160px|false|false&#8221; custom_margin_tablet=&#8221;|||0px|false|false&#8221; custom_margin_phone=&#8221;|||0px|false|false&#8221; custom_margin_last_edited=&#8221;on|phone&#8221; global_colors_info=&#8221;{}&#8221;]<\/p>\n<p><strong>2021<\/strong><\/p>\n<p>[\/et_pb_text][\/et_pb_column][et_pb_column type=&#8221;1_4&#8243; _builder_version=&#8221;4.17.6&#8243; _module_preset=&#8221;default&#8221; global_colors_info=&#8221;{}&#8221;][et_pb_text content_tablet=&#8221;<\/p>\n<p><strong><em>Revista CEFAC<\/em><\/strong><strong> 19<\/strong><\/p>\n<p>Consulter<\/p>\n<p>&#8221; content_phone=&#8221;<\/p>\n<p style=%22text-align: center;%22><strong><em>Revista CEFAC<\/em><\/strong><strong> 19<\/strong><\/p>\n<p style=%22text-align: center;%22>Consulter<\/p>\n<p>&#8221; content_last_edited=&#8221;on|phone&#8221; _builder_version=&#8221;4.19.2&#8243; _module_preset=&#8221;default&#8221; custom_margin_tablet=&#8221;|||160px|false|false&#8221; custom_margin_phone=&#8221;|||0px|false|false&#8221; custom_margin_last_edited=&#8221;on|tablet&#8221; locked=&#8221;off&#8221; global_colors_info=&#8221;{}&#8221;]<\/p>\n<p><b><i>OUP Pubblic Health Elergency Collection<\/i><\/b><\/p>\n<p><a href=\"https:\/\/www.ncbi.nlm.nih.gov\/pmc\/articles\/PMC8586725\/\">Consultare<\/a><\/p>\n<p>[\/et_pb_text][\/et_pb_column][\/et_pb_row][et_pb_row _builder_version=&#8221;4.18.0&#8243; _module_preset=&#8221;default&#8221; custom_padding=&#8221;13px|||||&#8221; locked=&#8221;off&#8221; global_colors_info=&#8221;{}&#8221;][et_pb_column type=&#8221;4_4&#8243; _builder_version=&#8221;4.17.6&#8243; _module_preset=&#8221;default&#8221; global_colors_info=&#8221;{}&#8221;][et_pb_code _builder_version=&#8221;4.17.6&#8243; _module_preset=&#8221;default&#8221; min_height=&#8221;0px&#8221; global_colors_info=&#8221;{}&#8221;]<\/p>\n<hr>\n<p>[\/et_pb_code][\/et_pb_column][\/et_pb_row][et_pb_row column_structure=&#8221;1_4,1_4,1_4,1_4&#8243; _builder_version=&#8221;4.17.6&#8243; _module_preset=&#8221;default&#8221; min_height=&#8221;55.4px&#8221; custom_margin=&#8221;-30px|auto||auto||&#8221; custom_padding=&#8221;13px||0px|||&#8221; locked=&#8221;off&#8221; global_colors_info=&#8221;{}&#8221;][et_pb_column type=&#8221;1_4&#8243; _builder_version=&#8221;4.17.6&#8243; _module_preset=&#8221;default&#8221; global_colors_info=&#8221;{}&#8221;][et_pb_text content_tablet=&#8221;<\/p>\n<p style=%22text-align: left;%22><strong>A task to manipulate attentional load, set-shifting, and inhibitory control: Convergent validity and test\u2013retest reliability of the Parametric Go\/No-Go Test<\/strong><\/p>\n<p>&#8221; content_phone=&#8221;<\/p>\n<p style=%22text-align: center;%22><strong>A task to manipulate attentional load, set-shifting, and inhibitory control: Convergent validity and test\u2013retest reliability of the Parametric Go\/No-Go Test<\/strong><\/p>\n<p>&#8221; content_last_edited=&#8221;on|phone&#8221; _builder_version=&#8221;4.18.0&#8243; _module_preset=&#8221;default&#8221; width=&#8221;180%&#8221; width_tablet=&#8221;100%&#8221; width_phone=&#8221;100%&#8221; width_last_edited=&#8221;on|tablet&#8221; min_height=&#8221;5.2px&#8221; custom_margin=&#8221;0px||||false|false&#8221; custom_padding=&#8221;||2px|0px||&#8221; global_colors_info=&#8221;{}&#8221;]<\/p>\n<p class=\"content-title\"><strong>Prevenire l&#8217;isolamento sociale negli anziani<\/strong><\/p>\n<div class=\"research-detail-header-section__metadata\">\n<div class=\"nova-legacy-e-text nova-legacy-e-text--size-m nova-legacy-e-text--family-sans-serif nova-legacy-e-text--spacing-xxs nova-legacy-e-text--color-grey-700\">\u00a0<\/div>\n<\/div>\n<p>[\/et_pb_text][\/et_pb_column][et_pb_column type=&#8221;1_4&#8243; _builder_version=&#8221;4.17.6&#8243; _module_preset=&#8221;default&#8221; global_colors_info=&#8221;{}&#8221;][et_pb_text content_tablet=&#8221;<\/p>\n<p>Foti, F., F. De Crescenzo, G. Vivanti, D. Menghini, et S. Vicari<\/p>\n<p>&#8221; content_phone=&#8221;<\/p>\n<p style=%22text-align: center;%22>Foti, F., F. De Crescenzo, G. Vivanti, D. Menghini, et S. Vicari<\/p>\n<p>&#8221; content_last_edited=&#8221;on|phone&#8221; _builder_version=&#8221;4.18.0&#8243; _module_preset=&#8221;default&#8221; width=&#8221;120%&#8221; width_tablet=&#8221;100%&#8221; width_phone=&#8221;100%&#8221; width_last_edited=&#8221;on|tablet&#8221; custom_margin=&#8221;|||160px|false|false&#8221; custom_margin_tablet=&#8221;|||160px|false|false&#8221; custom_margin_phone=&#8221;|||0px|false|false&#8221; custom_margin_last_edited=&#8221;on|phone&#8221; locked=&#8221;off&#8221; global_colors_info=&#8221;{}&#8221;]<\/p>\n<p class=\"heading-title\">Natalie Cotterell, Tine Buffel e Christopher Phillipson<\/p>\n<p>[\/et_pb_text][\/et_pb_column][et_pb_column type=&#8221;1_4&#8243; _builder_version=&#8221;4.17.6&#8243; _module_preset=&#8221;default&#8221; global_colors_info=&#8221;{}&#8221;][et_pb_text content_tablet=&#8221;<\/p>\n<p><strong>2015<\/strong><\/p>\n<p>&#8221; content_phone=&#8221;<\/p>\n<p style=%22text-align: center;%22><strong>2015<\/strong><\/p>\n<p>&#8221; content_last_edited=&#8221;on|phone&#8221; _builder_version=&#8221;4.18.0&#8243; _module_preset=&#8221;default&#8221; width=&#8221;120%&#8221; width_tablet=&#8221;100%&#8221; width_phone=&#8221;100%&#8221; width_last_edited=&#8221;on|tablet&#8221; custom_margin=&#8221;|||160px|false|false&#8221; custom_margin_tablet=&#8221;|||0px|false|false&#8221; custom_margin_phone=&#8221;|||0px|false|false&#8221; custom_margin_last_edited=&#8221;on|phone&#8221; global_colors_info=&#8221;{}&#8221;]<\/p>\n<p><strong>2018<\/strong><\/p>\n<p>[\/et_pb_text][\/et_pb_column][et_pb_column type=&#8221;1_4&#8243; _builder_version=&#8221;4.17.6&#8243; _module_preset=&#8221;default&#8221; global_colors_info=&#8221;{}&#8221;][et_pb_text content_tablet=&#8221;<\/p>\n<p><strong><em>Revista CEFAC<\/em><\/strong><strong> 19<\/strong><\/p>\n<p>Consulter<\/p>\n<p>&#8221; content_phone=&#8221;<\/p>\n<p style=%22text-align: center;%22><strong><em>Revista CEFAC<\/em><\/strong><strong> 19<\/strong><\/p>\n<p style=%22text-align: center;%22>Consulter<\/p>\n<p>&#8221; content_last_edited=&#8221;on|phone&#8221; _builder_version=&#8221;4.19.2&#8243; _module_preset=&#8221;default&#8221; custom_margin_tablet=&#8221;|||160px|false|false&#8221; custom_margin_phone=&#8221;|||0px|false|false&#8221; custom_margin_last_edited=&#8221;on|tablet&#8221; locked=&#8221;off&#8221; global_colors_info=&#8221;{}&#8221;]<\/p>\n<p><b><i>Maturit\u00e0<\/i><\/b><\/p>\n<p><a href=\"https:\/\/pubmed.ncbi.nlm.nih.gov\/29903652\/\">Consulter<\/a><\/p>\n<p>[\/et_pb_text][\/et_pb_column][\/et_pb_row][et_pb_row _builder_version=&#8221;4.18.0&#8243; _module_preset=&#8221;default&#8221; custom_padding=&#8221;13px|||||&#8221; locked=&#8221;off&#8221; global_colors_info=&#8221;{}&#8221;][et_pb_column type=&#8221;4_4&#8243; _builder_version=&#8221;4.17.6&#8243; _module_preset=&#8221;default&#8221; global_colors_info=&#8221;{}&#8221;][et_pb_code _builder_version=&#8221;4.17.6&#8243; _module_preset=&#8221;default&#8221; min_height=&#8221;0px&#8221; global_colors_info=&#8221;{}&#8221;]<\/p>\n<hr>\n<p>[\/et_pb_code][\/et_pb_column][\/et_pb_row][et_pb_row column_structure=&#8221;1_4,1_4,1_4,1_4&#8243; _builder_version=&#8221;4.17.6&#8243; _module_preset=&#8221;default&#8221; min_height=&#8221;55.4px&#8221; custom_margin=&#8221;-30px|auto||auto||&#8221; custom_padding=&#8221;13px||0px|||&#8221; locked=&#8221;off&#8221; global_colors_info=&#8221;{}&#8221;][et_pb_column type=&#8221;1_4&#8243; _builder_version=&#8221;4.17.6&#8243; _module_preset=&#8221;default&#8221; global_colors_info=&#8221;{}&#8221;][et_pb_text content_tablet=&#8221;<\/p>\n<p style=%22text-align: left;%22><strong>A task to manipulate attentional load, set-shifting, and inhibitory control: Convergent validity and test\u2013retest reliability of the Parametric Go\/No-Go Test<\/strong><\/p>\n<p>&#8221; content_phone=&#8221;<\/p>\n<p style=%22text-align: center;%22><strong>A task to manipulate attentional load, set-shifting, and inhibitory control: Convergent validity and test\u2013retest reliability of the Parametric Go\/No-Go Test<\/strong><\/p>\n<p>&#8221; content_last_edited=&#8221;on|phone&#8221; _builder_version=&#8221;4.18.0&#8243; _module_preset=&#8221;default&#8221; width=&#8221;180%&#8221; width_tablet=&#8221;100%&#8221; width_phone=&#8221;100%&#8221; width_last_edited=&#8221;on|tablet&#8221; min_height=&#8221;5.2px&#8221; custom_margin=&#8221;0px||||false|false&#8221; custom_padding=&#8221;||2px|0px||&#8221; global_colors_info=&#8221;{}&#8221;]<\/p>\n<p class=\"content-title\"><strong>L&#8217;impatto dell&#8217;isolamento sociale sullo stato di salute <\/strong><strong>e sulla qualit\u00e0 della vita correlata alla salute degli anziani<\/strong><\/p>\n<div class=\"research-detail-header-section__metadata\">\n<div class=\"nova-legacy-e-text nova-legacy-e-text--size-m nova-legacy-e-text--family-sans-serif nova-legacy-e-text--spacing-xxs nova-legacy-e-text--color-grey-700\">\u00a0<\/div>\n<\/div>\n<p>[\/et_pb_text][\/et_pb_column][et_pb_column type=&#8221;1_4&#8243; _builder_version=&#8221;4.17.6&#8243; _module_preset=&#8221;default&#8221; global_colors_info=&#8221;{}&#8221;][et_pb_text content_tablet=&#8221;<\/p>\n<p>Foti, F., F. De Crescenzo, G. Vivanti, D. Menghini, et S. Vicari<\/p>\n<p>&#8221; content_phone=&#8221;<\/p>\n<p style=%22text-align: center;%22>Foti, F., F. De Crescenzo, G. Vivanti, D. Menghini, et S. Vicari<\/p>\n<p>&#8221; content_last_edited=&#8221;on|phone&#8221; _builder_version=&#8221;4.18.0&#8243; _module_preset=&#8221;default&#8221; width=&#8221;120%&#8221; width_tablet=&#8221;100%&#8221; width_phone=&#8221;100%&#8221; width_last_edited=&#8221;on|tablet&#8221; custom_margin=&#8221;|||160px|false|false&#8221; custom_margin_tablet=&#8221;|||160px|false|false&#8221; custom_margin_phone=&#8221;|||0px|false|false&#8221; custom_margin_last_edited=&#8221;on|phone&#8221; locked=&#8221;off&#8221; global_colors_info=&#8221;{}&#8221;]<\/p>\n<p class=\"heading-title\">Annie Hawton, Colin Green, Andy P. Dickens, Suzanne H. Richards, Rod S. Taylor, Rachel Edwards, Colin J. Greaves e John L. Campbell<\/p>\n<p>[\/et_pb_text][\/et_pb_column][et_pb_column type=&#8221;1_4&#8243; _builder_version=&#8221;4.17.6&#8243; _module_preset=&#8221;default&#8221; global_colors_info=&#8221;{}&#8221;][et_pb_text content_tablet=&#8221;<\/p>\n<p><strong>2015<\/strong><\/p>\n<p>&#8221; content_phone=&#8221;<\/p>\n<p style=%22text-align: center;%22><strong>2015<\/strong><\/p>\n<p>&#8221; content_last_edited=&#8221;on|phone&#8221; _builder_version=&#8221;4.18.0&#8243; _module_preset=&#8221;default&#8221; width=&#8221;120%&#8221; width_tablet=&#8221;100%&#8221; width_phone=&#8221;100%&#8221; width_last_edited=&#8221;on|tablet&#8221; custom_margin=&#8221;|||160px|false|false&#8221; custom_margin_tablet=&#8221;|||0px|false|false&#8221; custom_margin_phone=&#8221;|||0px|false|false&#8221; custom_margin_last_edited=&#8221;on|phone&#8221; global_colors_info=&#8221;{}&#8221;]<\/p>\n<p><strong>2011<\/strong><\/p>\n<p>[\/et_pb_text][\/et_pb_column][et_pb_column type=&#8221;1_4&#8243; _builder_version=&#8221;4.17.6&#8243; _module_preset=&#8221;default&#8221; global_colors_info=&#8221;{}&#8221;][et_pb_text content_tablet=&#8221;<\/p>\n<p><strong><em>Revista CEFAC<\/em><\/strong><strong> 19<\/strong><\/p>\n<p>Consulter<\/p>\n<p>&#8221; content_phone=&#8221;<\/p>\n<p style=%22text-align: center;%22><strong><em>Revista CEFAC<\/em><\/strong><strong> 19<\/strong><\/p>\n<p style=%22text-align: center;%22>Consulter<\/p>\n<p>&#8221; content_last_edited=&#8221;on|phone&#8221; _builder_version=&#8221;4.19.2&#8243; _module_preset=&#8221;default&#8221; custom_margin_tablet=&#8221;|||160px|false|false&#8221; custom_margin_phone=&#8221;|||0px|false|false&#8221; custom_margin_last_edited=&#8221;on|tablet&#8221; locked=&#8221;off&#8221; global_colors_info=&#8221;{}&#8221;]<\/p>\n<p><b><i>Qual Life Res<\/i><\/b><\/p>\n<p><a href=\"https:\/\/pubmed.ncbi.nlm.nih.gov\/20658322\/\">Consultare<\/a><\/p>\n<p>[\/et_pb_text][\/et_pb_column][\/et_pb_row][et_pb_row _builder_version=&#8221;4.18.0&#8243; _module_preset=&#8221;default&#8221; custom_padding=&#8221;13px|||||&#8221; locked=&#8221;off&#8221; global_colors_info=&#8221;{}&#8221;][et_pb_column type=&#8221;4_4&#8243; _builder_version=&#8221;4.17.6&#8243; _module_preset=&#8221;default&#8221; global_colors_info=&#8221;{}&#8221;][et_pb_code _builder_version=&#8221;4.17.6&#8243; _module_preset=&#8221;default&#8221; min_height=&#8221;0px&#8221; global_colors_info=&#8221;{}&#8221;]<\/p>\n<hr>\n<p>[\/et_pb_code][\/et_pb_column][\/et_pb_row][et_pb_row column_structure=&#8221;1_4,1_4,1_4,1_4&#8243; _builder_version=&#8221;4.17.6&#8243; _module_preset=&#8221;default&#8221; min_height=&#8221;55.4px&#8221; custom_margin=&#8221;-30px|auto||auto||&#8221; custom_padding=&#8221;13px||0px|||&#8221; locked=&#8221;off&#8221; global_colors_info=&#8221;{}&#8221;][et_pb_column type=&#8221;1_4&#8243; _builder_version=&#8221;4.17.6&#8243; _module_preset=&#8221;default&#8221; global_colors_info=&#8221;{}&#8221;][et_pb_text content_tablet=&#8221;<\/p>\n<p style=%22text-align: left;%22><strong>A task to manipulate attentional load, set-shifting, and inhibitory control: Convergent validity and test\u2013retest reliability of the Parametric Go\/No-Go Test<\/strong><\/p>\n<p>&#8221; content_phone=&#8221;<\/p>\n<p style=%22text-align: center;%22><strong>A task to manipulate attentional load, set-shifting, and inhibitory control: Convergent validity and test\u2013retest reliability of the Parametric Go\/No-Go Test<\/strong><\/p>\n<p>&#8221; content_last_edited=&#8221;on|phone&#8221; _builder_version=&#8221;4.18.0&#8243; _module_preset=&#8221;default&#8221; width=&#8221;180%&#8221; width_tablet=&#8221;100%&#8221; width_phone=&#8221;100%&#8221; width_last_edited=&#8221;on|tablet&#8221; min_height=&#8221;5.2px&#8221; custom_margin=&#8221;0px||||false|false&#8221; custom_padding=&#8221;||2px|0px||&#8221; global_colors_info=&#8221;{}&#8221;]<\/p>\n<p class=\"wi-article-title article-title-main\"><strong>Spesa Energetica del Tempo di Schermo Sedentario rispetto al Tempo di Schermo Attivo per Bambini<\/strong><\/p>\n<div class=\"research-detail-header-section__metadata\">\n<div class=\"nova-legacy-e-text nova-legacy-e-text--size-m nova-legacy-e-text--family-sans-serif nova-legacy-e-text--spacing-xxs nova-legacy-e-text--color-grey-700\"> <\/div>\n<\/div>\n<p>[\/et_pb_text][\/et_pb_column][et_pb_column type=&#8221;1_4&#8243; _builder_version=&#8221;4.17.6&#8243; _module_preset=&#8221;default&#8221; global_colors_info=&#8221;{}&#8221;][et_pb_text content_tablet=&#8221;<\/p>\n<p>Foti, F., F. De Crescenzo, G. Vivanti, D. Menghini, et S. Vicari<\/p>\n<p>&#8221; content_phone=&#8221;<\/p>\n<p style=%22text-align: center;%22>Foti, F., F. De Crescenzo, G. Vivanti, D. Menghini, et S. Vicari<\/p>\n<p>&#8221; content_last_edited=&#8221;on|phone&#8221; _builder_version=&#8221;4.18.0&#8243; _module_preset=&#8221;default&#8221; text_text_color=&#8221;#000000&#8243; width=&#8221;120%&#8221; width_tablet=&#8221;100%&#8221; width_phone=&#8221;100%&#8221; width_last_edited=&#8221;on|tablet&#8221; custom_margin=&#8221;|||160px|false|false&#8221; custom_margin_tablet=&#8221;|||160px|false|false&#8221; custom_margin_phone=&#8221;|||0px|false|false&#8221; custom_margin_last_edited=&#8221;on|phone&#8221; locked=&#8221;off&#8221; global_colors_info=&#8221;{}&#8221;]<\/p>\n<div class=\"al-author-name\">Lorraine Lanningham-Foster, Teresa B. Jensen, Randal C. Foster, Aoife B. Redmond, Brian A. Walker, Dieter Heinz e James A. Levine<\/div>\n<div> <\/div>\n<p>[\/et_pb_text][\/et_pb_column][et_pb_column type=&#8221;1_4&#8243; _builder_version=&#8221;4.17.6&#8243; _module_preset=&#8221;default&#8221; global_colors_info=&#8221;{}&#8221;][et_pb_text content_tablet=&#8221;<\/p>\n<p><strong>2015<\/strong><\/p>\n<p>&#8221; content_phone=&#8221;<\/p>\n<p style=%22text-align: center;%22><strong>2015<\/strong><\/p>\n<p>&#8221; content_last_edited=&#8221;on|phone&#8221; _builder_version=&#8221;4.18.0&#8243; _module_preset=&#8221;default&#8221; width=&#8221;120%&#8221; width_tablet=&#8221;100%&#8221; width_phone=&#8221;100%&#8221; width_last_edited=&#8221;on|tablet&#8221; custom_margin=&#8221;|||160px|false|false&#8221; custom_margin_tablet=&#8221;|||0px|false|false&#8221; custom_margin_phone=&#8221;|||0px|false|false&#8221; custom_margin_last_edited=&#8221;on|phone&#8221; global_colors_info=&#8221;{}&#8221;]<\/p>\n<p><strong>2006<\/strong><\/p>\n<p>[\/et_pb_text][\/et_pb_column][et_pb_column type=&#8221;1_4&#8243; _builder_version=&#8221;4.17.6&#8243; _module_preset=&#8221;default&#8221; global_colors_info=&#8221;{}&#8221;][et_pb_text content_tablet=&#8221;<\/p>\n<p><strong><em>Revista CEFAC<\/em><\/strong><strong> 19<\/strong><\/p>\n<p>Consulter<\/p>\n<p>&#8221; content_phone=&#8221;<\/p>\n<p style=%22text-align: center;%22><strong><em>Revista CEFAC<\/em><\/strong><strong> 19<\/strong><\/p>\n<p style=%22text-align: center;%22>Consulter<\/p>\n<p>&#8221; content_last_edited=&#8221;on|phone&#8221; _builder_version=&#8221;4.19.2&#8243; _module_preset=&#8221;default&#8221; custom_margin_tablet=&#8221;|||160px|false|false&#8221; custom_margin_phone=&#8221;|||0px|false|false&#8221; custom_margin_last_edited=&#8221;on|tablet&#8221; locked=&#8221;off&#8221; global_colors_info=&#8221;{}&#8221;]<\/p>\n<p><b><i>Pediatria<\/i><\/b><\/p>\n<p><a href=\"https:\/\/pubmed.ncbi.nlm.nih.gov\/17142504\/#:~:text=Results%3A%20Watching\">Consulter<\/a><\/p>\n<p>[\/et_pb_text][\/et_pb_column][\/et_pb_row][et_pb_row _builder_version=&#8221;4.18.0&#8243; _module_preset=&#8221;default&#8221; custom_padding=&#8221;13px|||||&#8221; locked=&#8221;off&#8221; global_colors_info=&#8221;{}&#8221;][et_pb_column type=&#8221;4_4&#8243; _builder_version=&#8221;4.17.6&#8243; _module_preset=&#8221;default&#8221; global_colors_info=&#8221;{}&#8221;][et_pb_code _builder_version=&#8221;4.17.6&#8243; _module_preset=&#8221;default&#8221; min_height=&#8221;0px&#8221; global_colors_info=&#8221;{}&#8221;]<\/p>\n<hr>\n<p>[\/et_pb_code][\/et_pb_column][\/et_pb_row][et_pb_row column_structure=&#8221;1_4,1_4,1_4,1_4&#8243; _builder_version=&#8221;4.17.6&#8243; _module_preset=&#8221;default&#8221; min_height=&#8221;55.4px&#8221; custom_margin=&#8221;-30px|auto||auto||&#8221; custom_padding=&#8221;13px||0px|||&#8221; locked=&#8221;off&#8221; global_colors_info=&#8221;{}&#8221;][et_pb_column type=&#8221;1_4&#8243; _builder_version=&#8221;4.17.6&#8243; _module_preset=&#8221;default&#8221; global_colors_info=&#8221;{}&#8221;][et_pb_text content_tablet=&#8221;<\/p>\n<p style=%22text-align: left;%22><strong>A task to manipulate attentional load, set-shifting, and inhibitory control: Convergent validity and test\u2013retest reliability of the Parametric Go\/No-Go Test<\/strong><\/p>\n<p>&#8221; content_phone=&#8221;<\/p>\n<p style=%22text-align: center;%22><strong>A task to manipulate attentional load, set-shifting, and inhibitory control: Convergent validity and test\u2013retest reliability of the Parametric Go\/No-Go Test<\/strong><\/p>\n<p>&#8221; content_last_edited=&#8221;on|phone&#8221; _builder_version=&#8221;4.18.0&#8243; _module_preset=&#8221;default&#8221; width=&#8221;180%&#8221; width_tablet=&#8221;100%&#8221; width_phone=&#8221;100%&#8221; width_last_edited=&#8221;on|tablet&#8221; min_height=&#8221;5.2px&#8221; custom_margin=&#8221;0px||||false|false&#8221; custom_padding=&#8221;||2px|0px||&#8221; global_colors_info=&#8221;{}&#8221;]<\/p>\n<p class=\"ejp-article-title\"><strong>Una rassegna sistematica\u00a0<span class=\"ej-keyword\" data-value=\"Review\">Review<\/span> dei giochi seri nella formazione degli operatori sanitari<\/strong><\/p>\n<div class=\"research-detail-header-section__metadata\">\n<div class=\"nova-legacy-e-text nova-legacy-e-text--size-m nova-legacy-e-text--family-sans-serif nova-legacy-e-text--spacing-xxs nova-legacy-e-text--color-grey-700\">\u00a0<\/div>\n<\/div>\n<p>[\/et_pb_text][\/et_pb_column][et_pb_column type=&#8221;1_4&#8243; _builder_version=&#8221;4.17.6&#8243; _module_preset=&#8221;default&#8221; global_colors_info=&#8221;{}&#8221;][et_pb_text content_tablet=&#8221;<\/p>\n<p>Foti, F., F. De Crescenzo, G. Vivanti, D. Menghini, et S. Vicari<\/p>\n<p>&#8221; content_phone=&#8221;<\/p>\n<p style=%22text-align: center;%22>Foti, F., F. De Crescenzo, G. Vivanti, D. Menghini, et S. Vicari<\/p>\n<p>&#8221; content_last_edited=&#8221;on|phone&#8221; _builder_version=&#8221;4.18.0&#8243; _module_preset=&#8221;default&#8221; text_text_color=&#8221;#000000&#8243; width=&#8221;120%&#8221; width_tablet=&#8221;100%&#8221; width_phone=&#8221;100%&#8221; width_last_edited=&#8221;on|tablet&#8221; custom_margin=&#8221;|||160px|false|false&#8221; custom_margin_tablet=&#8221;|||160px|false|false&#8221; custom_margin_phone=&#8221;|||0px|false|false&#8221; custom_margin_last_edited=&#8221;on|phone&#8221; locked=&#8221;off&#8221; global_colors_info=&#8221;{}&#8221;]<\/p>\n<div class=\"al-author-name\">Wang Ryan, DeMaria Samuel Jr, Goldberg Andrew e Katz Daniel<\/div>\n<div>\u00a0<\/div>\n<p>[\/et_pb_text][\/et_pb_column][et_pb_column type=&#8221;1_4&#8243; _builder_version=&#8221;4.17.6&#8243; _module_preset=&#8221;default&#8221; global_colors_info=&#8221;{}&#8221;][et_pb_text content_tablet=&#8221;<\/p>\n<p><strong>2015<\/strong><\/p>\n<p>&#8221; content_phone=&#8221;<\/p>\n<p style=%22text-align: center;%22><strong>2015<\/strong><\/p>\n<p>&#8221; content_last_edited=&#8221;on|phone&#8221; _builder_version=&#8221;4.18.0&#8243; _module_preset=&#8221;default&#8221; width=&#8221;120%&#8221; width_tablet=&#8221;100%&#8221; width_phone=&#8221;100%&#8221; width_last_edited=&#8221;on|tablet&#8221; custom_margin=&#8221;|||160px|false|false&#8221; custom_margin_tablet=&#8221;|||0px|false|false&#8221; custom_margin_phone=&#8221;|||0px|false|false&#8221; custom_margin_last_edited=&#8221;on|phone&#8221; global_colors_info=&#8221;{}&#8221;]<\/p>\n<p><strong>2016<\/strong><\/p>\n<p>[\/et_pb_text][\/et_pb_column][et_pb_column type=&#8221;1_4&#8243; _builder_version=&#8221;4.17.6&#8243; _module_preset=&#8221;default&#8221; global_colors_info=&#8221;{}&#8221;][et_pb_text content_tablet=&#8221;<\/p>\n<p><strong><em>Revista CEFAC<\/em><\/strong><strong> 19<\/strong><\/p>\n<p>Consulter<\/p>\n<p>&#8221; content_phone=&#8221;<\/p>\n<p style=%22text-align: center;%22><strong><em>Revista CEFAC<\/em><\/strong><strong> 19<\/strong><\/p>\n<p style=%22text-align: center;%22>Consulter<\/p>\n<p>&#8221; content_last_edited=&#8221;on|phone&#8221; _builder_version=&#8221;4.19.2&#8243; _module_preset=&#8221;default&#8221; custom_margin_tablet=&#8221;|||160px|false|false&#8221; custom_margin_phone=&#8221;|||0px|false|false&#8221; custom_margin_last_edited=&#8221;on|tablet&#8221; locked=&#8221;off&#8221; global_colors_info=&#8221;{}&#8221;]<\/p>\n<p><b><i>Simulazione nella Sanit\u00e0<\/i><\/b><\/p>\n<p><a href=\"https:\/\/afeseo.ca\/wp-content\/uploads\/2022\/10\/Revue-e\u0301clair-des-e\u0301crits-\">Consulter<\/a><\/p>\n<p>[\/et_pb_text][\/et_pb_column][\/et_pb_row][et_pb_row _builder_version=&#8221;4.18.0&#8243; _module_preset=&#8221;default&#8221; custom_padding=&#8221;13px|||||&#8221; locked=&#8221;off&#8221; global_colors_info=&#8221;{}&#8221;][et_pb_column type=&#8221;4_4&#8243; _builder_version=&#8221;4.17.6&#8243; _module_preset=&#8221;default&#8221; global_colors_info=&#8221;{}&#8221;][et_pb_code _builder_version=&#8221;4.17.6&#8243; _module_preset=&#8221;default&#8221; min_height=&#8221;0px&#8221; global_colors_info=&#8221;{}&#8221;]<\/p>\n<hr>\n<p>[\/et_pb_code][\/et_pb_column][\/et_pb_row][et_pb_row column_structure=&#8221;1_4,1_4,1_4,1_4&#8243; _builder_version=&#8221;4.17.6&#8243; _module_preset=&#8221;default&#8221; min_height=&#8221;55.4px&#8221; custom_margin=&#8221;-30px|auto||auto||&#8221; custom_padding=&#8221;13px||0px|||&#8221; locked=&#8221;off&#8221; global_colors_info=&#8221;{}&#8221;][et_pb_column type=&#8221;1_4&#8243; _builder_version=&#8221;4.17.6&#8243; _module_preset=&#8221;default&#8221; global_colors_info=&#8221;{}&#8221;][et_pb_text content_tablet=&#8221;<\/p>\n<p style=%22text-align: left;%22><strong>A task to manipulate attentional load, set-shifting, and inhibitory control: Convergent validity and test\u2013retest reliability of the Parametric Go\/No-Go Test<\/strong><\/p>\n<p>&#8221; content_phone=&#8221;<\/p>\n<p style=%22text-align: center;%22><strong>A task to manipulate attentional load, set-shifting, and inhibitory control: Convergent validity and test\u2013retest reliability of the Parametric Go\/No-Go Test<\/strong><\/p>\n<p>&#8221; content_last_edited=&#8221;on|phone&#8221; _builder_version=&#8221;4.18.0&#8243; _module_preset=&#8221;default&#8221; width=&#8221;180%&#8221; width_tablet=&#8221;100%&#8221; width_phone=&#8221;100%&#8221; width_last_edited=&#8221;on|tablet&#8221; min_height=&#8221;5.2px&#8221; custom_margin=&#8221;0px||||false|false&#8221; custom_padding=&#8221;||2px|0px||&#8221; global_colors_info=&#8221;{}&#8221;]<\/p>\n<p class=\"ejp-article-title\"><strong>Le terapie basate sul gioco possono essere considerate affidabili? L&#8217;educazione basata sul gioco \u00e8 efficace? Una revisione sistematica dei Serious Games per la Salute e l&#8217;Istruzione <\/strong><\/p>\n<div class=\"research-detail-header-section__metadata\">\n<div class=\"nova-legacy-e-text nova-legacy-e-text--size-m nova-legacy-e-text--family-sans-serif nova-legacy-e-text--spacing-xxs nova-legacy-e-text--color-grey-700\">\u00a0<\/div>\n<\/div>\n<p>[\/et_pb_text][\/et_pb_column][et_pb_column type=&#8221;1_4&#8243; _builder_version=&#8221;4.17.6&#8243; _module_preset=&#8221;default&#8221; global_colors_info=&#8221;{}&#8221;][et_pb_text content_tablet=&#8221;<\/p>\n<p>Foti, F., F. De Crescenzo, G. Vivanti, D. Menghini, et S. Vicari<\/p>\n<p>&#8221; content_phone=&#8221;<\/p>\n<p style=%22text-align: center;%22>Foti, F., F. De Crescenzo, G. Vivanti, D. Menghini, et S. Vicari<\/p>\n<p>&#8221; content_last_edited=&#8221;on|phone&#8221; _builder_version=&#8221;4.18.0&#8243; _module_preset=&#8221;default&#8221; text_text_color=&#8221;#000000&#8243; width=&#8221;120%&#8221; width_tablet=&#8221;100%&#8221; width_phone=&#8221;100%&#8221; width_last_edited=&#8221;on|tablet&#8221; custom_margin=&#8221;|||160px|false|false&#8221; custom_margin_tablet=&#8221;|||160px|false|false&#8221; custom_margin_phone=&#8221;|||0px|false|false&#8221; custom_margin_last_edited=&#8221;on|phone&#8221; locked=&#8221;off&#8221; global_colors_info=&#8221;{}&#8221;]<\/p>\n<div class=\"al-author-name\">Nuria Aresti Bartolom\u00e9, Amaia M\u00e9ndez Zorilla, B\u00e9go\u00f1a Garc\u00eda Zapirain<\/div>\n<div>\u00a0<\/div>\n<p>[\/et_pb_text][\/et_pb_column][et_pb_column type=&#8221;1_4&#8243; _builder_version=&#8221;4.17.6&#8243; _module_preset=&#8221;default&#8221; global_colors_info=&#8221;{}&#8221;][et_pb_text content_tablet=&#8221;<\/p>\n<p><strong>2015<\/strong><\/p>\n<p>&#8221; content_phone=&#8221;<\/p>\n<p style=%22text-align: center;%22><strong>2015<\/strong><\/p>\n<p>&#8221; content_last_edited=&#8221;on|phone&#8221; _builder_version=&#8221;4.18.0&#8243; _module_preset=&#8221;default&#8221; width=&#8221;120%&#8221; width_tablet=&#8221;100%&#8221; width_phone=&#8221;100%&#8221; width_last_edited=&#8221;on|tablet&#8221; custom_margin=&#8221;|||160px|false|false&#8221; custom_margin_tablet=&#8221;|||0px|false|false&#8221; custom_margin_phone=&#8221;|||0px|false|false&#8221; custom_margin_last_edited=&#8221;on|phone&#8221; global_colors_info=&#8221;{}&#8221;]<\/p>\n<p><strong>2011<\/strong><\/p>\n<p>[\/et_pb_text][\/et_pb_column][et_pb_column type=&#8221;1_4&#8243; _builder_version=&#8221;4.17.6&#8243; _module_preset=&#8221;default&#8221; global_colors_info=&#8221;{}&#8221;][et_pb_text content_tablet=&#8221;<\/p>\n<p><strong><em>Revista CEFAC<\/em><\/strong><strong> 19<\/strong><\/p>\n<p>Consulter<\/p>\n<p>&#8221; content_phone=&#8221;<\/p>\n<p style=%22text-align: center;%22><strong><em>Revista CEFAC<\/em><\/strong><strong> 19<\/strong><\/p>\n<p style=%22text-align: center;%22>Consulter<\/p>\n<p>&#8221; content_last_edited=&#8221;on|phone&#8221; _builder_version=&#8221;4.19.2&#8243; _module_preset=&#8221;default&#8221; custom_margin_tablet=&#8221;|||160px|false|false&#8221; custom_margin_phone=&#8221;|||0px|false|false&#8221; custom_margin_last_edited=&#8221;on|tablet&#8221; locked=&#8221;off&#8221; global_colors_info=&#8221;{}&#8221;]<\/p>\n<p><b><i>CGames<\/i><\/b><\/p>\n<p><a href=\"https:\/\/www.semanticscholar.org\/paper\/Can-game-based-therapies-be-trusted-Is-game-based-A-Bartolome-Zorrilla\/a048525999610cc66f4525fa7f801eaa02a1508a\">Consultare<\/a><\/p>\n<p>[\/et_pb_text][\/et_pb_column][\/et_pb_row][et_pb_row _builder_version=&#8221;4.18.0&#8243; _module_preset=&#8221;default&#8221; custom_padding=&#8221;13px|||||&#8221; locked=&#8221;off&#8221; global_colors_info=&#8221;{}&#8221;][et_pb_column type=&#8221;4_4&#8243; _builder_version=&#8221;4.17.6&#8243; _module_preset=&#8221;default&#8221; global_colors_info=&#8221;{}&#8221;][et_pb_code _builder_version=&#8221;4.17.6&#8243; _module_preset=&#8221;default&#8221; min_height=&#8221;0px&#8221; global_colors_info=&#8221;{}&#8221;]<\/p>\n<hr>\n<p>[\/et_pb_code][\/et_pb_column][\/et_pb_row][et_pb_row column_structure=&#8221;1_4,1_4,1_4,1_4&#8243; _builder_version=&#8221;4.17.6&#8243; _module_preset=&#8221;default&#8221; min_height=&#8221;55.4px&#8221; custom_margin=&#8221;-30px|auto||auto||&#8221; custom_padding=&#8221;13px||0px|||&#8221; locked=&#8221;off&#8221; global_colors_info=&#8221;{}&#8221;][et_pb_column type=&#8221;1_4&#8243; _builder_version=&#8221;4.17.6&#8243; _module_preset=&#8221;default&#8221; global_colors_info=&#8221;{}&#8221;][et_pb_text content_tablet=&#8221;<\/p>\n<p style=%22text-align: left;%22><strong>A task to manipulate attentional load, set-shifting, and inhibitory control: Convergent validity and test\u2013retest reliability of the Parametric Go\/No-Go Test<\/strong><\/p>\n<p>&#8221; content_phone=&#8221;<\/p>\n<p style=%22text-align: center;%22><strong>A task to manipulate attentional load, set-shifting, and inhibitory control: Convergent validity and test\u2013retest reliability of the Parametric Go\/No-Go Test<\/strong><\/p>\n<p>&#8221; content_last_edited=&#8221;on|phone&#8221; _builder_version=&#8221;4.18.0&#8243; _module_preset=&#8221;default&#8221; width=&#8221;180%&#8221; width_tablet=&#8221;100%&#8221; width_phone=&#8221;100%&#8221; width_last_edited=&#8221;on|tablet&#8221; min_height=&#8221;5.2px&#8221; custom_margin=&#8221;0px||||false|false&#8221; custom_padding=&#8221;||2px|0px||&#8221; global_colors_info=&#8221;{}&#8221;]<\/p>\n<p class=\"ejp-article-title\"><strong>Progettare interventi di giochi seri per individui<\/strong><br \/><strong>con autismo<\/strong><\/p>\n<div class=\"research-detail-header-section__metadata\">\n<div class=\"nova-legacy-e-text nova-legacy-e-text--size-m nova-legacy-e-text--family-sans-serif nova-legacy-e-text--spacing-xxs nova-legacy-e-text--color-grey-700\">\u00a0<\/div>\n<\/div>\n<p>[\/et_pb_text][\/et_pb_column][et_pb_column type=&#8221;1_4&#8243; _builder_version=&#8221;4.17.6&#8243; _module_preset=&#8221;default&#8221; global_colors_info=&#8221;{}&#8221;][et_pb_text content_tablet=&#8221;<\/p>\n<p>Foti, F., F. De Crescenzo, G. Vivanti, D. Menghini, et S. Vicari<\/p>\n<p>&#8221; content_phone=&#8221;<\/p>\n<p style=%22text-align: center;%22>Foti, F., F. De Crescenzo, G. Vivanti, D. Menghini, et S. Vicari<\/p>\n<p>&#8221; content_last_edited=&#8221;on|phone&#8221; _builder_version=&#8221;4.18.0&#8243; _module_preset=&#8221;default&#8221; text_text_color=&#8221;#000000&#8243; width=&#8221;120%&#8221; width_tablet=&#8221;100%&#8221; width_phone=&#8221;100%&#8221; width_last_edited=&#8221;on|tablet&#8221; custom_margin=&#8221;|||160px|false|false&#8221; custom_margin_tablet=&#8221;|||160px|false|false&#8221; custom_margin_phone=&#8221;|||0px|false|false&#8221; custom_margin_last_edited=&#8221;on|phone&#8221; locked=&#8221;off&#8221; global_colors_info=&#8221;{}&#8221;]<\/p>\n<div class=\"al-author-name\">Elisabeth M. Whyte, Joshua M. Smyth e K. Suzanne Scherf<\/div>\n<div>\u00a0<\/div>\n<p>[\/et_pb_text][\/et_pb_column][et_pb_column type=&#8221;1_4&#8243; _builder_version=&#8221;4.17.6&#8243; _module_preset=&#8221;default&#8221; global_colors_info=&#8221;{}&#8221;][et_pb_text content_tablet=&#8221;<\/p>\n<p><strong>2015<\/strong><\/p>\n<p>&#8221; content_phone=&#8221;<\/p>\n<p style=%22text-align: center;%22><strong>2015<\/strong><\/p>\n<p>&#8221; content_last_edited=&#8221;on|phone&#8221; _builder_version=&#8221;4.19.2&#8243; _module_preset=&#8221;default&#8221; width=&#8221;120%&#8221; width_tablet=&#8221;100%&#8221; width_phone=&#8221;100%&#8221; width_last_edited=&#8221;on|tablet&#8221; custom_margin=&#8221;|||160px|false|false&#8221; custom_margin_tablet=&#8221;|||0px|false|false&#8221; custom_margin_phone=&#8221;|||0px|false|false&#8221; custom_margin_last_edited=&#8221;on|phone&#8221; global_colors_info=&#8221;{}&#8221;]<\/p>\n<p><strong>2015<\/strong><\/p>\n<p>[\/et_pb_text][\/et_pb_column][et_pb_column type=&#8221;1_4&#8243; _builder_version=&#8221;4.17.6&#8243; _module_preset=&#8221;default&#8221; global_colors_info=&#8221;{}&#8221;][et_pb_text content_tablet=&#8221;<\/p>\n<p><strong><em>Revista CEFAC<\/em><\/strong><strong> 19<\/strong><\/p>\n<p>Consulter<\/p>\n<p>&#8221; content_phone=&#8221;<\/p>\n<p style=%22text-align: center;%22><strong><em>Revista CEFAC<\/em><\/strong><strong> 19<\/strong><\/p>\n<p style=%22text-align: center;%22>Consulter<\/p>\n<p>&#8221; content_last_edited=&#8221;on|phone&#8221; _builder_version=&#8221;4.19.2&#8243; _module_preset=&#8221;default&#8221; custom_margin_tablet=&#8221;|||160px|false|false&#8221; custom_margin_phone=&#8221;|||0px|false|false&#8221; custom_margin_last_edited=&#8221;on|tablet&#8221; locked=&#8221;off&#8221; global_colors_info=&#8221;{}&#8221;]<\/p>\n<p><b><i>Giornale dei Disturbi dello Spettro Autistico e dello Sviluppo<\/i><\/b><\/p>\n<p><a href=\"https:\/\/pubmed.ncbi.nlm.nih.gov\/25488121\/\">Consulter<\/a><\/p>\n<p>[\/et_pb_text][\/et_pb_column][\/et_pb_row][et_pb_row _builder_version=&#8221;4.18.0&#8243; _module_preset=&#8221;default&#8221; custom_padding=&#8221;13px|||||&#8221; locked=&#8221;off&#8221; global_colors_info=&#8221;{}&#8221;][et_pb_column type=&#8221;4_4&#8243; _builder_version=&#8221;4.17.6&#8243; _module_preset=&#8221;default&#8221; global_colors_info=&#8221;{}&#8221;][et_pb_code _builder_version=&#8221;4.17.6&#8243; _module_preset=&#8221;default&#8221; min_height=&#8221;0px&#8221; global_colors_info=&#8221;{}&#8221;]<\/p>\n<hr>\n<p>[\/et_pb_code][\/et_pb_column][\/et_pb_row][et_pb_row column_structure=&#8221;1_4,1_4,1_4,1_4&#8243; _builder_version=&#8221;4.17.6&#8243; _module_preset=&#8221;default&#8221; min_height=&#8221;55.4px&#8221; custom_margin=&#8221;-30px|auto||auto||&#8221; custom_padding=&#8221;13px||0px|||&#8221; locked=&#8221;off&#8221; global_colors_info=&#8221;{}&#8221;][et_pb_column type=&#8221;1_4&#8243; _builder_version=&#8221;4.17.6&#8243; _module_preset=&#8221;default&#8221; global_colors_info=&#8221;{}&#8221;][et_pb_text content_tablet=&#8221;<\/p>\n<p style=%22text-align: left;%22><strong>A task to manipulate attentional load, set-shifting, and inhibitory control: Convergent validity and test\u2013retest reliability of the Parametric Go\/No-Go Test<\/strong><\/p>\n<p>&#8221; content_phone=&#8221;<\/p>\n<p style=%22text-align: center;%22><strong>A task to manipulate attentional load, set-shifting, and inhibitory control: Convergent validity and test\u2013retest reliability of the Parametric Go\/No-Go Test<\/strong><\/p>\n<p>&#8221; content_last_edited=&#8221;on|phone&#8221; _builder_version=&#8221;4.18.0&#8243; _module_preset=&#8221;default&#8221; width=&#8221;180%&#8221; width_tablet=&#8221;100%&#8221; width_phone=&#8221;100%&#8221; width_last_edited=&#8221;on|tablet&#8221; min_height=&#8221;5.2px&#8221; custom_margin=&#8221;0px||||false|false&#8221; custom_padding=&#8221;||2px|0px||&#8221; global_colors_info=&#8221;{}&#8221;]<\/p>\n<p class=\"ejp-article-title\"><strong>Giochi della Demenza: Una Revisione della Letteratura sui Giochi Seri relativi alla Demenza<\/strong><\/p>\n<div class=\"research-detail-header-section__metadata\">\n<div class=\"nova-legacy-e-text nova-legacy-e-text--size-m nova-legacy-e-text--family-sans-serif nova-legacy-e-text--spacing-xxs nova-legacy-e-text--color-grey-700\">\u00a0<\/div>\n<\/div>\n<p>[\/et_pb_text][\/et_pb_column][et_pb_column type=&#8221;1_4&#8243; _builder_version=&#8221;4.17.6&#8243; _module_preset=&#8221;default&#8221; global_colors_info=&#8221;{}&#8221;][et_pb_text content_tablet=&#8221;<\/p>\n<p>Foti, F., F. De Crescenzo, G. Vivanti, D. Menghini, et S. Vicari<\/p>\n<p>&#8221; content_phone=&#8221;<\/p>\n<p style=%22text-align: center;%22>Foti, F., F. De Crescenzo, G. Vivanti, D. Menghini, et S. Vicari<\/p>\n<p>&#8221; content_last_edited=&#8221;on|phone&#8221; _builder_version=&#8221;4.18.0&#8243; _module_preset=&#8221;default&#8221; text_text_color=&#8221;#000000&#8243; width=&#8221;120%&#8221; width_tablet=&#8221;100%&#8221; width_phone=&#8221;100%&#8221; width_last_edited=&#8221;on|tablet&#8221; custom_margin=&#8221;|||160px|false|false&#8221; custom_margin_tablet=&#8221;|||160px|false|false&#8221; custom_margin_phone=&#8221;|||0px|false|false&#8221; custom_margin_last_edited=&#8221;on|phone&#8221; locked=&#8221;off&#8221; global_colors_info=&#8221;{}&#8221;]<\/p>\n<div class=\"al-author-name\">Simon McCallum e Costas Boletsis<\/div>\n<p>[\/et_pb_text][\/et_pb_column][et_pb_column type=&#8221;1_4&#8243; _builder_version=&#8221;4.17.6&#8243; _module_preset=&#8221;default&#8221; global_colors_info=&#8221;{}&#8221;][et_pb_text content_tablet=&#8221;<\/p>\n<p><strong>2015<\/strong><\/p>\n<p>&#8221; content_phone=&#8221;<\/p>\n<p style=%22text-align: center;%22><strong>2015<\/strong><\/p>\n<p>&#8221; content_last_edited=&#8221;on|phone&#8221; _builder_version=&#8221;4.18.0&#8243; _module_preset=&#8221;default&#8221; width=&#8221;120%&#8221; width_tablet=&#8221;100%&#8221; width_phone=&#8221;100%&#8221; width_last_edited=&#8221;on|tablet&#8221; custom_margin=&#8221;|||160px|false|false&#8221; custom_margin_tablet=&#8221;|||0px|false|false&#8221; custom_margin_phone=&#8221;|||0px|false|false&#8221; custom_margin_last_edited=&#8221;on|phone&#8221; global_colors_info=&#8221;{}&#8221;]<\/p>\n<p><strong>2013<\/strong><\/p>\n<p>[\/et_pb_text][\/et_pb_column][et_pb_column type=&#8221;1_4&#8243; _builder_version=&#8221;4.17.6&#8243; _module_preset=&#8221;default&#8221; global_colors_info=&#8221;{}&#8221;][et_pb_text content_tablet=&#8221;<\/p>\n<p><strong><em>Revista CEFAC<\/em><\/strong><strong> 19<\/strong><\/p>\n<p>Consulter<\/p>\n<p>&#8221; content_phone=&#8221;<\/p>\n<p style=%22text-align: center;%22><strong><em>Revista CEFAC<\/em><\/strong><strong> 19<\/strong><\/p>\n<p style=%22text-align: center;%22>Consulter<\/p>\n<p>&#8221; content_last_edited=&#8221;on|phone&#8221; _builder_version=&#8221;4.19.2&#8243; _module_preset=&#8221;default&#8221; custom_margin_tablet=&#8221;|||160px|false|false&#8221; custom_margin_phone=&#8221;|||0px|false|false&#8221; custom_margin_last_edited=&#8221;on|tablet&#8221; locked=&#8221;off&#8221; global_colors_info=&#8221;{}&#8221;]<\/p>\n<p><b><i>Informatica<\/i><\/b><\/p>\n<p><a href=\"https:\/\/www.springerprofessional.de\/en\/dementia-games-a-literature-review-of-dementia-related-serious-g\/4171718\">Consulter<\/a><\/p>\n<p>[\/et_pb_text][\/et_pb_column][\/et_pb_row][et_pb_row _builder_version=&#8221;4.18.0&#8243; _module_preset=&#8221;default&#8221; custom_padding=&#8221;13px|||||&#8221; locked=&#8221;off&#8221; global_colors_info=&#8221;{}&#8221;][et_pb_column type=&#8221;4_4&#8243; _builder_version=&#8221;4.17.6&#8243; _module_preset=&#8221;default&#8221; global_colors_info=&#8221;{}&#8221;][et_pb_code _builder_version=&#8221;4.17.6&#8243; _module_preset=&#8221;default&#8221; min_height=&#8221;0px&#8221; global_colors_info=&#8221;{}&#8221;]<\/p>\n<hr>\n<p>[\/et_pb_code][\/et_pb_column][\/et_pb_row][et_pb_row column_structure=&#8221;1_4,1_4,1_4,1_4&#8243; _builder_version=&#8221;4.17.6&#8243; _module_preset=&#8221;default&#8221; min_height=&#8221;55.4px&#8221; custom_margin=&#8221;-30px|auto||auto||&#8221; custom_padding=&#8221;13px||0px|||&#8221; locked=&#8221;off&#8221; global_colors_info=&#8221;{}&#8221;][et_pb_column type=&#8221;1_4&#8243; _builder_version=&#8221;4.17.6&#8243; _module_preset=&#8221;default&#8221; global_colors_info=&#8221;{}&#8221;][et_pb_text content_tablet=&#8221;<\/p>\n<p style=%22text-align: left;%22><strong>A task to manipulate attentional load, set-shifting, and inhibitory control: Convergent validity and test\u2013retest reliability of the Parametric Go\/No-Go Test<\/strong><\/p>\n<p>&#8221; content_phone=&#8221;<\/p>\n<p style=%22text-align: center;%22><strong>A task to manipulate attentional load, set-shifting, and inhibitory control: Convergent validity and test\u2013retest reliability of the Parametric Go\/No-Go Test<\/strong><\/p>\n<p>&#8221; content_last_edited=&#8221;on|phone&#8221; _builder_version=&#8221;4.18.0&#8243; _module_preset=&#8221;default&#8221; width=&#8221;180%&#8221; width_tablet=&#8221;100%&#8221; width_phone=&#8221;100%&#8221; width_last_edited=&#8221;on|tablet&#8221; min_height=&#8221;5.2px&#8221; custom_margin=&#8221;0px||||false|false&#8221; custom_padding=&#8221;||2px|0px||&#8221; global_colors_info=&#8221;{}&#8221;]<\/p>\n<p><strong>Raccomandazioni per l&#8217;uso di Serious Games nelle persone con Malattia di Alzheimer, disturbi correlati e fragilit\u00e0<\/strong><\/p>\n<div class=\"research-detail-header-section__metadata\">\n<div class=\"nova-legacy-e-text nova-legacy-e-text--size-m nova-legacy-e-text--family-sans-serif nova-legacy-e-text--spacing-xxs nova-legacy-e-text--color-grey-700\"> <\/div>\n<\/div>\n<p>[\/et_pb_text][\/et_pb_column][et_pb_column type=&#8221;1_4&#8243; _builder_version=&#8221;4.17.6&#8243; _module_preset=&#8221;default&#8221; global_colors_info=&#8221;{}&#8221;][et_pb_text content_tablet=&#8221;<\/p>\n<p>Foti, F., F. De Crescenzo, G. Vivanti, D. Menghini, et S. Vicari<\/p>\n<p>&#8221; content_phone=&#8221;<\/p>\n<p style=%22text-align: center;%22>Foti, F., F. De Crescenzo, G. Vivanti, D. Menghini, et S. Vicari<\/p>\n<p>&#8221; content_last_edited=&#8221;on|phone&#8221; _builder_version=&#8221;4.18.0&#8243; _module_preset=&#8221;default&#8221; text_text_color=&#8221;#000000&#8243; width=&#8221;120%&#8221; width_tablet=&#8221;100%&#8221; width_phone=&#8221;100%&#8221; width_last_edited=&#8221;on|tablet&#8221; custom_margin=&#8221;|||160px|false|false&#8221; custom_margin_tablet=&#8221;|||160px|false|false&#8221; custom_margin_phone=&#8221;|||0px|false|false&#8221; custom_margin_last_edited=&#8221;on|phone&#8221; locked=&#8221;off&#8221; global_colors_info=&#8221;{}&#8221;]<\/p>\n<div class=\"al-author-name\">Philippe H. Robert, Alexandra Konig, H\u00e9lene Amieva, Sandrine Andrieu, Fran\u00e7ois Bremond, Roger Bullock e Mathieu Ceccaldi<\/div>\n<p>[\/et_pb_text][\/et_pb_column][et_pb_column type=&#8221;1_4&#8243; _builder_version=&#8221;4.17.6&#8243; _module_preset=&#8221;default&#8221; global_colors_info=&#8221;{}&#8221;][et_pb_text content_tablet=&#8221;<\/p>\n<p><strong>2015<\/strong><\/p>\n<p>&#8221; content_phone=&#8221;<\/p>\n<p style=%22text-align: center;%22><strong>2015<\/strong><\/p>\n<p>&#8221; content_last_edited=&#8221;on|phone&#8221; _builder_version=&#8221;4.18.0&#8243; _module_preset=&#8221;default&#8221; width=&#8221;120%&#8221; width_tablet=&#8221;100%&#8221; width_phone=&#8221;100%&#8221; width_last_edited=&#8221;on|tablet&#8221; custom_margin=&#8221;|||160px|false|false&#8221; custom_margin_tablet=&#8221;|||0px|false|false&#8221; custom_margin_phone=&#8221;|||0px|false|false&#8221; custom_margin_last_edited=&#8221;on|phone&#8221; global_colors_info=&#8221;{}&#8221;]<\/p>\n<p><strong>2014<\/strong><\/p>\n<p>[\/et_pb_text][\/et_pb_column][et_pb_column type=&#8221;1_4&#8243; _builder_version=&#8221;4.17.6&#8243; _module_preset=&#8221;default&#8221; global_colors_info=&#8221;{}&#8221;][et_pb_text content_tablet=&#8221;<\/p>\n<p><strong><em>Revista CEFAC<\/em><\/strong><strong> 19<\/strong><\/p>\n<p>Consulter<\/p>\n<p>&#8221; content_phone=&#8221;<\/p>\n<p style=%22text-align: center;%22><strong><em>Revista CEFAC<\/em><\/strong><strong> 19<\/strong><\/p>\n<p style=%22text-align: center;%22>Consulter<\/p>\n<p>&#8221; content_last_edited=&#8221;on|phone&#8221; _builder_version=&#8221;4.19.2&#8243; _module_preset=&#8221;default&#8221; custom_margin_tablet=&#8221;|||160px|false|false&#8221; custom_margin_phone=&#8221;|||0px|false|false&#8221; custom_margin_last_edited=&#8221;on|tablet&#8221; locked=&#8221;off&#8221; global_colors_info=&#8221;{}&#8221;]<\/p>\n<p><b><i>Frontiere<\/i><\/b><\/p>\n<p><a href=\"https:\/\/www.frontiersin.org\/articles\/10.3389\/fnagi.2014.00054\/full\">Consulter<\/a><\/p>\n<p>[\/et_pb_text][\/et_pb_column][\/et_pb_row][et_pb_row _builder_version=&#8221;4.18.0&#8243; _module_preset=&#8221;default&#8221; custom_padding=&#8221;13px|||||&#8221; locked=&#8221;off&#8221; global_colors_info=&#8221;{}&#8221;][et_pb_column type=&#8221;4_4&#8243; _builder_version=&#8221;4.17.6&#8243; _module_preset=&#8221;default&#8221; global_colors_info=&#8221;{}&#8221;][et_pb_code _builder_version=&#8221;4.17.6&#8243; _module_preset=&#8221;default&#8221; min_height=&#8221;0px&#8221; global_colors_info=&#8221;{}&#8221;]<\/p>\n<hr>\n<p>[\/et_pb_code][\/et_pb_column][\/et_pb_row][et_pb_row column_structure=&#8221;1_4,1_4,1_4,1_4&#8243; _builder_version=&#8221;4.17.6&#8243; _module_preset=&#8221;default&#8221; min_height=&#8221;55.4px&#8221; custom_margin=&#8221;-30px|auto||auto||&#8221; custom_padding=&#8221;13px||0px|||&#8221; locked=&#8221;off&#8221; global_colors_info=&#8221;{}&#8221;][et_pb_column type=&#8221;1_4&#8243; _builder_version=&#8221;4.17.6&#8243; _module_preset=&#8221;default&#8221; global_colors_info=&#8221;{}&#8221;][et_pb_text content_tablet=&#8221;<\/p>\n<p style=%22text-align: left;%22><strong>A task to manipulate attentional load, set-shifting, and inhibitory control: Convergent validity and test\u2013retest reliability of the Parametric Go\/No-Go Test<\/strong><\/p>\n<p>&#8221; content_phone=&#8221;<\/p>\n<p style=%22text-align: center;%22><strong>A task to manipulate attentional load, set-shifting, and inhibitory control: Convergent validity and test\u2013retest reliability of the Parametric Go\/No-Go Test<\/strong><\/p>\n<p>&#8221; content_last_edited=&#8221;on|phone&#8221; _builder_version=&#8221;4.18.0&#8243; _module_preset=&#8221;default&#8221; width=&#8221;180%&#8221; width_tablet=&#8221;100%&#8221; width_phone=&#8221;100%&#8221; width_last_edited=&#8221;on|tablet&#8221; min_height=&#8221;5.2px&#8221; custom_margin=&#8221;0px||||false|false&#8221; custom_padding=&#8221;||2px|0px||&#8221; global_colors_info=&#8221;{}&#8221;]<\/p>\n<p><strong>Serious Games e il loro effetto nel migliorare l&#8217;attenzione degli studenti con difficolt\u00e0 di apprendimento<\/strong><\/p>\n<div class=\"research-detail-header-section__metadata\">\n<div class=\"nova-legacy-e-text nova-legacy-e-text--size-m nova-legacy-e-text--family-sans-serif nova-legacy-e-text--spacing-xxs nova-legacy-e-text--color-grey-700\">\u00a0<\/div>\n<\/div>\n<p>[\/et_pb_text][\/et_pb_column][et_pb_column type=&#8221;1_4&#8243; _builder_version=&#8221;4.17.6&#8243; _module_preset=&#8221;default&#8221; global_colors_info=&#8221;{}&#8221;][et_pb_text content_tablet=&#8221;<\/p>\n<p>Foti, F., F. De Crescenzo, G. Vivanti, D. Menghini, et S. Vicari<\/p>\n<p>&#8221; content_phone=&#8221;<\/p>\n<p style=%22text-align: center;%22>Foti, F., F. De Crescenzo, G. Vivanti, D. Menghini, et S. Vicari<\/p>\n<p>&#8221; content_last_edited=&#8221;on|phone&#8221; _builder_version=&#8221;4.18.0&#8243; _module_preset=&#8221;default&#8221; text_text_color=&#8221;#000000&#8243; width=&#8221;120%&#8221; width_tablet=&#8221;100%&#8221; width_phone=&#8221;100%&#8221; width_last_edited=&#8221;on|tablet&#8221; custom_margin=&#8221;|||160px|false|false&#8221; custom_margin_tablet=&#8221;|||160px|false|false&#8221; custom_margin_phone=&#8221;|||0px|false|false&#8221; custom_margin_last_edited=&#8221;on|phone&#8221; locked=&#8221;off&#8221; global_colors_info=&#8221;{}&#8221;]<\/p>\n<div class=\"al-author-name\">Patricia Garc\u00eda-Redondo, Trinidad Garc\u00eda, D\u00e9bora Areces, Jos\u00e9 Carlos N\u00fa\u00f1ez e Celestino Rodr\u00edguez<\/div>\n<p>[\/et_pb_text][\/et_pb_column][et_pb_column type=&#8221;1_4&#8243; _builder_version=&#8221;4.17.6&#8243; _module_preset=&#8221;default&#8221; global_colors_info=&#8221;{}&#8221;][et_pb_text content_tablet=&#8221;<\/p>\n<p><strong>2015<\/strong><\/p>\n<p>&#8221; content_phone=&#8221;<\/p>\n<p style=%22text-align: center;%22><strong>2015<\/strong><\/p>\n<p>&#8221; content_last_edited=&#8221;on|phone&#8221; _builder_version=&#8221;4.18.0&#8243; _module_preset=&#8221;default&#8221; width=&#8221;120%&#8221; width_tablet=&#8221;100%&#8221; width_phone=&#8221;100%&#8221; width_last_edited=&#8221;on|tablet&#8221; custom_margin=&#8221;|||160px|false|false&#8221; custom_margin_tablet=&#8221;|||0px|false|false&#8221; custom_margin_phone=&#8221;|||0px|false|false&#8221; custom_margin_last_edited=&#8221;on|phone&#8221; global_colors_info=&#8221;{}&#8221;]<\/p>\n<p><strong>2019<\/strong><\/p>\n<p>[\/et_pb_text][\/et_pb_column][et_pb_column type=&#8221;1_4&#8243; _builder_version=&#8221;4.17.6&#8243; _module_preset=&#8221;default&#8221; global_colors_info=&#8221;{}&#8221;][et_pb_text content_tablet=&#8221;<\/p>\n<p><strong><em>Revista CEFAC<\/em><\/strong><strong> 19<\/strong><\/p>\n<p>Consulter<\/p>\n<p>&#8221; content_phone=&#8221;<\/p>\n<p style=%22text-align: center;%22><strong><em>Revista CEFAC<\/em><\/strong><strong> 19<\/strong><\/p>\n<p style=%22text-align: center;%22>Consulter<\/p>\n<p>&#8221; content_last_edited=&#8221;on|phone&#8221; _builder_version=&#8221;4.19.2&#8243; _module_preset=&#8221;default&#8221; custom_margin_tablet=&#8221;|||160px|false|false&#8221; custom_margin_phone=&#8221;|||0px|false|false&#8221; custom_margin_last_edited=&#8221;on|tablet&#8221; locked=&#8221;off&#8221; global_colors_info=&#8221;{}&#8221;]<\/p>\n<p><b><i>Ricerca Ambientale e Salute Pubblica<\/i><\/b><\/p>\n<p><a href=\"https:\/\/www.ncbi.nlm.nih.gov\/pmc\/articles\/PMC6679141\/#:~:text=Previous%20studies%20have%20shown%20the,in%20students%20with%20learning%20disabilities.\">Consulter<\/a><\/p>\n<p>[\/et_pb_text][\/et_pb_column][\/et_pb_row][\/et_pb_section][et_pb_section fb_built=&#8221;1&#8243; admin_label=&#8221;section&#8221; _builder_version=&#8221;4.27.4&#8243; background_color=&#8221;#5e5ed7&#8243; custom_padding=&#8221;92px||11px||false|false&#8221; top_divider_style=&#8221;clouds&#8221; top_divider_color=&#8221;#FFFFFF&#8221; locked=&#8221;off&#8221; global_colors_info=&#8221;{}&#8221;][et_pb_row column_structure=&#8221;1_4,3_4&#8243; _builder_version=&#8221;4.27.4&#8243; _module_preset=&#8221;default&#8221; min_height=&#8221;100px&#8221; min_height_tablet=&#8221;100px&#8221; min_height_phone=&#8221;100px&#8221; min_height_last_edited=&#8221;on|desktop&#8221; height=&#8221;100px&#8221; height_tablet=&#8221;100px&#8221; height_phone=&#8221;100px&#8221; height_last_edited=&#8221;on|desktop&#8221; custom_margin=&#8221;|auto|-178px|auto||&#8221; custom_padding=&#8221;0px||6px|||&#8221; global_colors_info=&#8221;{}&#8221;][et_pb_column type=&#8221;1_4&#8243; _builder_version=&#8221;4.27.4&#8243; _module_preset=&#8221;default&#8221; global_colors_info=&#8221;{}&#8221;][et_pb_image src=&#8221;https:\/\/www.dynseo.com\/wp-content\/uploads\/2021\/09\/GIF-brain-animation-brain-coach.gif&#8221; alt=&#8221;Animation du cerveau Dynseo&#8221; title_text=&#8221;edith-jeux-cerebraux-pour-personnes-agees-seniors-tablette-senior-activite-cognitive-alzheimer-memoire-stimulation&#8221; show_bottom_space=&#8221;off&#8221; _builder_version=&#8221;4.27.4&#8243; _module_preset=&#8221;default&#8221; custom_margin=&#8221;-42px||||false|false&#8221; global_colors_info=&#8221;{}&#8221;][\/et_pb_image][\/et_pb_column][et_pb_column type=&#8221;3_4&#8243; _builder_version=&#8221;4.27.4&#8243; _module_preset=&#8221;default&#8221; global_colors_info=&#8221;{}&#8221;][et_pb_text content_tablet=&#8221;<\/p>\n<h2>DYNSEO, et votre m\u00e9moire met le turbo !<\/h2>\n<p>&#8221; content_phone=&#8221;<\/p>\n<h2 style=%22text-align: center;%22>DYNSEO, et votre m\u00e9moire met le turbo !<\/h2>\n<p>&#8221; content_last_edited=&#8221;on|desktop&#8221; _builder_version=&#8221;4.27.4&#8243; header_2_font=&#8221;Poppins|700|||||||&#8221; header_2_text_align=&#8221;center&#8221; header_2_text_color=&#8221;#ffffff&#8221; header_2_font_size=&#8221;30px&#8221; header_2_line_height=&#8221;1.4em&#8221; max_width=&#8221;636px&#8221; module_alignment=&#8221;center&#8221; custom_margin_tablet=&#8221;&#8221; custom_margin_phone=&#8221;-60px||||false|false&#8221; custom_margin_last_edited=&#8221;on|phone&#8221; custom_padding=&#8221;0px||0px|||&#8221; header_text_align_last_edited=&#8221;off|phone&#8221; header_2_text_align_tablet=&#8221;center&#8221; header_2_text_align_phone=&#8221;center&#8221; header_2_text_align_last_edited=&#8221;on|phone&#8221; header_2_font_size_tablet=&#8221;&#8221; header_2_font_size_phone=&#8221;23px&#8221; header_2_font_size_last_edited=&#8221;on|phone&#8221; global_colors_info=&#8221;{}&#8221;]<\/p>\n<h2>DYNSEO, e la vostra memoria mette il turbo!<\/h2>\n<p>[\/et_pb_text][\/et_pb_column][\/et_pb_row][et_pb_row disabled_on=&#8221;off|on|on&#8221; _builder_version=&#8221;4.27.4&#8243; _module_preset=&#8221;default&#8221; width=&#8221;0%&#8221; width_tablet=&#8221;0%&#8221; width_phone=&#8221;0%&#8221; width_last_edited=&#8221;on|desktop&#8221; module_alignment=&#8221;center&#8221; global_colors_info=&#8221;{}&#8221;][et_pb_column type=&#8221;4_4&#8243; _builder_version=&#8221;4.27.4&#8243; _module_preset=&#8221;default&#8221; global_colors_info=&#8221;{}&#8221;][et_pb_image src=&#8221;https:\/\/www.dynseo.com\/wp-content\/uploads\/2018\/12\/playstore-fr-new.png&#8221; title_text=&#8221;playstore-fr-new&#8221; url=&#8221;https:\/\/play.google.com\/store\/apps\/developer?id=DYNSEO+APPS&#038;hl=fr&#8221; align=&#8221;center&#8221; _builder_version=&#8221;4.27.4&#8243; _module_preset=&#8221;default&#8221; width=&#8221;80%&#8221; module_alignment=&#8221;center&#8221; global_colors_info=&#8221;{}&#8221;][\/et_pb_image][et_pb_image src=&#8221;https:\/\/www.dynseo.com\/wp-content\/uploads\/2021\/03\/telecharger_appstore.png&#8221; title_text=&#8221;telecharger_appstore&#8221; url=&#8221;https:\/\/apps.apple.com\/fr\/developer\/dynseo\/id1000639418&#8243; align=&#8221;center&#8221; _builder_version=&#8221;4.27.4&#8243; _module_preset=&#8221;default&#8221; width=&#8221;80%&#8221; module_alignment=&#8221;center&#8221; global_colors_info=&#8221;{}&#8221;][\/et_pb_image][\/et_pb_column][\/et_pb_row][et_pb_row column_structure=&#8221;1_4,1_4,1_4,1_4&#8243; use_custom_gutter=&#8221;on&#8221; gutter_width=&#8221;2&#8243; admin_label=&#8221;row&#8221; module_class=&#8221;footer-accueil&#8221; _builder_version=&#8221;4.27.4&#8243; background_size=&#8221;initial&#8221; background_position=&#8221;top_left&#8221; background_repeat=&#8221;repeat&#8221; horizontal_offset=&#8221;55px&#8221; width=&#8221;100%&#8221; width_tablet=&#8221;90%&#8221; width_phone=&#8221;90%&#8221; width_last_edited=&#8221;on|tablet&#8221; max_width_tablet=&#8221;90%&#8221; max_width_phone=&#8221;90%&#8221; max_width_last_edited=&#8221;off|desktop&#8221; module_alignment=&#8221;center&#8221; custom_padding=&#8221;90px||0px||false|false&#8221; locked=&#8221;off&#8221; global_colors_info=&#8221;{}&#8221;][et_pb_column type=&#8221;1_4&#8243; _builder_version=&#8221;4.27.4&#8243; custom_padding=&#8221;|55px|||false|false&#8221; custom_padding_tablet=&#8221;&#8221; custom_padding_phone=&#8221;|0px|||false|false&#8221; custom_padding_last_edited=&#8221;on|phone&#8221; global_colors_info=&#8221;{}&#8221; custom_padding__hover=&#8221;|||&#8221;][et_pb_image src=&#8221;https:\/\/www.dynseo.com\/wp-content\/uploads\/2024\/02\/Icone-site-logo-shop-couleurs-bleu-vert-27.png&#8221; title_text=&#8221;Telephone Blanc&#8221; align=&#8221;center&#8221; disabled_on=&#8221;on|off|off&#8221; _builder_version=&#8221;4.24.1&#8243; max_width=&#8221;60px&#8221; module_alignment=&#8221;left&#8221; custom_margin=&#8221;0px|||-5px|false|false&#8221; global_colors_info=&#8221;{}&#8221;][\/et_pb_image][et_pb_blurb title=&#8221;Nos applications&#8221; image_icon_width=&#8221;60px&#8221; content_max_width=&#8221;100%&#8221; disabled_on=&#8221;on|off|off&#8221; _builder_version=&#8221;4.27.4&#8243; header_font=&#8221;Poppins|700|||||||&#8221; header_text_align=&#8221;left&#8221; header_text_color=&#8221;#ffffff&#8221; header_font_size=&#8221;16px&#8221; header_line_height=&#8221;2.3em&#8221; body_font=&#8221;Roboto Condensed||||||||&#8221; body_text_color=&#8221;#d6d6d6&#8243; body_font_size=&#8221;15px&#8221; custom_margin=&#8221;35px||||false|false&#8221; animation=&#8221;off&#8221; image_max_width=&#8221;60px&#8221; global_colors_info=&#8221;{}&#8221;][\/et_pb_blurb][et_pb_image src=&#8221;https:\/\/www.dynseo.com\/wp-content\/uploads\/2021\/03\/telecharger_googleplay.png&#8221; title_text=&#8221;telecharger_googleplay&#8221; url=&#8221;https:\/\/play.google.com\/store\/apps\/developer?id=DYNSEO+APPS&#038;hl=fr&#8221; align=&#8221;center&#8221; disabled_on=&#8221;on|off|off&#8221; _builder_version=&#8221;4.27.4&#8243; _module_preset=&#8221;default&#8221; global_colors_info=&#8221;{}&#8221;][\/et_pb_image][et_pb_image src=&#8221;https:\/\/www.dynseo.com\/wp-content\/uploads\/2018\/12\/appstore-fr-new.png&#8221; title_text=&#8221;appstore-fr-new&#8221; url=&#8221;https:\/\/apps.apple.com\/fr\/developer\/dynseo\/id1000639418&#8243; align=&#8221;center&#8221; disabled_on=&#8221;on|off|off&#8221; _builder_version=&#8221;4.27.4&#8243; _module_preset=&#8221;default&#8221; global_colors_info=&#8221;{}&#8221;][\/et_pb_image][\/et_pb_column][et_pb_column type=&#8221;1_4&#8243; _builder_version=&#8221;4.16&#8243; custom_padding=&#8221;|55px|||false|false&#8221; custom_padding_tablet=&#8221;40px||40px||true|false&#8221; custom_padding_phone=&#8221;40px|0px|40px||true|false&#8221; custom_padding_last_edited=&#8221;on|phone&#8221; global_colors_info=&#8221;{}&#8221; custom_padding__hover=&#8221;|||&#8221;][et_pb_image src=&#8221;https:\/\/www.dynseo.com\/wp-content\/uploads\/2024\/02\/Icone-site-logo-shop-couleurs-bleu-vert-33.png&#8221; title_text=&#8221;Icone site + logo shop couleurs bleu vert (33)&#8221; disabled_on=&#8221;on|off|off&#8221; _builder_version=&#8221;4.24.1&#8243; max_width=&#8221;60px&#8221; module_alignment=&#8221;left&#8221; global_colors_info=&#8221;{}&#8221;][\/et_pb_image][et_pb_blurb title=&#8221;Qui sommes-nous ? &#8221; image_icon_width=&#8221;60px&#8221; content_max_width=&#8221;100%&#8221; disabled_on=&#8221;on|off|off&#8221; _builder_version=&#8221;4.24.1&#8243; header_font=&#8221;Poppins|700|||||||&#8221; header_text_align=&#8221;left&#8221; header_text_color=&#8221;#ffffff&#8221; header_font_size=&#8221;16px&#8221; header_line_height=&#8221;2.3em&#8221; body_font=&#8221;Roboto Condensed||||||||&#8221; body_text_color=&#8221;#d6d6d6&#8243; body_font_size=&#8221;15px&#8221; custom_margin=&#8221;35px||||false|false&#8221; animation=&#8221;off&#8221; image_max_width=&#8221;60px&#8221; global_colors_info=&#8221;{}&#8221;][\/et_pb_blurb][et_pb_blurb title=&#8221;Notre \u00e9quipe&#8221; url=&#8221;https:\/\/www.dynseo.com\/qui-sommes-nous\/&#8221; image=&#8221;https:\/\/www.dynseo.com\/wp-content\/uploads\/2024\/02\/Icone-site-logo-shop-couleurs-bleu-vert-26.png&#8221; icon_placement=&#8221;left&#8221; image_icon_width=&#8221;11px&#8221; content_max_width=&#8221;100%&#8221; disabled_on=&#8221;on|off|off&#8221; _builder_version=&#8221;4.27.4&#8243; header_font=&#8221;Poppins|600||||||#FFFFFF|&#8221; header_text_color=&#8221;#FFFFFF&#8221; header_font_size=&#8221;15px&#8221; header_line_height=&#8221;0.6em&#8221; custom_margin=&#8221;-2px|||-10px|false|false&#8221; custom_margin_tablet=&#8221;-2px|||-10px|false|false&#8221; custom_margin_phone=&#8221;-2px|||0px|false|false&#8221; custom_margin_last_edited=&#8221;on|phone&#8221; animation=&#8221;off&#8221; image_max_width=&#8221;7px&#8221; global_colors_info=&#8221;{}&#8221;][\/et_pb_blurb][et_pb_blurb title=&#8221;Nos r\u00e9compenses &#8221; url=&#8221;https:\/\/www.dynseo.com\/nos-recompenses-3\/&#8221; image=&#8221;https:\/\/www.dynseo.com\/wp-content\/uploads\/2024\/02\/Icone-site-logo-shop-couleurs-bleu-vert-26.png&#8221; icon_placement=&#8221;left&#8221; image_icon_width=&#8221;11px&#8221; content_max_width=&#8221;100%&#8221; disabled_on=&#8221;on|off|off&#8221; _builder_version=&#8221;4.27.4&#8243; header_font=&#8221;Poppins|600||||||#FFFFFF|&#8221; header_text_color=&#8221;#FFFFFF&#8221; header_font_size=&#8221;15px&#8221; header_line_height=&#8221;0.6em&#8221; custom_margin=&#8221;-2px|||-10px|false|false&#8221; custom_margin_tablet=&#8221;-2px|||-10px|false|false&#8221; custom_margin_phone=&#8221;-2px|||0px|false|false&#8221; custom_margin_last_edited=&#8221;on|phone&#8221; animation=&#8221;off&#8221; image_max_width=&#8221;7px&#8221; global_colors_info=&#8221;{}&#8221;][\/et_pb_blurb][et_pb_blurb title=&#8221;Nos partenaires&#8221; url=&#8221;https:\/\/www.dynseo.com\/nos-partenaires\/&#8221; image=&#8221;https:\/\/www.dynseo.com\/wp-content\/uploads\/2024\/02\/Icone-site-logo-shop-couleurs-bleu-vert-26.png&#8221; icon_placement=&#8221;left&#8221; image_icon_width=&#8221;11px&#8221; content_max_width=&#8221;100%&#8221; disabled_on=&#8221;on|off|off&#8221; _builder_version=&#8221;4.27.4&#8243; header_font=&#8221;Poppins|600||||||#FFFFFF|&#8221; header_text_color=&#8221;#FFFFFF&#8221; header_font_size=&#8221;15px&#8221; header_line_height=&#8221;0.6em&#8221; custom_margin=&#8221;-2px|||-10px|false|false&#8221; custom_margin_tablet=&#8221;-2px|||-10px|false|false&#8221; custom_margin_phone=&#8221;-2px|||0px|false|false&#8221; custom_margin_last_edited=&#8221;on|phone&#8221; animation=&#8221;off&#8221; image_max_width=&#8221;7px&#8221; global_colors_info=&#8221;{}&#8221;][\/et_pb_blurb][et_pb_blurb title=&#8221;Espace presse&#8221; url=&#8221;https:\/\/www.dynseo.com\/nos-partenaires\/&#8221; image=&#8221;https:\/\/www.dynseo.com\/wp-content\/uploads\/2024\/02\/Icone-site-logo-shop-couleurs-bleu-vert-26.png&#8221; icon_placement=&#8221;left&#8221; image_icon_width=&#8221;11px&#8221; content_max_width=&#8221;100%&#8221; disabled_on=&#8221;on|off|off&#8221; _builder_version=&#8221;4.27.4&#8243; header_font=&#8221;Poppins|600||||||#FFFFFF|&#8221; header_text_color=&#8221;#FFFFFF&#8221; header_font_size=&#8221;15px&#8221; header_line_height=&#8221;0.6em&#8221; custom_margin=&#8221;-2px|||-10px|false|false&#8221; custom_margin_tablet=&#8221;-2px|||-10px|false|false&#8221; custom_margin_phone=&#8221;-2px|||0px|false|false&#8221; custom_margin_last_edited=&#8221;on|phone&#8221; animation=&#8221;off&#8221; image_max_width=&#8221;7px&#8221; global_colors_info=&#8221;{}&#8221;][\/et_pb_blurb][\/et_pb_column][et_pb_column type=&#8221;1_4&#8243; _builder_version=&#8221;4.16&#8243; custom_padding=&#8221;|55px|||false|false&#8221; custom_padding_tablet=&#8221;&#8221; custom_padding_phone=&#8221;|0px|||false|false&#8221; custom_padding_last_edited=&#8221;on|phone&#8221; global_colors_info=&#8221;{}&#8221; custom_padding__hover=&#8221;|||&#8221;][et_pb_image src=&#8221;https:\/\/www.dynseo.com\/wp-content\/uploads\/2024\/02\/Icone-site-logo-shop-couleurs-bleu-vert-30.png&#8221; title_text=&#8221;Icone site + logo shop couleurs bleu vert (30)&#8221; disabled_on=&#8221;on|off|off&#8221; _builder_version=&#8221;4.24.3&#8243; max_width=&#8221;60px&#8221; max_width_tablet=&#8221;&#8221; max_width_phone=&#8221;20%&#8221; max_width_last_edited=&#8221;on|phone&#8221; module_alignment=&#8221;left&#8221; module_alignment_tablet=&#8221;&#8221; module_alignment_phone=&#8221;center&#8221; module_alignment_last_edited=&#8221;on|desktop&#8221; global_colors_info=&#8221;{}&#8221;][\/et_pb_image][et_pb_blurb title=&#8221;Nous contacter &#8221; image_icon_width=&#8221;60px&#8221; content_max_width=&#8221;100%&#8221; disabled_on=&#8221;on|off|off&#8221; _builder_version=&#8221;4.24.1&#8243; header_font=&#8221;Poppins|700|||||||&#8221; header_text_align=&#8221;left&#8221; header_text_color=&#8221;#ffffff&#8221; header_font_size=&#8221;16px&#8221; header_line_height=&#8221;2.3em&#8221; body_font=&#8221;Roboto Condensed||||||||&#8221; body_text_color=&#8221;#d6d6d6&#8243; body_font_size=&#8221;15px&#8221; custom_margin=&#8221;35px||||false|false&#8221; animation=&#8221;off&#8221; image_max_width=&#8221;60px&#8221; global_colors_info=&#8221;{}&#8221;][\/et_pb_blurb][et_pb_blurb title=&#8221;curieux@dynseo.com&#8221; url=&#8221;https:\/\/www.dynseo.com\/qui-sommes-nous\/&#8221; image=&#8221;https:\/\/www.dynseo.com\/wp-content\/uploads\/2024\/02\/Icone-site-logo-shop-couleurs-bleu-vert-26.png&#8221; icon_placement=&#8221;left&#8221; image_icon_width=&#8221;11px&#8221; content_max_width=&#8221;100%&#8221; disabled_on=&#8221;on|off|off&#8221; _builder_version=&#8221;4.27.4&#8243; header_font=&#8221;Poppins|600||||||#FFFFFF|&#8221; header_text_color=&#8221;#FFFFFF&#8221; header_font_size=&#8221;15px&#8221; header_line_height=&#8221;0.6em&#8221; body_font=&#8221;||||||||&#8221; custom_margin=&#8221;-2px|||-10px|false|false&#8221; custom_margin_tablet=&#8221;-2px|||-10px|false|false&#8221; custom_margin_phone=&#8221;-2px|||0px|false|false&#8221; custom_margin_last_edited=&#8221;on|phone&#8221; animation=&#8221;off&#8221; image_max_width=&#8221;7px&#8221; global_colors_info=&#8221;{}&#8221;][\/et_pb_blurb][et_pb_blurb title=&#8221;6 rue du docteur Finlay 75015 Paris&#8221; url=&#8221;https:\/\/www.dynseo.com\/qui-sommes-nous\/&#8221; image=&#8221;https:\/\/www.dynseo.com\/wp-content\/uploads\/2024\/02\/Icone-site-logo-shop-couleurs-bleu-vert-26.png&#8221; icon_placement=&#8221;left&#8221; image_icon_width=&#8221;11px&#8221; content_max_width=&#8221;100%&#8221; disabled_on=&#8221;on|off|off&#8221; _builder_version=&#8221;4.27.4&#8243; header_font=&#8221;Poppins|600||||||#FFFFFF|&#8221; header_text_color=&#8221;#FFFFFF&#8221; header_font_size=&#8221;15px&#8221; header_line_height=&#8221;1.1em&#8221; body_font=&#8221;||||||||&#8221; body_line_height=&#8221;1.9em&#8221; custom_margin=&#8221;-2px|||-10px|false|false&#8221; custom_margin_tablet=&#8221;-2px|||-10px|false|false&#8221; custom_margin_phone=&#8221;-2px|||0px|false|false&#8221; custom_margin_last_edited=&#8221;on|phone&#8221; animation=&#8221;off&#8221; image_max_width=&#8221;7px&#8221; global_colors_info=&#8221;{}&#8221;][\/et_pb_blurb][et_pb_blurb title=&#8221;+33 9 66 93 84 22&#8243; url=&#8221;https:\/\/www.dynseo.com\/qui-sommes-nous\/&#8221; image=&#8221;https:\/\/www.dynseo.com\/wp-content\/uploads\/2024\/02\/Icone-site-logo-shop-couleurs-bleu-vert-26.png&#8221; icon_placement=&#8221;left&#8221; image_icon_width=&#8221;11px&#8221; content_max_width=&#8221;100%&#8221; disabled_on=&#8221;on|off|off&#8221; _builder_version=&#8221;4.24.1&#8243; header_font=&#8221;Poppins|600||||||#FFFFFF|&#8221; header_text_color=&#8221;#FFFFFF&#8221; header_font_size=&#8221;15px&#8221; header_line_height=&#8221;0.6em&#8221; body_font=&#8221;||||||||&#8221; custom_margin=&#8221;-2px|||-10px|false|false&#8221; custom_margin_tablet=&#8221;-2px|||-10px|false|false&#8221; custom_margin_phone=&#8221;-2px|||0px|false|false&#8221; custom_margin_last_edited=&#8221;on|phone&#8221; animation=&#8221;off&#8221; image_max_width=&#8221;7px&#8221; global_colors_info=&#8221;{}&#8221;][\/et_pb_blurb][et_pb_button button_url=&#8221;https:\/\/www.dynseo.com\/contact\/&#8221; button_text=&#8221;Nous contacter&#8221; button_alignment=&#8221;center&#8221; button_alignment_tablet=&#8221;center&#8221; button_alignment_phone=&#8221;center&#8221; button_alignment_last_edited=&#8221;on|phone&#8221; _builder_version=&#8221;4.27.4&#8243; _module_preset=&#8221;default&#8221; custom_button=&#8221;on&#8221; button_text_size=&#8221;14px&#8221; button_bg_color=&#8221;RGBA(255,255,255,0)&#8221; button_border_width=&#8221;2px&#8221; button_border_color=&#8221;#ffffff&#8221; button_border_radius=&#8221;23px&#8221; button_icon=&#8221;&#x35;||divi||400&#8243; button_on_hover=&#8221;off&#8221; custom_margin=&#8221;||||false|false&#8221; custom_padding=&#8221;8px||||false|false&#8221; button_text_size_tablet=&#8221;14px&#8221; button_text_size_phone=&#8221;14px&#8221; button_text_size_last_edited=&#8221;on|desktop&#8221; locked=&#8221;off&#8221; global_colors_info=&#8221;{}&#8221;][\/et_pb_button][et_pb_text _builder_version=&#8221;4.24.0&#8243; text_font=&#8221;Montserrat||||||||&#8221; text_text_color=&#8221;#999999&#8243; ul_font=&#8221;Roboto Condensed||||||||&#8221; ul_text_color=&#8221;#d6d6d6&#8243; ul_font_size=&#8221;15px&#8221; ul_line_height=&#8221;2.1em&#8221; header_font=&#8221;Montserrat||||||||&#8221; header_2_font=&#8221;Montserrat||||||||&#8221; header_3_font=&#8221;Montserrat||||||||&#8221; header_4_font=&#8221;Montserrat||||||||&#8221; header_5_font=&#8221;Montserrat||||||||&#8221; header_6_font=&#8221;Montserrat||||||||&#8221; custom_margin=&#8221;25px|||3px|false|false&#8221; global_colors_info=&#8221;{}&#8221;][\/et_pb_text][\/et_pb_column][et_pb_column type=&#8221;1_4&#8243; _builder_version=&#8221;4.16&#8243; custom_padding=&#8221;|55px|||false|false&#8221; custom_padding_tablet=&#8221;&#8221; custom_padding_phone=&#8221;|0px|||false|false&#8221; custom_padding_last_edited=&#8221;on|phone&#8221; global_colors_info=&#8221;{}&#8221; custom_padding__hover=&#8221;|||&#8221;][et_pb_image src=&#8221;https:\/\/www.dynseo.com\/wp-content\/uploads\/2024\/02\/Icone-site-logo-shop-couleurs-bleu-vert-31.png&#8221; title_text=&#8221;Icone site + logo shop couleurs bleu vert (31)&#8221; disabled_on=&#8221;on|off|off&#8221; _builder_version=&#8221;4.24.1&#8243; max_width=&#8221;60px&#8221; module_alignment=&#8221;left&#8221; global_colors_info=&#8221;{}&#8221;][\/et_pb_image][et_pb_blurb title=&#8221;Pour aller plus loin&#8221; image_icon_width=&#8221;60px&#8221; content_max_width=&#8221;100%&#8221; disabled_on=&#8221;on|off|off&#8221; _builder_version=&#8221;4.24.1&#8243; header_font=&#8221;Poppins|700|||||||&#8221; header_text_align=&#8221;left&#8221; header_text_color=&#8221;#ffffff&#8221; header_font_size=&#8221;16px&#8221; header_line_height=&#8221;2.3em&#8221; body_font=&#8221;Roboto Condensed||||||||&#8221; body_text_color=&#8221;#d6d6d6&#8243; body_font_size=&#8221;15px&#8221; custom_margin=&#8221;35px||||false|false&#8221; animation=&#8221;off&#8221; image_max_width=&#8221;60px&#8221; global_colors_info=&#8221;{}&#8221;][\/et_pb_blurb][et_pb_blurb title=&#8221;Demande de devis&#8221; url=&#8221;https:\/\/fe77b050.sibforms.com\/serve\/MUIFAG4yzj96hHy9EyLYHPji60YbsmvtMxMVA6HzvrPZg2oJSaP3h4vsMV77Os54hFjiXO5yqRw7q0Hk8ReMcSbR79oOhmUYPDLlm0ybo0_vskHewKgKM_HAmfYqAt7DEuj5UIz7dG7-IxFU-cFkDglj44bENrxoquAfrxzgzzV_QIjoN4bxYrIDDChBxCxWdyXzmWVnMT7RTHeh&#8221; image=&#8221;https:\/\/www.dynseo.com\/wp-content\/uploads\/2024\/02\/Icone-site-logo-shop-couleurs-bleu-vert-26.png&#8221; icon_placement=&#8221;left&#8221; image_icon_width=&#8221;11px&#8221; content_max_width=&#8221;100%&#8221; disabled_on=&#8221;on|off|off&#8221; _builder_version=&#8221;4.27.4&#8243; header_font=&#8221;Poppins|600||||||#FFFFFF|&#8221; header_text_color=&#8221;#FFFFFF&#8221; header_font_size=&#8221;15px&#8221; header_line_height=&#8221;0.6em&#8221; min_height=&#8221;4px&#8221; custom_margin=&#8221;-2px|||-10px|false|false&#8221; custom_margin_tablet=&#8221;-2px|||-10px|false|false&#8221; custom_margin_phone=&#8221;-2px|||0px|false|false&#8221; custom_margin_last_edited=&#8221;on|phone&#8221; animation=&#8221;off&#8221; image_max_width=&#8221;7px&#8221; global_colors_info=&#8221;{}&#8221;][\/et_pb_blurb][et_pb_blurb title=&#8221;Demande de flyer&#8221; url=&#8221;https:\/\/manager.itsquizz.com\/quiz\/pilot?service=accessQuestionnaire&#038;idQuiz=447&#038;key=4541701281&#8243; image=&#8221;https:\/\/www.dynseo.com\/wp-content\/uploads\/2024\/02\/Icone-site-logo-shop-couleurs-bleu-vert-26.png&#8221; icon_placement=&#8221;left&#8221; image_icon_width=&#8221;11px&#8221; content_max_width=&#8221;100%&#8221; disabled_on=&#8221;on|off|off&#8221; _builder_version=&#8221;4.27.4&#8243; header_font=&#8221;Poppins|600||||||#FFFFFF|&#8221; header_text_color=&#8221;#FFFFFF&#8221; header_font_size=&#8221;15px&#8221; header_line_height=&#8221;0.6em&#8221; min_height=&#8221;12px&#8221; custom_margin=&#8221;-2px|||-10px|false|false&#8221; custom_margin_tablet=&#8221;-2px|||-10px|false|false&#8221; custom_margin_phone=&#8221;-2px|||0px|false|false&#8221; custom_margin_last_edited=&#8221;on|phone&#8221; animation=&#8221;off&#8221; image_max_width=&#8221;7px&#8221; global_colors_info=&#8221;{}&#8221;][\/et_pb_blurb][et_pb_blurb title=&#8221;Ambassadeur&#8221; url=&#8221;https:\/\/www.dynseo.com\/ambassadeurs\/&#8221; image=&#8221;https:\/\/www.dynseo.com\/wp-content\/uploads\/2024\/02\/Icone-site-logo-shop-couleurs-bleu-vert-26.png&#8221; icon_placement=&#8221;left&#8221; image_icon_width=&#8221;11px&#8221; content_max_width=&#8221;100%&#8221; disabled_on=&#8221;on|off|off&#8221; _builder_version=&#8221;4.27.4&#8243; header_font=&#8221;Poppins|600||||||#FFFFFF|&#8221; header_text_color=&#8221;#FFFFFF&#8221; header_font_size=&#8221;15px&#8221; header_line_height=&#8221;0.6em&#8221; min_height=&#8221;12px&#8221; custom_margin=&#8221;-2px|||-10px|false|false&#8221; custom_margin_tablet=&#8221;-2px|||-10px|false|false&#8221; custom_margin_phone=&#8221;-2px|||0px|false|false&#8221; custom_margin_last_edited=&#8221;on|phone&#8221; animation=&#8221;off&#8221; image_max_width=&#8221;7px&#8221; global_colors_info=&#8221;{}&#8221;][\/et_pb_blurb][\/et_pb_column][\/et_pb_row][et_pb_row use_custom_gutter=&#8221;on&#8221; gutter_width=&#8221;2&#8243; disabled_on=&#8221;off|on|on&#8221; admin_label=&#8221;row&#8221; _builder_version=&#8221;4.27.4&#8243; background_size=&#8221;initial&#8221; background_position=&#8221;top_left&#8221; background_repeat=&#8221;repeat&#8221; width=&#8221;100%&#8221; width_tablet=&#8221;90%&#8221; width_phone=&#8221;90%&#8221; width_last_edited=&#8221;on|tablet&#8221; max_width=&#8221;1012px&#8221; max_width_tablet=&#8221;90%&#8221; max_width_phone=&#8221;90%&#8221; max_width_last_edited=&#8221;off|desktop&#8221; module_alignment=&#8221;center&#8221; custom_margin=&#8221;6px|auto||auto||&#8221; custom_margin_tablet=&#8221;&#8221; custom_margin_phone=&#8221;-130px||||false|false&#8221; custom_margin_last_edited=&#8221;on|phone&#8221; custom_padding=&#8221;8px||0px||false|false&#8221; global_colors_info=&#8221;{}&#8221;][et_pb_column type=&#8221;4_4&#8243; admin_label=&#8221;Colonne&#8221; _builder_version=&#8221;4.16&#8243; custom_padding=&#8221;|55px|||false|false&#8221; custom_padding_tablet=&#8221;&#8221; custom_padding_phone=&#8221;|0px|||false|false&#8221; custom_padding_last_edited=&#8221;on|phone&#8221; global_colors_info=&#8221;{}&#8221; custom_padding__hover=&#8221;|||&#8221;][et_pb_button button_url=&#8221;https:\/\/www.dynseo.com\/contact\/&#8221; button_text=&#8221;Nous contacter&#8221; button_alignment=&#8221;center&#8221; button_alignment_tablet=&#8221;center&#8221; button_alignment_phone=&#8221;center&#8221; button_alignment_last_edited=&#8221;on|phone&#8221; _builder_version=&#8221;4.27.4&#8243; _module_preset=&#8221;default&#8221; custom_button=&#8221;on&#8221; button_text_size=&#8221;14px&#8221; button_bg_color=&#8221;RGBA(255,255,255,0)&#8221; button_border_width=&#8221;2px&#8221; button_border_color=&#8221;#ffffff&#8221; button_border_radius=&#8221;23px&#8221; button_icon=&#8221;&#x35;||divi||400&#8243; button_on_hover=&#8221;off&#8221; custom_margin=&#8221;||||false|false&#8221; custom_padding=&#8221;8px||||false|false&#8221; button_text_size_tablet=&#8221;14px&#8221; button_text_size_phone=&#8221;14px&#8221; button_text_size_last_edited=&#8221;on|desktop&#8221; global_colors_info=&#8221;{}&#8221;][\/et_pb_button][et_pb_text _builder_version=&#8221;4.24.0&#8243; text_font=&#8221;Montserrat||||||||&#8221; text_text_color=&#8221;#999999&#8243; ul_font=&#8221;Roboto Condensed||||||||&#8221; ul_text_color=&#8221;#d6d6d6&#8243; ul_font_size=&#8221;15px&#8221; ul_line_height=&#8221;2.1em&#8221; header_font=&#8221;Montserrat||||||||&#8221; header_2_font=&#8221;Montserrat||||||||&#8221; header_3_font=&#8221;Montserrat||||||||&#8221; header_4_font=&#8221;Montserrat||||||||&#8221; header_5_font=&#8221;Montserrat||||||||&#8221; header_6_font=&#8221;Montserrat||||||||&#8221; custom_margin=&#8221;25px|||3px|false|false&#8221; global_colors_info=&#8221;{}&#8221;][\/et_pb_text][\/et_pb_column][\/et_pb_row][et_pb_row disabled_on=&#8221;on|off|off&#8221; _builder_version=&#8221;4.27.4&#8243; border_radii=&#8221;on|34px|34px|34px|34px&#8221; global_colors_info=&#8221;{}&#8221;][et_pb_column type=&#8221;4_4&#8243; _builder_version=&#8221;4.16&#8243; custom_padding=&#8221;|||&#8221; global_colors_info=&#8221;{}&#8221; custom_padding__hover=&#8221;|||&#8221;][et_pb_social_media_follow _builder_version=&#8221;4.27.4&#8243; text_orientation=&#8221;center&#8221; width=&#8221;100%&#8221; max_width=&#8221;100%&#8221; custom_margin=&#8221;|4px||4px|false|false&#8221; custom_padding=&#8221;|4px||4px|false|false&#8221; border_radii=&#8221;on|34px|34px|34px|34px&#8221; global_colors_info=&#8221;{}&#8221;][et_pb_social_media_follow_network social_network=&#8221;facebook&#8221; url=&#8221;https:\/\/www.facebook.com\/dynseo\/&#8221; icon_color=&#8221;#FFFFFF&#8221; _builder_version=&#8221;4.27.4&#8243; background_color=&#8221;#8ec9db&#8221; background_enable_color=&#8221;on&#8221; global_colors_info=&#8221;{}&#8221; follow_button=&#8221;off&#8221; url_new_window=&#8221;on&#8221;]facebook[\/et_pb_social_media_follow_network][et_pb_social_media_follow_network social_network=&#8221;instagram&#8221; url=&#8221;https:\/\/www.instagram.com\/dynseo_\/&#8221; _builder_version=&#8221;4.24.1&#8243; background_color=&#8221;#8ec9db&#8221; background_enable_color=&#8221;on&#8221; global_colors_info=&#8221;{}&#8221; follow_button=&#8221;off&#8221; url_new_window=&#8221;on&#8221;]instagram[\/et_pb_social_media_follow_network][et_pb_social_media_follow_network social_network=&#8221;linkedin&#8221; url=&#8221;https:\/\/www.linkedin.com\/company\/dynseo\/&#8221; _builder_version=&#8221;4.24.1&#8243; background_color=&#8221;#8ec9db&#8221; background_enable_color=&#8221;on&#8221; global_colors_info=&#8221;{}&#8221; follow_button=&#8221;off&#8221; url_new_window=&#8221;on&#8221;]linkedin[\/et_pb_social_media_follow_network][et_pb_social_media_follow_network social_network=&#8221;youtube&#8221; url=&#8221;https:\/\/www.youtube.com\/channel\/UCpeS_Yux_0j6qdBZIMlhO-w&#8221; _builder_version=&#8221;4.24.1&#8243; background_color=&#8221;#8ec9db&#8221; background_enable_color=&#8221;on&#8221; global_colors_info=&#8221;{}&#8221; follow_button=&#8221;off&#8221; url_new_window=&#8221;on&#8221;]youtube[\/et_pb_social_media_follow_network][\/et_pb_social_media_follow][\/et_pb_column][\/et_pb_row][\/et_pb_section]<\/p>\n","protected":false},"excerpt":{"rendered":"<p>STUDI CLINICIStudi condotti in ambito clinico e universitarioAutismo, ADHD, DSA, Alzheimer, Parkinson, Post-ICTUS, Post-Cancro, &#8230;Numerose pubblicazioni in neuroscienze e scienze cognitiveI NOSTRI STUDI SCIENTIFICIUNO STUDIO SCIENTIFICO &nbsp; Uno studio scientifico &#8220;Adoption and Use of a Mobile Health Application in Older Adults for Cognitive Stimulation&#8221; &#8211; Studio realizzato da Mobin YASINI e Guillaume MARCHAND &#8211; sull&#8217;adozione [&hellip;]<\/p>\n","protected":false},"author":4,"featured_media":130227,"parent":0,"menu_order":78,"comment_status":"closed","ping_status":"closed","template":"","meta":{"_et_pb_use_builder":"on","_et_pb_old_content":"","_et_gb_content_width":"","footnotes":""},"class_list":["post-63195","page","type-page","status-publish","has-post-thumbnail","hentry"],"yoast_head":"<!-- This site is optimized with the Yoast SEO plugin v27.4 - https:\/\/yoast.com\/product\/yoast-seo-wordpress\/ -->\n<title>Etudes des bienfaits de la stimulation cognitive chez les personnes<\/title>\n<meta name=\"description\" content=\"Etudes de l&#039;impact de la stimulation cognitive gr\u00e2ce \u00e0 un programme d&#039;entra\u00eenement c\u00e9r\u00e9bral sur tablette : m\u00e9moire, bien-\u00eatre, concentration, attention.\" \/>\n<meta name=\"robots\" content=\"index, follow, max-snippet:-1, max-image-preview:large, max-video-preview:-1\" \/>\n<link rel=\"canonical\" href=\"https:\/\/www.dynseo.com\/it\/studi-clinici\/\" \/>\n<meta property=\"og:locale\" content=\"it_IT\" \/>\n<meta property=\"og:type\" content=\"article\" \/>\n<meta property=\"og:title\" content=\"Etudes des bienfaits de la stimulation cognitive chez les personnes\" \/>\n<meta property=\"og:description\" content=\"Etudes de l&#039;impact de la stimulation cognitive gr\u00e2ce \u00e0 un programme d&#039;entra\u00eenement c\u00e9r\u00e9bral sur tablette : m\u00e9moire, bien-\u00eatre, concentration, attention.\" \/>\n<meta property=\"og:url\" content=\"https:\/\/www.dynseo.com\/it\/studi-clinici\/\" \/>\n<meta property=\"og:site_name\" content=\"DYNSEO - App educativa e giochi di memoria\" \/>\n<meta property=\"article:modified_time\" content=\"2026-02-18T16:24:59+00:00\" \/>\n<meta property=\"og:image\" content=\"https:\/\/www.dynseo.com\/wp-content\/uploads\/2024\/07\/Article-pour-jeux-de-memoire-et-services-educatifs-sur-tablette-1.png\" \/>\n\t<meta property=\"og:image:width\" content=\"2000\" \/>\n\t<meta property=\"og:image:height\" content=\"1500\" \/>\n\t<meta property=\"og:image:type\" content=\"image\/png\" \/>\n<meta name=\"twitter:label1\" content=\"Tempo di lettura stimato\" \/>\n\t<meta name=\"twitter:data1\" content=\"101 minuti\" \/>\n<script type=\"application\/ld+json\" class=\"yoast-schema-graph\">{\"@context\":\"https:\\\/\\\/schema.org\",\"@graph\":[{\"@type\":\"WebPage\",\"@id\":\"https:\\\/\\\/www.dynseo.com\\\/it\\\/studi-clinici\\\/\",\"url\":\"https:\\\/\\\/www.dynseo.com\\\/it\\\/studi-clinici\\\/\",\"name\":\"Etudes des bienfaits de la stimulation cognitive chez les personnes\",\"isPartOf\":{\"@id\":\"https:\\\/\\\/www.dynseo.com\\\/it\\\/#website\"},\"primaryImageOfPage\":{\"@id\":\"https:\\\/\\\/www.dynseo.com\\\/it\\\/studi-clinici\\\/#primaryimage\"},\"image\":{\"@id\":\"https:\\\/\\\/www.dynseo.com\\\/it\\\/studi-clinici\\\/#primaryimage\"},\"thumbnailUrl\":\"https:\\\/\\\/www.dynseo.com\\\/wp-content\\\/uploads\\\/2024\\\/07\\\/Article-pour-jeux-de-memoire-et-services-educatifs-sur-tablette-1.png\",\"datePublished\":\"2022-07-27T11:04:25+00:00\",\"dateModified\":\"2026-02-18T16:24:59+00:00\",\"description\":\"Etudes de l'impact de la stimulation cognitive gr\u00e2ce \u00e0 un programme d'entra\u00eenement c\u00e9r\u00e9bral sur tablette : m\u00e9moire, bien-\u00eatre, concentration, attention.\",\"breadcrumb\":{\"@id\":\"https:\\\/\\\/www.dynseo.com\\\/it\\\/studi-clinici\\\/#breadcrumb\"},\"inLanguage\":\"it-IT\",\"potentialAction\":[{\"@type\":\"ReadAction\",\"target\":[\"https:\\\/\\\/www.dynseo.com\\\/it\\\/studi-clinici\\\/\"]}]},{\"@type\":\"ImageObject\",\"inLanguage\":\"it-IT\",\"@id\":\"https:\\\/\\\/www.dynseo.com\\\/it\\\/studi-clinici\\\/#primaryimage\",\"url\":\"https:\\\/\\\/www.dynseo.com\\\/wp-content\\\/uploads\\\/2024\\\/07\\\/Article-pour-jeux-de-memoire-et-services-educatifs-sur-tablette-1.png\",\"contentUrl\":\"https:\\\/\\\/www.dynseo.com\\\/wp-content\\\/uploads\\\/2024\\\/07\\\/Article-pour-jeux-de-memoire-et-services-educatifs-sur-tablette-1.png\",\"width\":2000,\"height\":1500,\"caption\":\"Mantieni la tua agilit\u00e0 mentale con le nostre attivit\u00e0 divertenti e gratificanti\"},{\"@type\":\"BreadcrumbList\",\"@id\":\"https:\\\/\\\/www.dynseo.com\\\/it\\\/studi-clinici\\\/#breadcrumb\",\"itemListElement\":[{\"@type\":\"ListItem\",\"position\":1,\"name\":\"Accueil\",\"item\":\"https:\\\/\\\/www.dynseo.com\\\/it\\\/\"},{\"@type\":\"ListItem\",\"position\":2,\"name\":\"Studi clinici\"}]},{\"@type\":\"WebSite\",\"@id\":\"https:\\\/\\\/www.dynseo.com\\\/it\\\/#website\",\"url\":\"https:\\\/\\\/www.dynseo.com\\\/it\\\/\",\"name\":\"Jeux de m\u00e9moire et stimulation cognitive\",\"description\":\"Con DYNSEO, la tua memoria mette il turbo!\",\"publisher\":{\"@id\":\"https:\\\/\\\/www.dynseo.com\\\/it\\\/#organization\"},\"potentialAction\":[{\"@type\":\"SearchAction\",\"target\":{\"@type\":\"EntryPoint\",\"urlTemplate\":\"https:\\\/\\\/www.dynseo.com\\\/it\\\/?s={search_term_string}\"},\"query-input\":{\"@type\":\"PropertyValueSpecification\",\"valueRequired\":true,\"valueName\":\"search_term_string\"}}],\"inLanguage\":\"it-IT\"},{\"@type\":\"Organization\",\"@id\":\"https:\\\/\\\/www.dynseo.com\\\/it\\\/#organization\",\"name\":\"DYNSEO\",\"url\":\"https:\\\/\\\/www.dynseo.com\\\/it\\\/\",\"logo\":{\"@type\":\"ImageObject\",\"inLanguage\":\"it-IT\",\"@id\":\"https:\\\/\\\/www.dynseo.com\\\/it\\\/#\\\/schema\\\/logo\\\/image\\\/\",\"url\":\"https:\\\/\\\/www.dynseo.com\\\/wp-content\\\/uploads\\\/2022\\\/05\\\/logo-dynseo-new.png\",\"contentUrl\":\"https:\\\/\\\/www.dynseo.com\\\/wp-content\\\/uploads\\\/2022\\\/05\\\/logo-dynseo-new.png\",\"width\":5073,\"height\":1397,\"caption\":\"DYNSEO\"},\"image\":{\"@id\":\"https:\\\/\\\/www.dynseo.com\\\/it\\\/#\\\/schema\\\/logo\\\/image\\\/\"}}]}<\/script>\n<!-- \/ Yoast SEO plugin. -->","yoast_head_json":{"title":"Etudes des bienfaits de la stimulation cognitive chez les personnes","description":"Etudes de l'impact de la stimulation cognitive gr\u00e2ce \u00e0 un programme d'entra\u00eenement c\u00e9r\u00e9bral sur tablette : m\u00e9moire, bien-\u00eatre, concentration, attention.","robots":{"index":"index","follow":"follow","max-snippet":"max-snippet:-1","max-image-preview":"max-image-preview:large","max-video-preview":"max-video-preview:-1"},"canonical":"https:\/\/www.dynseo.com\/it\/studi-clinici\/","og_locale":"it_IT","og_type":"article","og_title":"Etudes des bienfaits de la stimulation cognitive chez les personnes","og_description":"Etudes de l'impact de la stimulation cognitive gr\u00e2ce \u00e0 un programme d'entra\u00eenement c\u00e9r\u00e9bral sur tablette : m\u00e9moire, bien-\u00eatre, concentration, attention.","og_url":"https:\/\/www.dynseo.com\/it\/studi-clinici\/","og_site_name":"DYNSEO - App educativa e giochi di memoria","article_modified_time":"2026-02-18T16:24:59+00:00","og_image":[{"width":2000,"height":1500,"url":"https:\/\/www.dynseo.com\/wp-content\/uploads\/2024\/07\/Article-pour-jeux-de-memoire-et-services-educatifs-sur-tablette-1.png","type":"image\/png"}],"twitter_misc":{"Tempo di lettura stimato":"101 minuti"},"schema":{"@context":"https:\/\/schema.org","@graph":[{"@type":"WebPage","@id":"https:\/\/www.dynseo.com\/it\/studi-clinici\/","url":"https:\/\/www.dynseo.com\/it\/studi-clinici\/","name":"Etudes des bienfaits de la stimulation cognitive chez les personnes","isPartOf":{"@id":"https:\/\/www.dynseo.com\/it\/#website"},"primaryImageOfPage":{"@id":"https:\/\/www.dynseo.com\/it\/studi-clinici\/#primaryimage"},"image":{"@id":"https:\/\/www.dynseo.com\/it\/studi-clinici\/#primaryimage"},"thumbnailUrl":"https:\/\/www.dynseo.com\/wp-content\/uploads\/2024\/07\/Article-pour-jeux-de-memoire-et-services-educatifs-sur-tablette-1.png","datePublished":"2022-07-27T11:04:25+00:00","dateModified":"2026-02-18T16:24:59+00:00","description":"Etudes de l'impact de la stimulation cognitive gr\u00e2ce \u00e0 un programme d'entra\u00eenement c\u00e9r\u00e9bral sur tablette : m\u00e9moire, bien-\u00eatre, concentration, attention.","breadcrumb":{"@id":"https:\/\/www.dynseo.com\/it\/studi-clinici\/#breadcrumb"},"inLanguage":"it-IT","potentialAction":[{"@type":"ReadAction","target":["https:\/\/www.dynseo.com\/it\/studi-clinici\/"]}]},{"@type":"ImageObject","inLanguage":"it-IT","@id":"https:\/\/www.dynseo.com\/it\/studi-clinici\/#primaryimage","url":"https:\/\/www.dynseo.com\/wp-content\/uploads\/2024\/07\/Article-pour-jeux-de-memoire-et-services-educatifs-sur-tablette-1.png","contentUrl":"https:\/\/www.dynseo.com\/wp-content\/uploads\/2024\/07\/Article-pour-jeux-de-memoire-et-services-educatifs-sur-tablette-1.png","width":2000,"height":1500,"caption":"Mantieni la tua agilit\u00e0 mentale con le nostre attivit\u00e0 divertenti e gratificanti"},{"@type":"BreadcrumbList","@id":"https:\/\/www.dynseo.com\/it\/studi-clinici\/#breadcrumb","itemListElement":[{"@type":"ListItem","position":1,"name":"Accueil","item":"https:\/\/www.dynseo.com\/it\/"},{"@type":"ListItem","position":2,"name":"Studi clinici"}]},{"@type":"WebSite","@id":"https:\/\/www.dynseo.com\/it\/#website","url":"https:\/\/www.dynseo.com\/it\/","name":"Jeux de m\u00e9moire et stimulation cognitive","description":"Con DYNSEO, la tua memoria mette il turbo!","publisher":{"@id":"https:\/\/www.dynseo.com\/it\/#organization"},"potentialAction":[{"@type":"SearchAction","target":{"@type":"EntryPoint","urlTemplate":"https:\/\/www.dynseo.com\/it\/?s={search_term_string}"},"query-input":{"@type":"PropertyValueSpecification","valueRequired":true,"valueName":"search_term_string"}}],"inLanguage":"it-IT"},{"@type":"Organization","@id":"https:\/\/www.dynseo.com\/it\/#organization","name":"DYNSEO","url":"https:\/\/www.dynseo.com\/it\/","logo":{"@type":"ImageObject","inLanguage":"it-IT","@id":"https:\/\/www.dynseo.com\/it\/#\/schema\/logo\/image\/","url":"https:\/\/www.dynseo.com\/wp-content\/uploads\/2022\/05\/logo-dynseo-new.png","contentUrl":"https:\/\/www.dynseo.com\/wp-content\/uploads\/2022\/05\/logo-dynseo-new.png","width":5073,"height":1397,"caption":"DYNSEO"},"image":{"@id":"https:\/\/www.dynseo.com\/it\/#\/schema\/logo\/image\/"}}]}},"_links":{"self":[{"href":"https:\/\/www.dynseo.com\/it\/wp-json\/wp\/v2\/pages\/63195","targetHints":{"allow":["GET"]}}],"collection":[{"href":"https:\/\/www.dynseo.com\/it\/wp-json\/wp\/v2\/pages"}],"about":[{"href":"https:\/\/www.dynseo.com\/it\/wp-json\/wp\/v2\/types\/page"}],"author":[{"embeddable":true,"href":"https:\/\/www.dynseo.com\/it\/wp-json\/wp\/v2\/users\/4"}],"replies":[{"embeddable":true,"href":"https:\/\/www.dynseo.com\/it\/wp-json\/wp\/v2\/comments?post=63195"}],"version-history":[{"count":14,"href":"https:\/\/www.dynseo.com\/it\/wp-json\/wp\/v2\/pages\/63195\/revisions"}],"predecessor-version":[{"id":500974,"href":"https:\/\/www.dynseo.com\/it\/wp-json\/wp\/v2\/pages\/63195\/revisions\/500974"}],"wp:featuredmedia":[{"embeddable":true,"href":"https:\/\/www.dynseo.com\/it\/wp-json\/wp\/v2\/media\/130227"}],"wp:attachment":[{"href":"https:\/\/www.dynseo.com\/it\/wp-json\/wp\/v2\/media?parent=63195"}],"curies":[{"name":"wp","href":"https:\/\/api.w.org\/{rel}","templated":true}]}}